{"id":368,"date":"2015-01-27T11:55:16","date_gmt":"2015-01-27T10:55:16","guid":{"rendered":"http:\/\/avada.theme-fusion.com_demos\/travel\/?page_id=16"},"modified":"2020-02-12T10:28:59","modified_gmt":"2020-02-12T09:28:59","slug":"nieuws","status":"publish","type":"page","link":"https:\/\/kvns.be\/nieuws\/","title":{"rendered":"Nieuws"},"content":{"rendered":"<div class=\"fusion-fullwidth fullwidth-box fusion-builder-row-1 fusion-flex-container nonhundred-percent-fullwidth non-hundred-percent-height-scrolling\" style=\"--awb-background-position:left top;--awb-border-radius-top-left:0px;--awb-border-radius-top-right:0px;--awb-border-radius-bottom-right:0px;--awb-border-radius-bottom-left:0px;--awb-background-color:rgba(255,255,255,0);--awb-border-sizes-top:0px;--awb-border-sizes-bottom:0px;--awb-flex-wrap:wrap;\" ><div class=\"fusion-builder-row fusion-row fusion-flex-align-items-stretch fusion-flex-content-wrap\" style=\"max-width:calc( 1170px + 0px );margin-left: calc(-0px \/ 2 );margin-right: calc(-0px \/ 2 );\"><div class=\"fusion-layout-column fusion_builder_column fusion-builder-column-0 fusion_builder_column_1_1 1_1 fusion-flex-column\" style=\"--awb-bg-color:#ffffff;--awb-bg-color-hover:#ffffff;--awb-bg-size:cover;--awb-width-large:100%;--awb-margin-top-large:0px;--awb-spacing-right-large:0px;--awb-margin-bottom-large:20px;--awb-spacing-left-large:0px;--awb-width-medium:100%;--awb-spacing-right-medium:0px;--awb-spacing-left-medium:0px;--awb-width-small:100%;--awb-spacing-right-small:0px;--awb-spacing-left-small:0px;\"><div class=\"fusion-column-wrapper fusion-column-has-shadow fusion-flex-justify-content-flex-start fusion-content-layout-column\"><div class=\"fusion-title title fusion-title-1 sep-underline sep-solid fusion-title-text fusion-title-size-one\" style=\"--awb-margin-top-small:0px;--awb-margin-right-small:0px;--awb-margin-bottom-small:20px;--awb-margin-left-small:0px;\"><h1 class=\"fusion-title-heading title-heading-left fusion-responsive-typography-calculated\" style=\"margin:0;--fontSize:30;line-height:1;\">NIEUWS<\/h1><\/div><div class=\"fusion-blog-shortcode fusion-blog-shortcode-1 fusion-blog-archive fusion-blog-layout-medium-alternate fusion-blog-no fusion-blog-no-images\"><div class=\"fusion-posts-container fusion-posts-container-no\" data-pages=\"0\"><article id=\"blog-1-post-2360\" class=\"fusion-post-medium-alternate post-2360 post type-post status-publish format-standard has-post-thumbnail hentry category-vvveren-evenementen category-vvveren-nieuws\">\n<div class=\"fusion-date-and-formats\"><div class=\"fusion-date-box updated\"><span class=\"fusion-date\">2<\/span><span class=\"fusion-month-year\">03, 2026<\/span><\/div><div class=\"fusion-format-box\"><i class=\"awb-icon-pen\" aria-hidden=\"true\"><\/i><\/div><\/div><div class=\"fusion-post-content post-content\"><h2 class=\"blog-shortcode-post-title entry-title\">Vooraankondiging: zaterdag 12 september, Diksmuide<\/h2><p class=\"fusion-single-line-meta\"><span class=\"vcard\" style=\"display: none;\"><span class=\"fn\"><a href=\"https:\/\/kvns.be\/author\/walter\/\" title=\"Berichten van Walter Resseler\" rel=\"author\">Walter Resseler<\/a><\/span><\/span><span class=\"updated\" style=\"display:none;\">2026-03-02T19:32:38+01:00<\/span><span>2 maart 2026<\/span><span class=\"fusion-inline-sep\">|<\/span><\/p><div class=\"fusion-post-content-container\"><p> Op initiatief van Vrienden van de Vlaamse Veren (VVV) en in samenwerking met de Reizigersbond: bezoek aan de Dodengang en overvaart met pontjes. We houden je via Verennieuws verder op de hoogte. Als je nu al interesse hebt voor<a href=\"https:\/\/kvns.be\/vooraankondiging-zaterdag-12-september-diksmuide\/\">(Lees meer)<\/a><\/p><\/div><\/div><div class=\"fusion-clearfix\"><\/div><\/article>\n<article id=\"blog-1-post-2354\" class=\"fusion-post-medium-alternate post-2354 post type-post status-publish format-standard has-post-thumbnail hentry category-vvveren-evenementen category-vvveren-nieuws\">\n<div class=\"fusion-date-and-formats\"><div class=\"fusion-date-box updated\"><span class=\"fusion-date\">2<\/span><span class=\"fusion-month-year\">03, 2026<\/span><\/div><div class=\"fusion-format-box\"><i class=\"awb-icon-pen\" aria-hidden=\"true\"><\/i><\/div><\/div><div class=\"fusion-post-content post-content\"><h2 class=\"blog-shortcode-post-title entry-title\">Uitstap naar Vreeswijk (NL) op 11 4 2026<\/h2><p class=\"fusion-single-line-meta\"><span class=\"vcard\" style=\"display: none;\"><span class=\"fn\"><a href=\"https:\/\/kvns.be\/author\/walter\/\" title=\"Berichten van Walter Resseler\" rel=\"author\">Walter Resseler<\/a><\/span><\/span><span class=\"updated\" style=\"display:none;\">2026-03-02T19:26:26+01:00<\/span><span>2 maart 2026<\/span><span class=\"fusion-inline-sep\">|<\/span><\/p><div class=\"fusion-post-content-container\"><p> Zaterdag 11 april 2026: museumwerf Utrecht Nieuwegein Programma Op initiatief van Vrienden van de Vlaamse Veren (VVV) en in samenwerking met de Reizigersbond bezoeken wij de vaste collectie en de tijdelijke tentoonstelling (Naar de overkant) in de Museumwerf Vreeswijk<a href=\"https:\/\/kvns.be\/uitstap-naar-vreeswijk-nl-op-11-4-2026\/\">(Lees meer)<\/a><\/p><\/div><\/div><div class=\"fusion-clearfix\"><\/div><\/article>\n<article id=\"blog-1-post-2232\" class=\"fusion-post-medium-alternate post-2232 post type-post status-publish format-standard hentry category-vvveren-nieuws\">\n<div class=\"fusion-date-and-formats\"><div class=\"fusion-date-box updated\"><span class=\"fusion-date\">12<\/span><span class=\"fusion-month-year\">01, 2026<\/span><\/div><div class=\"fusion-format-box\"><i class=\"awb-icon-pen\" aria-hidden=\"true\"><\/i><\/div><\/div><div class=\"fusion-post-content post-content\"><h2 class=\"blog-shortcode-post-title entry-title\">Karel Cop \u20131939 \u20132025<\/h2><p class=\"fusion-single-line-meta\"><span class=\"vcard\" style=\"display: none;\"><span class=\"fn\"><a href=\"https:\/\/kvns.be\/author\/walter\/\" title=\"Berichten van Walter Resseler\" rel=\"author\">Walter Resseler<\/a><\/span><\/span><span class=\"updated\" style=\"display:none;\">2026-01-12T17:36:31+01:00<\/span><span>12 januari 2026<\/span><span class=\"fusion-inline-sep\">|<\/span><\/p><div class=\"fusion-post-content-container\"><p> In de voorbije kerstperiode is Karel Cop van ons heengegaan. Karel had een bijzondere betekenis voor Vrienden van de Vlaamse Veren. Want onze werkgroep van KVNS is onder zijn impuls opgestart. Karel was er dan ook bij toen we<a href=\"https:\/\/kvns.be\/karel-cop-1939-2025\/\">(Lees meer)<\/a><\/p><\/div><\/div><div class=\"fusion-clearfix\"><\/div><\/article>\n<article id=\"blog-1-post-2182\" class=\"fusion-post-medium-alternate post-2182 post type-post status-publish format-standard has-post-thumbnail hentry category-vvveren-evenementen category-vvveren-nieuws\">\n<div class=\"fusion-date-and-formats\"><div class=\"fusion-date-box updated\"><span class=\"fusion-date\">29<\/span><span class=\"fusion-month-year\">05, 2025<\/span><\/div><div class=\"fusion-format-box\"><i class=\"awb-icon-pen\" aria-hidden=\"true\"><\/i><\/div><\/div><div class=\"fusion-post-content post-content\"><h2 class=\"blog-shortcode-post-title entry-title\">Navette Fluviale te Luik op de Maas \u2013 uitstap VVVeren op 5 juli<\/h2><p class=\"fusion-single-line-meta\"><span class=\"vcard\" style=\"display: none;\"><span class=\"fn\"><a href=\"https:\/\/kvns.be\/author\/walter\/\" title=\"Berichten van Walter Resseler\" rel=\"author\">Walter Resseler<\/a><\/span><\/span><span class=\"updated\" style=\"display:none;\">2025-05-29T10:18:23+02:00<\/span><span>29 mei 2025<\/span><span class=\"fusion-inline-sep\">|<\/span><\/p><div class=\"fusion-post-content-container\"><p> Sinds 2023 vaart er een pendelboot met 5 stopplaatsen op de Maas in Luik. Hoog tijd om deze op te nemen op de Benelux-verenkaart. Onze Nederlandse collega's die de kaart technisch beheren maken er werk van. We plannen samen<a href=\"https:\/\/kvns.be\/navette-fluviale-te-luik-op-de-maas-uitstap-vvveren-op-5-juli\/\">(Lees meer)<\/a><\/p><\/div><\/div><div class=\"fusion-clearfix\"><\/div><\/article>\n<article id=\"blog-1-post-2171\" class=\"fusion-post-medium-alternate post-2171 post type-post status-publish format-standard has-post-thumbnail hentry category-vvveren-evenementen category-vvveren-nieuws\">\n<div class=\"fusion-date-and-formats\"><div class=\"fusion-date-box updated\"><span class=\"fusion-date\">13<\/span><span class=\"fusion-month-year\">04, 2025<\/span><\/div><div class=\"fusion-format-box\"><i class=\"awb-icon-pen\" aria-hidden=\"true\"><\/i><\/div><\/div><div class=\"fusion-post-content post-content\"><h2 class=\"blog-shortcode-post-title entry-title\">Jubileumfeest 25 jaar VVVeren op zaterdag 27 september 2025 aan boord van het Kerkschip Sint Jozef te Antwerpen<\/h2><p class=\"fusion-single-line-meta\"><span class=\"vcard\" style=\"display: none;\"><span class=\"fn\"><a href=\"https:\/\/kvns.be\/author\/walter\/\" title=\"Berichten van Walter Resseler\" rel=\"author\">Walter Resseler<\/a><\/span><\/span><span class=\"updated\" style=\"display:none;\">2025-04-19T21:20:45+02:00<\/span><span>13 april 2025<\/span><span class=\"fusion-inline-sep\">|<\/span><\/p><div class=\"fusion-post-content-container\"><p> Vrienden van de Vlaamse Veren Werkgroep van de Koninklijke Vereniging voor Natuur- en Stedenschoon vzw Jubileumfeest 25 jaar VVVeren op zaterdag 27 september 2025 aan boord van het Kerkschip Sint Jozef te Antwerpen Inschrijven kan vanaf nu! Verloop van<a href=\"https:\/\/kvns.be\/jubileumfeest-25-jaar-vvveren-op-zaterdag-27-september-2025-aan-boord-van-het-kerkschip-sint-jozef-te-antwerpen\/\">(Lees meer)<\/a><\/p><\/div><\/div><div class=\"fusion-clearfix\"><\/div><\/article>\n<article id=\"blog-1-post-2161\" class=\"fusion-post-medium-alternate post-2161 post type-post status-publish format-standard hentry category-vvveren-nieuws\">\n<div class=\"fusion-date-and-formats\"><div class=\"fusion-date-box updated\"><span class=\"fusion-date\">23<\/span><span class=\"fusion-month-year\">09, 2024<\/span><\/div><div class=\"fusion-format-box\"><i class=\"awb-icon-pen\" aria-hidden=\"true\"><\/i><\/div><\/div><div class=\"fusion-post-content post-content\"><h2 class=\"blog-shortcode-post-title entry-title\">Veer Schellebelle vaart terug 7\/7 vanaf maandag 23 9 2024<\/h2><p class=\"fusion-single-line-meta\"><span class=\"vcard\" style=\"display: none;\"><span class=\"fn\"><a href=\"https:\/\/kvns.be\/author\/walter\/\" title=\"Berichten van Walter Resseler\" rel=\"author\">Walter Resseler<\/a><\/span><\/span><span class=\"updated\" style=\"display:none;\">2024-10-01T19:34:36+02:00<\/span><span>23 september 2024<\/span><span class=\"fusion-inline-sep\">|<\/span><\/p><div class=\"fusion-post-content-container\"><p>  De 'Roger Raveel' die sinds 2011 thuis was in Oostende vaart vanaf 13 juli 2024 heen en weer te\u00a0Schellebelle.     Voortaan vaart het veer te Schellebelle over de Schelde terug alle dagen. 7\/7 dus. Het<a href=\"https:\/\/kvns.be\/het-veer-van-schellebelle-is-vanaf-zaterdag-13-juli-terug-in-de-vaart\/\">(Lees meer)<\/a><\/p><\/div><\/div><div class=\"fusion-clearfix\"><\/div><\/article>\n<article id=\"blog-1-post-2150\" class=\"fusion-post-medium-alternate post-2150 post type-post status-publish format-standard hentry category-vvveren-nieuws\">\n<div class=\"fusion-date-and-formats\"><div class=\"fusion-date-box updated\"><span class=\"fusion-date\">5<\/span><span class=\"fusion-month-year\">06, 2024<\/span><\/div><div class=\"fusion-format-box\"><i class=\"awb-icon-pen\" aria-hidden=\"true\"><\/i><\/div><\/div><div class=\"fusion-post-content post-content\"><h2 class=\"blog-shortcode-post-title entry-title\">Doopplechtigheid Vaar-Wel Raveel te Nieuwpoort op 4 juni 2024<\/h2><p class=\"fusion-single-line-meta\"><span class=\"vcard\" style=\"display: none;\"><span class=\"fn\"><a href=\"https:\/\/kvns.be\/author\/walter\/\" title=\"Berichten van Walter Resseler\" rel=\"author\">Walter Resseler<\/a><\/span><\/span><span class=\"updated\" style=\"display:none;\">2024-06-10T14:03:19+02:00<\/span><span>5 juni 2024<\/span><span class=\"fusion-inline-sep\">|<\/span><\/p><div class=\"fusion-post-content-container\"><p>    De elektrische veerboot Vaar-Wel Raveel was reeds sinds november 2023 in de vaart op de IJzer bij Nieuwpoort. Op dinsdag 4 juni 2024 hij werd met een doopplechtigheid feestelijk in gebruik genomen. Een vertegenwoordiger van Vrienden<a href=\"https:\/\/kvns.be\/doopplechtigheid-vaar-wel-raveel-te-nieuwpoort-op-4-juni-2024\/\">(Lees meer)<\/a><\/p><\/div><\/div><div class=\"fusion-clearfix\"><\/div><\/article>\n<article id=\"blog-1-post-2129\" class=\"fusion-post-medium-alternate post-2129 post type-post status-publish format-standard hentry category-vvveren-nieuws\">\n<div class=\"fusion-date-and-formats\"><div class=\"fusion-date-box updated\"><span class=\"fusion-date\">26<\/span><span class=\"fusion-month-year\">10, 2023<\/span><\/div><div class=\"fusion-format-box\"><i class=\"awb-icon-pen\" aria-hidden=\"true\"><\/i><\/div><\/div><div class=\"fusion-post-content post-content\"><h2 class=\"blog-shortcode-post-title entry-title\">Elektrische veerboot &#8216;Op Stroom&#8217; gedoopt<\/h2><p class=\"fusion-single-line-meta\"><span class=\"vcard\" style=\"display: none;\"><span class=\"fn\"><a href=\"https:\/\/kvns.be\/author\/walter\/\" title=\"Berichten van Walter Resseler\" rel=\"author\">Walter Resseler<\/a><\/span><\/span><span class=\"updated\" style=\"display:none;\">2023-10-26T14:09:10+02:00<\/span><span>26 oktober 2023<\/span><span class=\"fusion-inline-sep\">|<\/span><\/p><div class=\"fusion-post-content-container\"><p> De eerste elektrische veerboot op de Schelde in Antwerpen is nu ook officieel gedoopt. Op 25 oktober organiseerde VLOOT, onderdeel van het agentschap Maritieme Dienstverlening en Kust (MDK), een traditionele ceremonie om het schip behouden vaart te wensen. Vlak<a href=\"https:\/\/kvns.be\/elektrische-veerboot-op-stroom-gedoopt\/\">(Lees meer)<\/a><\/p><\/div><\/div><div class=\"fusion-clearfix\"><\/div><\/article>\n<article id=\"blog-1-post-2122\" class=\"fusion-post-medium-alternate post-2122 post type-post status-publish format-standard hentry category-geen-categorie category-vvveren-nieuws\">\n<div class=\"fusion-date-and-formats\"><div class=\"fusion-date-box updated\"><span class=\"fusion-date\">20<\/span><span class=\"fusion-month-year\">10, 2023<\/span><\/div><div class=\"fusion-format-box\"><i class=\"awb-icon-pen\" aria-hidden=\"true\"><\/i><\/div><\/div><div class=\"fusion-post-content post-content\"><h2 class=\"blog-shortcode-post-title entry-title\">Vrienden van de Veerponten hielden hun Algemene Ledenvergadering in Dordrecht<\/h2><p class=\"fusion-single-line-meta\"><span class=\"vcard\" style=\"display: none;\"><span class=\"fn\"><a href=\"https:\/\/kvns.be\/author\/walter\/\" title=\"Berichten van Walter Resseler\" rel=\"author\">Walter Resseler<\/a><\/span><\/span><span class=\"updated\" style=\"display:none;\">2023-10-21T09:15:32+02:00<\/span><span>20 oktober 2023<\/span><span class=\"fusion-inline-sep\">|<\/span><\/p><div class=\"fusion-post-content-container\"><p> Onze Nederlandse collega's Vrienden van de Veerponten hielden hun Algemene Ledenvergadering op 14 oktober te Dordrecht aan boord van het binnenschip 'Marot' op de museumwerf 'De Biesbosch' van de stichting 'Binnenvaart'. Een afgevaardigde van Vrienden van de Vlaamse Veren<a href=\"https:\/\/kvns.be\/vrienden-van-de-veerponten-hielden-hun-algemene-ledenvergadering-in-dordrecht\/\">(Lees meer)<\/a><\/p><\/div><\/div><div class=\"fusion-clearfix\"><\/div><\/article>\n<article id=\"blog-1-post-2114\" class=\"fusion-post-medium-alternate post-2114 post type-post status-publish format-standard hentry category-vvveren-nieuws\">\n<div class=\"fusion-date-and-formats\"><div class=\"fusion-date-box updated\"><span class=\"fusion-date\">13<\/span><span class=\"fusion-month-year\">07, 2023<\/span><\/div><div class=\"fusion-format-box\"><i class=\"awb-icon-pen\" aria-hidden=\"true\"><\/i><\/div><\/div><div class=\"fusion-post-content post-content\"><h2 class=\"blog-shortcode-post-title entry-title\">Nieuwe veerboot voor Nieuwpoort in aanbouw<\/h2><p class=\"fusion-single-line-meta\"><span class=\"vcard\" style=\"display: none;\"><span class=\"fn\"><a href=\"https:\/\/kvns.be\/author\/walter\/\" title=\"Berichten van Walter Resseler\" rel=\"author\">Walter Resseler<\/a><\/span><\/span><span class=\"updated\" style=\"display:none;\">2023-07-13T15:11:53+02:00<\/span><span>13 juli 2023<\/span><span class=\"fusion-inline-sep\">|<\/span><\/p><div class=\"fusion-post-content-container\"><p> In Estland is er een nieuwe elektrische veerboot in aanbouw die zal gaan varen in Nieuwpoort. Wellicht wordt hij daar dit najaar reeds ingezet. Hij krijgt als naam 'Vaar-Wel Raveel'.    <\/p><\/div><\/div><div class=\"fusion-clearfix\"><\/div><\/article>\n<article id=\"blog-1-post-2112\" class=\"fusion-post-medium-alternate post-2112 post type-post status-publish format-standard hentry category-geen-categorie category-vvveren-nieuws\">\n<div class=\"fusion-date-and-formats\"><div class=\"fusion-date-box updated\"><span class=\"fusion-date\">13<\/span><span class=\"fusion-month-year\">07, 2023<\/span><\/div><div class=\"fusion-format-box\"><i class=\"awb-icon-pen\" aria-hidden=\"true\"><\/i><\/div><\/div><div class=\"fusion-post-content post-content\"><h2 class=\"blog-shortcode-post-title entry-title\">Veerdienst Hansweert-Perkpolder vaart niet in 2023<\/h2><p class=\"fusion-single-line-meta\"><span class=\"vcard\" style=\"display: none;\"><span class=\"fn\"><a href=\"https:\/\/kvns.be\/author\/walter\/\" title=\"Berichten van Walter Resseler\" rel=\"author\">Walter Resseler<\/a><\/span><\/span><span class=\"updated\" style=\"display:none;\">2023-07-13T15:12:08+02:00<\/span><span>13 juli 2023<\/span><span class=\"fusion-inline-sep\">|<\/span><\/p><div class=\"fusion-post-content-container\"><p> Hou bij het plannen van een fietstocht naar Zeeland rekening met het feit dat de veerdienst Hansweert-Perkpolder over de Westerschelde dit jaar niet vaart. De steiger te Hansweert is momenteel niet bereikbaar.    <\/p><\/div><\/div><div class=\"fusion-clearfix\"><\/div><\/article>\n<article id=\"blog-1-post-2108\" class=\"fusion-post-medium-alternate post-2108 post type-post status-publish format-standard hentry category-vvveren-nieuws\">\n<div class=\"fusion-date-and-formats\"><div class=\"fusion-date-box updated\"><span class=\"fusion-date\">7<\/span><span class=\"fusion-month-year\">07, 2023<\/span><\/div><div class=\"fusion-format-box\"><i class=\"awb-icon-pen\" aria-hidden=\"true\"><\/i><\/div><\/div><div class=\"fusion-post-content post-content\"><h2 class=\"blog-shortcode-post-title entry-title\">Tijdelijk veer te Humbeek<\/h2><p class=\"fusion-single-line-meta\"><span class=\"vcard\" style=\"display: none;\"><span class=\"fn\"><a href=\"https:\/\/kvns.be\/author\/walter\/\" title=\"Berichten van Walter Resseler\" rel=\"author\">Walter Resseler<\/a><\/span><\/span><span class=\"updated\" style=\"display:none;\">2023-07-13T15:09:59+02:00<\/span><span>7 juli 2023<\/span><span class=\"fusion-inline-sep\">|<\/span><\/p><div class=\"fusion-post-content-container\"><p> Op vrijdag 7 juli 2023 voer er voor het eerst terug een tijdelijke veerpont in Grimbergen ter hoogte van Humbeek sas. De brug over het zeekanaal Willebroek \u2013 Brussel werd er een week eerder aangevaren door een schip en<a href=\"https:\/\/kvns.be\/tijdelijk-veer-te-humbeek\/\">(Lees meer)<\/a><\/p><\/div><\/div><div class=\"fusion-clearfix\"><\/div><\/article>\n<article id=\"blog-1-post-2098\" class=\"fusion-post-medium-alternate post-2098 post type-post status-publish format-standard hentry category-geen-categorie category-vvveren-nieuws\">\n<div class=\"fusion-date-and-formats\"><div class=\"fusion-date-box updated\"><span class=\"fusion-date\">31<\/span><span class=\"fusion-month-year\">03, 2023<\/span><\/div><div class=\"fusion-format-box\"><i class=\"awb-icon-pen\" aria-hidden=\"true\"><\/i><\/div><\/div><div class=\"fusion-post-content post-content\"><h2 class=\"blog-shortcode-post-title entry-title\">Zelfbedieningsveer in Frans Vlaanderen<\/h2><p class=\"fusion-single-line-meta\"><span class=\"vcard\" style=\"display: none;\"><span class=\"fn\"><a href=\"https:\/\/kvns.be\/author\/walter\/\" title=\"Berichten van Walter Resseler\" rel=\"author\">Walter Resseler<\/a><\/span><\/span><span class=\"updated\" style=\"display:none;\">2023-03-31T15:39:54+02:00<\/span><span>31 maart 2023<\/span><span class=\"fusion-inline-sep\">|<\/span><\/p><div class=\"fusion-post-content-container\"><p> Via een Facebookvriend ontdekten we dat er een zelfbedieningsveertje is in het natuurdomein Clairmarais nabij Saint-Omer. Het eerste in zijn soort in Frankrijk dat ons bekend is. Zonder ambitie te hebben om Frans grondgebied te annexeren verheugen we ons<a href=\"https:\/\/kvns.be\/zelfbedieningsveer-in-frans-vlaanderen\/\">(Lees meer)<\/a><\/p><\/div><\/div><div class=\"fusion-clearfix\"><\/div><\/article>\n<article id=\"blog-1-post-2096\" class=\"fusion-post-medium-alternate post-2096 post type-post status-publish format-standard hentry category-vvveren-nieuws\">\n<div class=\"fusion-date-and-formats\"><div class=\"fusion-date-box updated\"><span class=\"fusion-date\">30<\/span><span class=\"fusion-month-year\">03, 2023<\/span><\/div><div class=\"fusion-format-box\"><i class=\"awb-icon-pen\" aria-hidden=\"true\"><\/i><\/div><\/div><div class=\"fusion-post-content post-content\"><h2 class=\"blog-shortcode-post-title entry-title\">Update betreffende Sint Annaveer te Antwerpen \u2013 terugval op halfuurdienst<\/h2><p class=\"fusion-single-line-meta\"><span class=\"vcard\" style=\"display: none;\"><span class=\"fn\"><a href=\"https:\/\/kvns.be\/author\/walter\/\" title=\"Berichten van Walter Resseler\" rel=\"author\">Walter Resseler<\/a><\/span><\/span><span class=\"updated\" style=\"display:none;\">2023-03-30T15:52:44+02:00<\/span><span>30 maart 2023<\/span><span class=\"fusion-inline-sep\">|<\/span><\/p><div class=\"fusion-post-content-container\"><p> Het ziet er naar uit dat het Sint Annaveer over de Schelde te Antwerpen vanaf 1 april zal terugvallen op een halfuurdienst in plaats van een afvaart elk kwartier zoals we sinds 2 april 2022 gewend waren. En dat<a href=\"https:\/\/kvns.be\/update-betreffende-sint-annaveer-te-antwerpen-terugval-op-halfuurdienst\/\">(Lees meer)<\/a><\/p><\/div><\/div><div class=\"fusion-clearfix\"><\/div><\/article>\n<article id=\"blog-1-post-2090\" class=\"fusion-post-medium-alternate post-2090 post type-post status-publish format-standard hentry category-geen-categorie category-vvveren-nieuws\">\n<div class=\"fusion-date-and-formats\"><div class=\"fusion-date-box updated\"><span class=\"fusion-date\">30<\/span><span class=\"fusion-month-year\">03, 2023<\/span><\/div><div class=\"fusion-format-box\"><i class=\"awb-icon-pen\" aria-hidden=\"true\"><\/i><\/div><\/div><div class=\"fusion-post-content post-content\"><h2 class=\"blog-shortcode-post-title entry-title\">Voortaan mag je gratis mee met de Limburgse veren maar in de zomer moet je wel vroeger naar huis<\/h2><p class=\"fusion-single-line-meta\"><span class=\"vcard\" style=\"display: none;\"><span class=\"fn\"><a href=\"https:\/\/kvns.be\/author\/walter\/\" title=\"Berichten van Walter Resseler\" rel=\"author\">Walter Resseler<\/a><\/span><\/span><span class=\"updated\" style=\"display:none;\">2023-03-30T15:50:59+02:00<\/span><span>30 maart 2023<\/span><span class=\"fusion-inline-sep\">|<\/span><\/p><div class=\"fusion-post-content-container\"><p> Belgisch en Nederlands Limburg grenzen aan de Gemeenschappelijke Maas. Er zijn drie veren voor fietsers en voetgangers die deze oversteken. Namelijk tussen Oh\u00e9 en Laak (NL) \u2013 Ophoven (B), Grevenbicht (NL) \u2013 Rotem (B) en Geulle (NL) - Uikhoven<a href=\"https:\/\/kvns.be\/voortaan-mag-je-gratis-mee-met-de-limburgse-veren-maar-in-de-zomer-moet-je-wel-vroeger-naar-huis\/\">(Lees meer)<\/a><\/p><\/div><\/div><div class=\"fusion-clearfix\"><\/div><\/article>\n<article id=\"blog-1-post-2078\" class=\"fusion-post-medium-alternate post-2078 post type-post status-publish format-standard hentry category-geen-categorie category-vvveren-nieuws\">\n<div class=\"fusion-date-and-formats\"><div class=\"fusion-date-box updated\"><span class=\"fusion-date\">2<\/span><span class=\"fusion-month-year\">03, 2023<\/span><\/div><div class=\"fusion-format-box\"><i class=\"awb-icon-pen\" aria-hidden=\"true\"><\/i><\/div><\/div><div class=\"fusion-post-content post-content\"><h2 class=\"blog-shortcode-post-title entry-title\">Petitie voor het behoud van een frequent varend Sint Annaveer te Antwerpen<\/h2><p class=\"fusion-single-line-meta\"><span class=\"vcard\" style=\"display: none;\"><span class=\"fn\"><a href=\"https:\/\/kvns.be\/author\/walter\/\" title=\"Berichten van Walter Resseler\" rel=\"author\">Walter Resseler<\/a><\/span><\/span><span class=\"updated\" style=\"display:none;\">2023-03-04T09:42:45+01:00<\/span><span>2 maart 2023<\/span><span class=\"fusion-inline-sep\">|<\/span><\/p><div class=\"fusion-post-content-container\"><p> Het lijkt een slechte aprilgrap. Met ingang van 1 april wil minister Lydia Peeters de kwartierdienst op het Sint Annaveer terugschroeven naar een halfuurdienst. Sinds 2 april 2022 vaarden er twee veerschepen over de Schelde tussen het Steenplein en<a href=\"https:\/\/kvns.be\/petitie-voor-het-behoud-van-een-frequent-varend-sint-annaveer-te-antwerpen\/\">(Lees meer)<\/a><\/p><\/div><\/div><div class=\"fusion-clearfix\"><\/div><\/article>\n<article id=\"blog-1-post-2082\" class=\"fusion-post-medium-alternate post-2082 post type-post status-publish format-standard hentry category-vvveren-nieuws\">\n<div class=\"fusion-date-and-formats\"><div class=\"fusion-date-box updated\"><span class=\"fusion-date\">18<\/span><span class=\"fusion-month-year\">02, 2023<\/span><\/div><div class=\"fusion-format-box\"><i class=\"awb-icon-pen\" aria-hidden=\"true\"><\/i><\/div><\/div><div class=\"fusion-post-content post-content\"><h2 class=\"blog-shortcode-post-title entry-title\">Droevig nieuws: R.I.P. Erik Nobels &#8211; 19 1 1954 \u2013 18 2 2023<\/h2><p class=\"fusion-single-line-meta\"><span class=\"vcard\" style=\"display: none;\"><span class=\"fn\"><a href=\"https:\/\/kvns.be\/author\/walter\/\" title=\"Berichten van Walter Resseler\" rel=\"author\">Walter Resseler<\/a><\/span><\/span><span class=\"updated\" style=\"display:none;\">2023-03-04T09:45:05+01:00<\/span><span>18 februari 2023<\/span><span class=\"fusion-inline-sep\">|<\/span><\/p><div class=\"fusion-post-content-container\"><p> We namen afscheid van Erik Nobels die plots en veel te jong van ons heenging. Erik was een veelzijdige en gedreven gids. Hij realiseerde duizenden gidsbeurten in zijn leven. Steeds met een verrassende inhoud en tal van aanknopingspunten tussen<a href=\"https:\/\/kvns.be\/droevig-nieuws-r-i-p-erik-nobels-19-1-1954-18-2-2023\/\">(Lees meer)<\/a><\/p><\/div><\/div><div class=\"fusion-clearfix\"><\/div><\/article>\n<article id=\"blog-1-post-2075\" class=\"fusion-post-medium-alternate post-2075 post type-post status-publish format-standard hentry category-vvveren-nieuws\">\n<div class=\"fusion-date-and-formats\"><div class=\"fusion-date-box updated\"><span class=\"fusion-date\">13<\/span><span class=\"fusion-month-year\">02, 2023<\/span><\/div><div class=\"fusion-format-box\"><i class=\"awb-icon-pen\" aria-hidden=\"true\"><\/i><\/div><\/div><div class=\"fusion-post-content post-content\"><h2 class=\"blog-shortcode-post-title entry-title\">Nieuws van DeWaterbus<\/h2><p class=\"fusion-single-line-meta\"><span class=\"vcard\" style=\"display: none;\"><span class=\"fn\"><a href=\"https:\/\/kvns.be\/author\/walter\/\" title=\"Berichten van Walter Resseler\" rel=\"author\">Walter Resseler<\/a><\/span><\/span><span class=\"updated\" style=\"display:none;\">2023-02-13T15:19:32+01:00<\/span><span>13 februari 2023<\/span><span class=\"fusion-inline-sep\">|<\/span><\/p><div class=\"fusion-post-content-container\"><p> DeWaterbus die sedert 2017 over de Schelde vaart is de meest succesvolle passagiersdienst over het water van ons land. Ze is in de eerste plaats bedoeld voor woon\/werkverkeer richting Antwerpse haven, maar kent ook een groot succes wat recreatief<a href=\"https:\/\/kvns.be\/nieuws-van-dewaterbus\/\">(Lees meer)<\/a><\/p><\/div><\/div><div class=\"fusion-clearfix\"><\/div><\/article>\n<article id=\"blog-1-post-2069\" class=\"fusion-post-medium-alternate post-2069 post type-post status-publish format-standard hentry category-vvveren-nieuws\">\n<div class=\"fusion-date-and-formats\"><div class=\"fusion-date-box updated\"><span class=\"fusion-date\">9<\/span><span class=\"fusion-month-year\">12, 2022<\/span><\/div><div class=\"fusion-format-box\"><i class=\"awb-icon-pen\" aria-hidden=\"true\"><\/i><\/div><\/div><div class=\"fusion-post-content post-content\"><h2 class=\"blog-shortcode-post-title entry-title\">&#8216;Op Stroom&#8217; \u2013 de nieuwe elektrische veerboot van Vloot te Antwerpen<\/h2><p class=\"fusion-single-line-meta\"><span class=\"vcard\" style=\"display: none;\"><span class=\"fn\"><a href=\"https:\/\/kvns.be\/author\/walter\/\" title=\"Berichten van Walter Resseler\" rel=\"author\">Walter Resseler<\/a><\/span><\/span><span class=\"updated\" style=\"display:none;\">2022-12-17T20:04:45+01:00<\/span><span>9 december 2022<\/span><span class=\"fusion-inline-sep\">|<\/span><\/p><div class=\"fusion-post-content-container\"><p>  Op 9 december 2022 kwam de nieuwe elektrische veerboot van Vloot in dienst op het Sint Annaveer over de Schelde te Antwerpen. Jammer genoeg moest hij na \u00e9\u00e9n oversteek alweer aan de kant wegens een defect aan een<a href=\"https:\/\/kvns.be\/op-stroom-de-nieuwe-elektrische-veerboot-van-vloot-te-antwerpen\/\">(Lees meer)<\/a><\/p><\/div><\/div><div class=\"fusion-clearfix\"><\/div><\/article>\n<article id=\"blog-1-post-2067\" class=\"fusion-post-medium-alternate post-2067 post type-post status-publish format-standard hentry category-vvveren-nieuws\">\n<div class=\"fusion-date-and-formats\"><div class=\"fusion-date-box updated\"><span class=\"fusion-date\">5<\/span><span class=\"fusion-month-year\">12, 2022<\/span><\/div><div class=\"fusion-format-box\"><i class=\"awb-icon-pen\" aria-hidden=\"true\"><\/i><\/div><\/div><div class=\"fusion-post-content post-content\"><h2 class=\"blog-shortcode-post-title entry-title\">Shopping Shuttle over het water te Mechelen<\/h2><p class=\"fusion-single-line-meta\"><span class=\"vcard\" style=\"display: none;\"><span class=\"fn\"><a href=\"https:\/\/kvns.be\/author\/walter\/\" title=\"Berichten van Walter Resseler\" rel=\"author\">Walter Resseler<\/a><\/span><\/span><span class=\"updated\" style=\"display:none;\">2022-12-17T20:00:45+01:00<\/span><span>5 december 2022<\/span><span class=\"fusion-inline-sep\">|<\/span><\/p><div class=\"fusion-post-content-container\"><p> Vlaanderen kreeg er weer een dienst met personenvervoer over het water bij. In Mechelen vaart sinds december 2022 de Shopping Shuttle over het water de Route Keerdok \u2013 Haverwerf. Een gratis pendelboot van rederij Malinska brengt je via de<a href=\"https:\/\/kvns.be\/shopping-shuttle-over-het-water-te-mechelen\/\">(Lees meer)<\/a><\/p><\/div><\/div><div class=\"fusion-clearfix\"><\/div><\/article>\n<article id=\"blog-1-post-2057\" class=\"fusion-post-medium-alternate post-2057 post type-post status-publish format-standard hentry category-vvveren-nieuws\">\n<div class=\"fusion-date-and-formats\"><div class=\"fusion-date-box updated\"><span class=\"fusion-date\">15<\/span><span class=\"fusion-month-year\">11, 2022<\/span><\/div><div class=\"fusion-format-box\"><i class=\"awb-icon-pen\" aria-hidden=\"true\"><\/i><\/div><\/div><div class=\"fusion-post-content post-content\"><h2 class=\"blog-shortcode-post-title entry-title\">Bij mist kunnen veerdiensten gestremd zijn<\/h2><p class=\"fusion-single-line-meta\"><span class=\"vcard\" style=\"display: none;\"><span class=\"fn\"><a href=\"https:\/\/kvns.be\/author\/walter\/\" title=\"Berichten van Walter Resseler\" rel=\"author\">Walter Resseler<\/a><\/span><\/span><span class=\"updated\" style=\"display:none;\">2022-11-15T20:28:32+01:00<\/span><span>15 november 2022<\/span><span class=\"fusion-inline-sep\">|<\/span><\/p><div class=\"fusion-post-content-container\"><p> In dit seizoen kan het al eens voorkomen dat er dichte mist is. Op die momenten gaan veerdiensten tijdelijk uit dienst, zoals ook het geval is bij bv stormweer. Zo werd ons gemeld dat het veer van Hamme Driegoten<a href=\"https:\/\/kvns.be\/bij-mist-kunnen-veerdiensten-gestremd-zijn\/\">(Lees meer)<\/a><\/p><\/div><\/div><div class=\"fusion-clearfix\"><\/div><\/article>\n<article id=\"blog-1-post-2060\" class=\"fusion-post-medium-alternate post-2060 post type-post status-publish format-standard hentry category-geen-categorie category-vvveren-nieuws\">\n<div class=\"fusion-date-and-formats\"><div class=\"fusion-date-box updated\"><span class=\"fusion-date\">10<\/span><span class=\"fusion-month-year\">11, 2022<\/span><\/div><div class=\"fusion-format-box\"><i class=\"awb-icon-pen\" aria-hidden=\"true\"><\/i><\/div><\/div><div class=\"fusion-post-content post-content\"><h2 class=\"blog-shortcode-post-title entry-title\">Personeelsgebrek speelt Waterbus Antwerpen parten<\/h2><p class=\"fusion-single-line-meta\"><span class=\"vcard\" style=\"display: none;\"><span class=\"fn\"><a href=\"https:\/\/kvns.be\/author\/walter\/\" title=\"Berichten van Walter Resseler\" rel=\"author\">Walter Resseler<\/a><\/span><\/span><span class=\"updated\" style=\"display:none;\">2022-11-15T20:39:11+01:00<\/span><span>10 november 2022<\/span><span class=\"fusion-inline-sep\">|<\/span><\/p><div class=\"fusion-post-content-container\"><p> Sinds midden juli stellen we vast dat ruim een op de zes vaarten van de Waterbus te Antwerpen wegvalt wegens structureel personeelsgebrek bij de rederij Blue Amigo. In detail vind je dat terug op www.dewaterbus.be\/nl\/nieuws\/aangepaste%20dienstregeling Een tijdelijk probleem leek<a href=\"https:\/\/kvns.be\/personeelsgebrek-speelt-waterbus-antwerpen-parten\/\">(Lees meer)<\/a><\/p><\/div><\/div><div class=\"fusion-clearfix\"><\/div><\/article>\n<article id=\"blog-1-post-2055\" class=\"fusion-post-medium-alternate post-2055 post type-post status-publish format-standard hentry category-vvveren-nieuws\">\n<div class=\"fusion-date-and-formats\"><div class=\"fusion-date-box updated\"><span class=\"fusion-date\">5<\/span><span class=\"fusion-month-year\">11, 2022<\/span><\/div><div class=\"fusion-format-box\"><i class=\"awb-icon-pen\" aria-hidden=\"true\"><\/i><\/div><\/div><div class=\"fusion-post-content post-content\"><h2 class=\"blog-shortcode-post-title entry-title\">Ons YouTube-kanaal kreeg een nieuwe gebruikersnaam<\/h2><p class=\"fusion-single-line-meta\"><span class=\"vcard\" style=\"display: none;\"><span class=\"fn\"><a href=\"https:\/\/kvns.be\/author\/walter\/\" title=\"Berichten van Walter Resseler\" rel=\"author\">Walter Resseler<\/a><\/span><\/span><span class=\"updated\" style=\"display:none;\">2022-11-15T20:25:48+01:00<\/span><span>5 november 2022<\/span><span class=\"fusion-inline-sep\">|<\/span><\/p><div class=\"fusion-post-content-container\"><p> Zoals bekend tonen de Vrienden van de Vlaamse Veren een aantal leuke filmpjes op YouTube. Op initiatief van YouTube kwam er een vereenvoudiging met gepersonaliseerde gebruikersnamen. Voor Vrienden van de Vlaamse Veren is de gebruikersnaam Vvveren geworden zodat de<a href=\"https:\/\/kvns.be\/ons-youtube-kanaal-kreeg-een-nieuwe-gebruikersnaam\/\">(Lees meer)<\/a><\/p><\/div><\/div><div class=\"fusion-clearfix\"><\/div><\/article>\n<article id=\"blog-1-post-2046\" class=\"fusion-post-medium-alternate post-2046 post type-post status-publish format-standard hentry category-vvveren-nieuws\">\n<div class=\"fusion-date-and-formats\"><div class=\"fusion-date-box updated\"><span class=\"fusion-date\">31<\/span><span class=\"fusion-month-year\">10, 2022<\/span><\/div><div class=\"fusion-format-box\"><i class=\"awb-icon-pen\" aria-hidden=\"true\"><\/i><\/div><\/div><div class=\"fusion-post-content post-content\"><h2 class=\"blog-shortcode-post-title entry-title\">Nederlandse Vrienden van de Voetveren vieren 40-jarig bestaan met een naamsverandering Zeg voortaan: &#8216;Vrienden van de Veerponten&#8217;.<\/h2><p class=\"fusion-single-line-meta\"><span class=\"vcard\" style=\"display: none;\"><span class=\"fn\"><a href=\"https:\/\/kvns.be\/author\/walter\/\" title=\"Berichten van Walter Resseler\" rel=\"author\">Walter Resseler<\/a><\/span><\/span><span class=\"updated\" style=\"display:none;\">2022-10-31T07:44:25+01:00<\/span><span>31 oktober 2022<\/span><span class=\"fusion-inline-sep\">|<\/span><\/p><div class=\"fusion-post-content-container\"><p> Op zaterdag 29 oktober 2022 had in Deventer een algemene ledenvergadering van Vrienden van de Voetveren plaats met aansluitend de feestelijke viering van het 40-jarig bestaan. Voor deze gelegenheid was het partyschip Eureka ingehuurd dat na een stevige werkvergadering<a href=\"https:\/\/kvns.be\/nederlandse-vrienden-van-de-voetveren-vieren-40-jarig-bestaan-met-een-naamsverandering-zeg-voortaan-vrienden-van-de-veerponten\/\">(Lees meer)<\/a><\/p><\/div><\/div><div class=\"fusion-clearfix\"><\/div><\/article>\n<article id=\"blog-1-post-2072\" class=\"fusion-post-medium-alternate post-2072 post type-post status-publish format-standard hentry category-vvveren-nieuws\">\n<div class=\"fusion-date-and-formats\"><div class=\"fusion-date-box updated\"><span class=\"fusion-date\">17<\/span><span class=\"fusion-month-year\">10, 2022<\/span><\/div><div class=\"fusion-format-box\"><i class=\"awb-icon-pen\" aria-hidden=\"true\"><\/i><\/div><\/div><div class=\"fusion-post-content post-content\"><h2 class=\"blog-shortcode-post-title entry-title\">Lillo kreeg een nieuwe veersteiger<\/h2><p class=\"fusion-single-line-meta\"><span class=\"vcard\" style=\"display: none;\"><span class=\"fn\"><a href=\"https:\/\/kvns.be\/author\/walter\/\" title=\"Berichten van Walter Resseler\" rel=\"author\">Walter Resseler<\/a><\/span><\/span><span class=\"updated\" style=\"display:none;\">2022-12-17T20:08:11+01:00<\/span><span>17 oktober 2022<\/span><span class=\"fusion-inline-sep\">|<\/span><\/p><div class=\"fusion-post-content-container\"><p> Bij Lillo-Fort, het laatste restant van het polderdorp Lillo, werd in de tweede helft van oktober 2022 de veersteiger vernieuwd. Deze wordt bediend door de Waterbus. Mocht iemand van onze lezers foto's hebben van de vernieuwde steiger dan zou<a href=\"https:\/\/kvns.be\/lillo-kreeg-een-nieuwe-veersteiger\/\">(Lees meer)<\/a><\/p><\/div><\/div><div class=\"fusion-clearfix\"><\/div><\/article>\n<article id=\"blog-1-post-2013\" class=\"fusion-post-medium-alternate post-2013 post type-post status-publish format-standard hentry category-vvveren-nieuws\">\n<div class=\"fusion-date-and-formats\"><div class=\"fusion-date-box updated\"><span class=\"fusion-date\">6<\/span><span class=\"fusion-month-year\">10, 2022<\/span><\/div><div class=\"fusion-format-box\"><i class=\"awb-icon-pen\" aria-hidden=\"true\"><\/i><\/div><\/div><div class=\"fusion-post-content post-content\"><h2 class=\"blog-shortcode-post-title entry-title\">Meten is weten. Statistieken Waterbus en Veerdiensten Antwerpen<\/h2><p class=\"fusion-single-line-meta\"><span class=\"vcard\" style=\"display: none;\"><span class=\"fn\"><a href=\"https:\/\/kvns.be\/author\/walter\/\" title=\"Berichten van Walter Resseler\" rel=\"author\">Walter Resseler<\/a><\/span><\/span><span class=\"updated\" style=\"display:none;\">2022-10-06T18:31:10+02:00<\/span><span>6 oktober 2022<\/span><span class=\"fusion-inline-sep\">|<\/span><\/p><div class=\"fusion-post-content-container\"><p> Meten is weten. Statistieken over de aantallen passagiers lezen we aandachtig. Zo vernemen we dat de Waterbus te Antwerpen en de drie grote veerdiensten nabij Antwerpen samen jaarlijks 1,8 miljoen passagiers vervoeren. In 2019 kreeg de Waterbus 580.000 reizigers<a href=\"https:\/\/kvns.be\/meten-is-weten-statistieken-waterbus-en-veerdiensten-antwerpen\/\">(Lees meer)<\/a><\/p><\/div><\/div><div class=\"fusion-clearfix\"><\/div><\/article>\n<article id=\"blog-1-post-2036\" class=\"fusion-post-medium-alternate post-2036 post type-post status-publish format-standard hentry category-vvveren-nieuws\">\n<div class=\"fusion-date-and-formats\"><div class=\"fusion-date-box updated\"><span class=\"fusion-date\">1<\/span><span class=\"fusion-month-year\">10, 2022<\/span><\/div><div class=\"fusion-format-box\"><i class=\"awb-icon-pen\" aria-hidden=\"true\"><\/i><\/div><\/div><div class=\"fusion-post-content post-content\"><h2 class=\"blog-shortcode-post-title entry-title\">Mooi artikel in Antwerpsche tydighen<\/h2><p class=\"fusion-single-line-meta\"><span class=\"vcard\" style=\"display: none;\"><span class=\"fn\"><a href=\"https:\/\/kvns.be\/author\/walter\/\" title=\"Berichten van Walter Resseler\" rel=\"author\">Walter Resseler<\/a><\/span><\/span><span class=\"updated\" style=\"display:none;\">2023-03-27T15:37:02+02:00<\/span><span>1 oktober 2022<\/span><span class=\"fusion-inline-sep\">|<\/span><\/p><div class=\"fusion-post-content-container\"><p> 'Antwerpsche tydingen' is het driemaandelijks tijdschrift van de Koninklijke gidsenvereniging van Antwerpen. In het nummer september \u2013 november 2022 (Jrg. 43, nr. 3, pag. 37-39) verscheen een artikel waarvoor inbreng is gevraagd aan onze co\u00f6rdinator Walter Resseler. Mede dank<a href=\"https:\/\/kvns.be\/mooi-artikel-in-antwerpsche-tydighen\/\">(Lees meer)<\/a><\/p><\/div><\/div><div class=\"fusion-clearfix\"><\/div><\/article>\n<article id=\"blog-1-post-2009\" class=\"fusion-post-medium-alternate post-2009 post type-post status-publish format-standard hentry category-geen-categorie category-vvveren-nieuws\">\n<div class=\"fusion-date-and-formats\"><div class=\"fusion-date-box updated\"><span class=\"fusion-date\">30<\/span><span class=\"fusion-month-year\">09, 2022<\/span><\/div><div class=\"fusion-format-box\"><i class=\"awb-icon-pen\" aria-hidden=\"true\"><\/i><\/div><\/div><div class=\"fusion-post-content post-content\"><h2 class=\"blog-shortcode-post-title entry-title\">Kobus op Damse Vaart is niet langer gestremd<\/h2><p class=\"fusion-single-line-meta\"><span class=\"vcard\" style=\"display: none;\"><span class=\"fn\"><a href=\"https:\/\/kvns.be\/author\/walter\/\" title=\"Berichten van Walter Resseler\" rel=\"author\">Walter Resseler<\/a><\/span><\/span><span class=\"updated\" style=\"display:none;\">2022-10-11T14:17:58+02:00<\/span><span>30 september 2022<\/span><span class=\"fusion-inline-sep\">|<\/span><\/p><div class=\"fusion-post-content-container\"><p> We zijn het misschien al een beetje vergeten maar de zomer van 2022 was uitzonderlijk droog. Hierdoor zakte de waterstand op de Damse Vaart dusdanig dat het zelfbedieningsveer Kobus nabij Hoeke uit de vaart moest. Dit gebeurde in de<a href=\"https:\/\/kvns.be\/kobus-op-damse-vaart-gestremd\/\">(Lees meer)<\/a><\/p><\/div><\/div><div class=\"fusion-clearfix\"><\/div><\/article>\n<article id=\"blog-1-post-1996\" class=\"fusion-post-medium-alternate post-1996 post type-post status-publish format-standard hentry category-vvveren-nieuws\">\n<div class=\"fusion-date-and-formats\"><div class=\"fusion-date-box updated\"><span class=\"fusion-date\">26<\/span><span class=\"fusion-month-year\">09, 2022<\/span><\/div><div class=\"fusion-format-box\"><i class=\"awb-icon-pen\" aria-hidden=\"true\"><\/i><\/div><\/div><div class=\"fusion-post-content post-content\"><h2 class=\"blog-shortcode-post-title entry-title\">Doop &#8216;Raveel ontmoet Ensor&#8217; te Oostende 15 9 2022<\/h2><p class=\"fusion-single-line-meta\"><span class=\"vcard\" style=\"display: none;\"><span class=\"fn\"><a href=\"https:\/\/kvns.be\/author\/walter\/\" title=\"Berichten van Walter Resseler\" rel=\"author\">Walter Resseler<\/a><\/span><\/span><span class=\"updated\" style=\"display:none;\">2022-09-26T16:42:34+02:00<\/span><span>26 september 2022<\/span><span class=\"fusion-inline-sep\">|<\/span><\/p><div class=\"fusion-post-content-container\"><p> Op 15 september 2022 werd de nieuwe veerboot 'Raveel ontmoet Ensor' gedoopt te Oostende. Co\u00f6rdinator Walter Resseler van Vrienden van de Vlaamse Veren had de eer daarbij aanwezig te mogen zijn. De genodigden werden verwelkomd door Nathalie Balcaen, administrateur-generaal<a href=\"https:\/\/kvns.be\/doop-raveel-ontmoet-ensor-te-oostende-15-9-2022\/\">(Lees meer)<\/a><\/p><\/div><\/div><div class=\"fusion-clearfix\"><\/div><\/article>\n<article id=\"blog-1-post-2034\" class=\"fusion-post-medium-alternate post-2034 post type-post status-publish format-standard hentry category-vvveren-nieuws\">\n<div class=\"fusion-date-and-formats\"><div class=\"fusion-date-box updated\"><span class=\"fusion-date\">1<\/span><span class=\"fusion-month-year\">09, 2022<\/span><\/div><div class=\"fusion-format-box\"><i class=\"awb-icon-pen\" aria-hidden=\"true\"><\/i><\/div><\/div><div class=\"fusion-post-content post-content\"><h2 class=\"blog-shortcode-post-title entry-title\">Met het veer naar school ?<\/h2><p class=\"fusion-single-line-meta\"><span class=\"vcard\" style=\"display: none;\"><span class=\"fn\"><a href=\"https:\/\/kvns.be\/author\/walter\/\" title=\"Berichten van Walter Resseler\" rel=\"author\">Walter Resseler<\/a><\/span><\/span><span class=\"updated\" style=\"display:none;\">2022-10-06T18:53:44+02:00<\/span><span>1 september 2022<\/span><span class=\"fusion-inline-sep\">|<\/span><\/p><div class=\"fusion-post-content-container\"><p> 1 september 2022 Met het veer naar school ? Voor ruim 50 kinderen van de omstreken van Sint Martens Latem en Sint Martens Leerne is het de komende 3 maanden realiteit. Wegens wegenwerken kunnen ze hun normale schoolroute niet<a href=\"https:\/\/kvns.be\/met-het-veer-naar-school\/\">(Lees meer)<\/a><\/p><\/div><\/div><div class=\"fusion-clearfix\"><\/div><\/article>\n<article id=\"blog-1-post-2029\" class=\"fusion-post-medium-alternate post-2029 post type-post status-publish format-standard hentry category-vvveren-nieuws\">\n<div class=\"fusion-date-and-formats\"><div class=\"fusion-date-box updated\"><span class=\"fusion-date\">31<\/span><span class=\"fusion-month-year\">08, 2022<\/span><\/div><div class=\"fusion-format-box\"><i class=\"awb-icon-pen\" aria-hidden=\"true\"><\/i><\/div><\/div><div class=\"fusion-post-content post-content\"><h2 class=\"blog-shortcode-post-title entry-title\">Nieuw zelfbedieningsveerpontje te Appels nu in de vaart<\/h2><p class=\"fusion-single-line-meta\"><span class=\"vcard\" style=\"display: none;\"><span class=\"fn\"><a href=\"https:\/\/kvns.be\/author\/walter\/\" title=\"Berichten van Walter Resseler\" rel=\"author\">Walter Resseler<\/a><\/span><\/span><span class=\"updated\" style=\"display:none;\">2022-10-06T18:45:23+02:00<\/span><span>31 augustus 2022<\/span><span class=\"fusion-inline-sep\">|<\/span><\/p><div class=\"fusion-post-content-container\"><p> Mooi nieuws. We konden een pontje toevoegen aan de Beneluxkaart op veerponten.nl . Het agentschap Natuur en Bos realiseerde deze zelfbedieningsveerpont op een oude Schelde-arm te Appels (Dendermonde) in een fraai natuurgebiedje vlak bij het veer Appels - Berlare<a href=\"https:\/\/kvns.be\/nieuw-zelfbedieningsveerpontje-te-appels-nu-in-de-vaart\/\">(Lees meer)<\/a><\/p><\/div><\/div><div class=\"fusion-clearfix\"><\/div><\/article>\n<article id=\"blog-1-post-2018\" class=\"fusion-post-medium-alternate post-2018 post type-post status-publish format-standard hentry category-geen-categorie category-vvveren-nieuws\">\n<div class=\"fusion-date-and-formats\"><div class=\"fusion-date-box updated\"><span class=\"fusion-date\">25<\/span><span class=\"fusion-month-year\">08, 2022<\/span><\/div><div class=\"fusion-format-box\"><i class=\"awb-icon-pen\" aria-hidden=\"true\"><\/i><\/div><\/div><div class=\"fusion-post-content post-content\"><h2 class=\"blog-shortcode-post-title entry-title\">Waterbus Antwerpen. Te veel fietsers op spitsmomenten ?<\/h2><p class=\"fusion-single-line-meta\"><span class=\"vcard\" style=\"display: none;\"><span class=\"fn\"><a href=\"https:\/\/kvns.be\/author\/walter\/\" title=\"Berichten van Walter Resseler\" rel=\"author\">Walter Resseler<\/a><\/span><\/span><span class=\"updated\" style=\"display:none;\">2022-10-06T18:37:03+02:00<\/span><span>25 augustus 2022<\/span><span class=\"fusion-inline-sep\">|<\/span><\/p><div class=\"fusion-post-content-container\"><p> De Waterbus Antwerpen lijkt het slachtoffer te worden van haar eigen succes. In de tweede helft van augustus ontvingen we het volgende bericht vanwege de nieuwssite 'Antwerpen lokaal'. \u201cVanaf donderdag 1 september 2022 zullen fietsen niet meer worden toegelaten<a href=\"https:\/\/kvns.be\/waterbus-antwerpen-te-veel-fietsers-op-spitsmomenten\/\">(Lees meer)<\/a><\/p><\/div><\/div><div class=\"fusion-clearfix\"><\/div><\/article>\n<article id=\"blog-1-post-2024\" class=\"fusion-post-medium-alternate post-2024 post type-post status-publish format-standard hentry category-geen-categorie category-vvveren-nieuws\">\n<div class=\"fusion-date-and-formats\"><div class=\"fusion-date-box updated\"><span class=\"fusion-date\">16<\/span><span class=\"fusion-month-year\">08, 2022<\/span><\/div><div class=\"fusion-format-box\"><i class=\"awb-icon-pen\" aria-hidden=\"true\"><\/i><\/div><\/div><div class=\"fusion-post-content post-content\"><h2 class=\"blog-shortcode-post-title entry-title\">Tweede waterbus tussen Brussel en Vilvoorde op komst<\/h2><p class=\"fusion-single-line-meta\"><span class=\"vcard\" style=\"display: none;\"><span class=\"fn\"><a href=\"https:\/\/kvns.be\/author\/walter\/\" title=\"Berichten van Walter Resseler\" rel=\"author\">Walter Resseler<\/a><\/span><\/span><span class=\"updated\" style=\"display:none;\">2022-10-06T18:54:44+02:00<\/span><span>16 augustus 2022<\/span><span class=\"fusion-inline-sep\">|<\/span><\/p><div class=\"fusion-post-content-container\"><p> Hoewel het geen zeilboot is, gaat het de Waterbus na twee moeilijke coronajaren weer voor de wind. Een boottochtje tussen Brussel en Vilvoorde is opnieuw heel populair. In juli en augustus namen weer meer mensen de waterbus, zo'n 30<a href=\"https:\/\/kvns.be\/tweede-waterbus-tussen-brussel-en-vilvoorde-op-komst\/\">(Lees meer)<\/a><\/p><\/div><\/div><div class=\"fusion-clearfix\"><\/div><\/article>\n<article id=\"blog-1-post-1988\" class=\"fusion-post-medium-alternate post-1988 post type-post status-publish format-standard hentry category-vvveren-nieuws\">\n<div class=\"fusion-date-and-formats\"><div class=\"fusion-date-box updated\"><span class=\"fusion-date\">5<\/span><span class=\"fusion-month-year\">08, 2022<\/span><\/div><div class=\"fusion-format-box\"><i class=\"awb-icon-pen\" aria-hidden=\"true\"><\/i><\/div><\/div><div class=\"fusion-post-content post-content\"><h2 class=\"blog-shortcode-post-title entry-title\">Overleg over nieuwe veerboten Vlissingen-Breskens<\/h2><p class=\"fusion-single-line-meta\"><span class=\"vcard\" style=\"display: none;\"><span class=\"fn\"><a href=\"https:\/\/kvns.be\/author\/walter\/\" title=\"Berichten van Walter Resseler\" rel=\"author\">Walter Resseler<\/a><\/span><\/span><span class=\"updated\" style=\"display:none;\">2022-08-05T21:28:51+02:00<\/span><span>5 augustus 2022<\/span><span class=\"fusion-inline-sep\">|<\/span><\/p><div class=\"fusion-post-content-container\"><p> Graag berichten we ook over veerdiensten in het onmiddellijke noorden van ons land, want deze zijn ook van belang voor wie op tocht wil gaan van bij ons. Het is fijn dat onze zeer goede contacten met een aantal<a href=\"https:\/\/kvns.be\/overleg-over-nieuwe-veerboten-vlissingen-breskens\/\">(Lees meer)<\/a><\/p><\/div><\/div><div class=\"fusion-clearfix\"><\/div><\/article>\n<article id=\"blog-1-post-1977\" class=\"fusion-post-medium-alternate post-1977 post type-post status-publish format-standard hentry category-geen-categorie category-vvveren-nieuws\">\n<div class=\"fusion-date-and-formats\"><div class=\"fusion-date-box updated\"><span class=\"fusion-date\">27<\/span><span class=\"fusion-month-year\">07, 2022<\/span><\/div><div class=\"fusion-format-box\"><i class=\"awb-icon-pen\" aria-hidden=\"true\"><\/i><\/div><\/div><div class=\"fusion-post-content post-content\"><h2 class=\"blog-shortcode-post-title entry-title\">Waterbus Antwerpen Tariefaanpassing en minder goede dienstverlening<\/h2><p class=\"fusion-single-line-meta\"><span class=\"vcard\" style=\"display: none;\"><span class=\"fn\"><a href=\"https:\/\/kvns.be\/author\/walter\/\" title=\"Berichten van Walter Resseler\" rel=\"author\">Walter Resseler<\/a><\/span><\/span><span class=\"updated\" style=\"display:none;\">2022-07-28T20:47:24+02:00<\/span><span>27 juli 2022<\/span><span class=\"fusion-inline-sep\">|<\/span><\/p><div class=\"fusion-post-content-container\"><p> Vanaf 1 augustus 2022 zullen reizigers met de Waterbus dieper in hun portemonnee moeten tasten. De prijs voor een enkele reis stijgt van 3 naar 4 euro. Een retourticket gaat van 5 naar 6,5 euro en die van een<a href=\"https:\/\/kvns.be\/waterbus-antwerpen-tariefaanpassing-en-minder-goede-dienstverlening\/\">(Lees meer)<\/a><\/p><\/div><\/div><div class=\"fusion-clearfix\"><\/div><\/article>\n<article id=\"blog-1-post-1981\" class=\"fusion-post-medium-alternate post-1981 post type-post status-publish format-standard hentry category-vvveren-nieuws\">\n<div class=\"fusion-date-and-formats\"><div class=\"fusion-date-box updated\"><span class=\"fusion-date\">17<\/span><span class=\"fusion-month-year\">07, 2022<\/span><\/div><div class=\"fusion-format-box\"><i class=\"awb-icon-pen\" aria-hidden=\"true\"><\/i><\/div><\/div><div class=\"fusion-post-content post-content\"><h2 class=\"blog-shortcode-post-title entry-title\">Een eiland in de Maas dat bereikbaar is met een veerbootje: \u00cele d&#8217;Yvoir<\/h2><p class=\"fusion-single-line-meta\"><span class=\"vcard\" style=\"display: none;\"><span class=\"fn\"><a href=\"https:\/\/kvns.be\/author\/walter\/\" title=\"Berichten van Walter Resseler\" rel=\"author\">Walter Resseler<\/a><\/span><\/span><span class=\"updated\" style=\"display:none;\">2022-07-28T21:09:14+02:00<\/span><span>17 juli 2022<\/span><span class=\"fusion-inline-sep\">|<\/span><\/p><div class=\"fusion-post-content-container\"><p> Op een mooie zaterdag in juli spoorden we naar Yvoir, gelegen aan de Maas tussen Namen en Dinant. Vlakbij het station vertrekt een veerbootje naar een eiland met speeltuin, caf\u00e9-restaurant en diverse andere recreatiemogelijkheden. Je betaalt 3,5 euro als<a href=\"https:\/\/kvns.be\/een-eiland-in-de-maas-dat-bereikbaar-is-met-een-veerbootje-ile-dyvoir\/\">(Lees meer)<\/a><\/p><\/div><\/div><div class=\"fusion-clearfix\"><\/div><\/article>\n<article id=\"blog-1-post-2022\" class=\"fusion-post-medium-alternate post-2022 post type-post status-publish format-standard hentry category-vvveren-nieuws\">\n<div class=\"fusion-date-and-formats\"><div class=\"fusion-date-box updated\"><span class=\"fusion-date\">14<\/span><span class=\"fusion-month-year\">07, 2022<\/span><\/div><div class=\"fusion-format-box\"><i class=\"awb-icon-pen\" aria-hidden=\"true\"><\/i><\/div><\/div><div class=\"fusion-post-content post-content\"><h2 class=\"blog-shortcode-post-title entry-title\">Elektrische veerboot &#8216;Op stroom&#8217; op komst. Versterking voor het Sint Annaveer.<\/h2><p class=\"fusion-single-line-meta\"><span class=\"vcard\" style=\"display: none;\"><span class=\"fn\"><a href=\"https:\/\/kvns.be\/author\/walter\/\" title=\"Berichten van Walter Resseler\" rel=\"author\">Walter Resseler<\/a><\/span><\/span><span class=\"updated\" style=\"display:none;\">2022-10-06T18:38:53+02:00<\/span><span>14 juli 2022<\/span><span class=\"fusion-inline-sep\">|<\/span><\/p><div class=\"fusion-post-content-container\"><p> Informatie medegedeeld op 14 juli 2022 door Daphne Vanhoucke communicatieverantwoordelijke van Vloot Tijdens de inspectiebezoeken aan de scheepswerf Baltic Workboats in Estland op 3 en 24 mei 2022 stelden ir. Piet Leeuwerck, scheepsbouw-R&amp;D manager, en ing. Jan De Kerf,<a href=\"https:\/\/kvns.be\/elektrische-veerboot-op-stroom-op-komst-versterking-voor-het-sint-annaveer\/\">(Lees meer)<\/a><\/p><\/div><\/div><div class=\"fusion-clearfix\"><\/div><\/article>\n<article id=\"blog-1-post-1968\" class=\"fusion-post-medium-alternate post-1968 post type-post status-publish format-standard hentry category-vvveren-nieuws\">\n<div class=\"fusion-date-and-formats\"><div class=\"fusion-date-box updated\"><span class=\"fusion-date\">15<\/span><span class=\"fusion-month-year\">05, 2022<\/span><\/div><div class=\"fusion-format-box\"><i class=\"awb-icon-pen\" aria-hidden=\"true\"><\/i><\/div><\/div><div class=\"fusion-post-content post-content\"><h2 class=\"blog-shortcode-post-title entry-title\">Op bezoek bij onze collega&#8217;s Vrienden Voetveren in Nederland<\/h2><p class=\"fusion-single-line-meta\"><span class=\"vcard\" style=\"display: none;\"><span class=\"fn\"><a href=\"https:\/\/kvns.be\/author\/walter\/\" title=\"Berichten van Walter Resseler\" rel=\"author\">Walter Resseler<\/a><\/span><\/span><span class=\"updated\" style=\"display:none;\">2022-05-17T15:02:54+02:00<\/span><span>15 mei 2022<\/span><span class=\"fusion-inline-sep\">|<\/span><\/p><div class=\"fusion-post-content-container\"><p> Op 14 mei 2022 hielden onze Nederlandse collega's Vrienden van de Voetveren hun algemene ledenvergadering in Terheijden nabij Breda. Onze co\u00f6rdinator was er present. Het was zeer verheugend voor iedereen om weer eens fysiek samen te zijn. Vorig jaar<a href=\"https:\/\/kvns.be\/op-bezoek-bij-onze-collegas-vrienden-voetveren-in-nederland\/\">(Lees meer)<\/a><\/p><\/div><\/div><div class=\"fusion-clearfix\"><\/div><\/article>\n<article id=\"blog-1-post-1961\" class=\"fusion-post-medium-alternate post-1961 post type-post status-publish format-standard hentry category-vvveren-nieuws\">\n<div class=\"fusion-date-and-formats\"><div class=\"fusion-date-box updated\"><span class=\"fusion-date\">10<\/span><span class=\"fusion-month-year\">05, 2022<\/span><\/div><div class=\"fusion-format-box\"><i class=\"awb-icon-pen\" aria-hidden=\"true\"><\/i><\/div><\/div><div class=\"fusion-post-content post-content\"><h2 class=\"blog-shortcode-post-title entry-title\">Mooi nieuws over het Sint Annaveer te Antwerpen<\/h2><p class=\"fusion-single-line-meta\"><span class=\"vcard\" style=\"display: none;\"><span class=\"fn\"><a href=\"https:\/\/kvns.be\/author\/walter\/\" title=\"Berichten van Walter Resseler\" rel=\"author\">Walter Resseler<\/a><\/span><\/span><span class=\"updated\" style=\"display:none;\">2022-05-17T14:44:28+02:00<\/span><span>10 mei 2022<\/span><span class=\"fusion-inline-sep\">|<\/span><\/p><div class=\"fusion-post-content-container\"><p> Sinds 2 april 2022 vaart het Sint Annaveer tussen het Steenplein op Rechteroever en de tegenoverliggende steiger op Linkeroever om het kwartier. Tevens wordt er vroeger en later op de dag gevaren en er is geen onderbreking meer in<a href=\"https:\/\/kvns.be\/mooi-nieuws-over-het-sint-annaveer-te-antwerpen\/\">(Lees meer)<\/a><\/p><\/div><\/div><div class=\"fusion-clearfix\"><\/div><\/article>\n<article id=\"blog-1-post-1963\" class=\"fusion-post-medium-alternate post-1963 post type-post status-publish format-standard hentry category-vvveren-nieuws\">\n<div class=\"fusion-date-and-formats\"><div class=\"fusion-date-box updated\"><span class=\"fusion-date\">1<\/span><span class=\"fusion-month-year\">05, 2022<\/span><\/div><div class=\"fusion-format-box\"><i class=\"awb-icon-pen\" aria-hidden=\"true\"><\/i><\/div><\/div><div class=\"fusion-post-content post-content\"><h2 class=\"blog-shortcode-post-title entry-title\">Veren in Walloni\u00eb hervatten het varen<\/h2><p class=\"fusion-single-line-meta\"><span class=\"vcard\" style=\"display: none;\"><span class=\"fn\"><a href=\"https:\/\/kvns.be\/author\/walter\/\" title=\"Berichten van Walter Resseler\" rel=\"author\">Walter Resseler<\/a><\/span><\/span><span class=\"updated\" style=\"display:none;\">2022-05-17T14:46:18+02:00<\/span><span>1 mei 2022<\/span><span class=\"fusion-inline-sep\">|<\/span><\/p><div class=\"fusion-post-content-container\"><p> In Yvoir is er een pontje nabij het station waarmee men mits betaling naar een eiland in de Maas kan om daar te genieten van diverse recreatiemogelijkheden. Dit kettingpontje kreeg het zwaar te verduren tijdens de hevige regenval in<a href=\"https:\/\/kvns.be\/veren-in-wallonie-hervatten-het-varen\/\">(Lees meer)<\/a><\/p><\/div><\/div><div class=\"fusion-clearfix\"><\/div><\/article>\n<article id=\"blog-1-post-1959\" class=\"fusion-post-medium-alternate post-1959 post type-post status-publish format-standard hentry category-vvveren-nieuws\">\n<div class=\"fusion-date-and-formats\"><div class=\"fusion-date-box updated\"><span class=\"fusion-date\">1<\/span><span class=\"fusion-month-year\">05, 2022<\/span><\/div><div class=\"fusion-format-box\"><i class=\"awb-icon-pen\" aria-hidden=\"true\"><\/i><\/div><\/div><div class=\"fusion-post-content post-content\"><h2 class=\"blog-shortcode-post-title entry-title\">Waterbus Brussel<\/h2><p class=\"fusion-single-line-meta\"><span class=\"vcard\" style=\"display: none;\"><span class=\"fn\"><a href=\"https:\/\/kvns.be\/author\/walter\/\" title=\"Berichten van Walter Resseler\" rel=\"author\">Walter Resseler<\/a><\/span><\/span><span class=\"updated\" style=\"display:none;\">2022-05-17T14:40:58+02:00<\/span><span>1 mei 2022<\/span><span class=\"fusion-inline-sep\">|<\/span><\/p><div class=\"fusion-post-content-container\"><p> De Waterbus tussen Vilvoorde en Brussel heeft haar 9e vaarseizoen aangevat op 1 mei 2022    <\/p><\/div><\/div><div class=\"fusion-clearfix\"><\/div><\/article>\n<article id=\"blog-1-post-1950\" class=\"fusion-post-medium-alternate post-1950 post type-post status-publish format-standard hentry category-vvveren-nieuws\">\n<div class=\"fusion-date-and-formats\"><div class=\"fusion-date-box updated\"><span class=\"fusion-date\">4<\/span><span class=\"fusion-month-year\">04, 2022<\/span><\/div><div class=\"fusion-format-box\"><i class=\"awb-icon-pen\" aria-hidden=\"true\"><\/i><\/div><\/div><div class=\"fusion-post-content post-content\"><h2 class=\"blog-shortcode-post-title entry-title\">Jubileumfeest Vrienden van de Vlaamse Veren op 2 april 2022<\/h2><p class=\"fusion-single-line-meta\"><span class=\"vcard\" style=\"display: none;\"><span class=\"fn\"><a href=\"https:\/\/kvns.be\/author\/walter\/\" title=\"Berichten van Walter Resseler\" rel=\"author\">Walter Resseler<\/a><\/span><\/span><span class=\"updated\" style=\"display:none;\">2022-05-17T14:33:06+02:00<\/span><span>4 april 2022<\/span><span class=\"fusion-inline-sep\">|<\/span><\/p><div class=\"fusion-post-content-container\"><p> Twee jaar geleden stelden we het jubileumfeest voor 20 jaar Vrienden van de Vlaamse Veren uit omwille van de gekende problemen met het coronavirus. Besloten werd om dit feest te vieren in combinatie met de 70e verjaardag van onze<a href=\"https:\/\/kvns.be\/jubileumfeest-vrienden-van-de-vlaamse-veren-op-2-april-2022\/\">(Lees meer)<\/a><\/p><\/div><\/div><div class=\"fusion-clearfix\"><\/div><\/article>\n<article id=\"blog-1-post-1944\" class=\"fusion-post-medium-alternate post-1944 post type-post status-publish format-standard hentry category-vvveren-nieuws\">\n<div class=\"fusion-date-and-formats\"><div class=\"fusion-date-box updated\"><span class=\"fusion-date\">24<\/span><span class=\"fusion-month-year\">03, 2022<\/span><\/div><div class=\"fusion-format-box\"><i class=\"awb-icon-pen\" aria-hidden=\"true\"><\/i><\/div><\/div><div class=\"fusion-post-content post-content\"><h2 class=\"blog-shortcode-post-title entry-title\">Meta de Visser, oprichtster Vrienden van de Voetveren (Nederland) overleden<\/h2><p class=\"fusion-single-line-meta\"><span class=\"vcard\" style=\"display: none;\"><span class=\"fn\"><a href=\"https:\/\/kvns.be\/author\/walter\/\" title=\"Berichten van Walter Resseler\" rel=\"author\">Walter Resseler<\/a><\/span><\/span><span class=\"updated\" style=\"display:none;\">2022-03-24T17:08:11+01:00<\/span><span>24 maart 2022<\/span><span class=\"fusion-inline-sep\">|<\/span><\/p><div class=\"fusion-post-content-container\"><p> We ontvingen het droeve bericht van het overlijden van mevrouw Meta de Visser-Ameling op zaterdag 5 februari 2022. Meta de Visser was de oprichtster van de Vereniging Vrienden van de Voetveren, onze Nederlandse collega's en voorbeeld voor Vrienden van<a href=\"https:\/\/kvns.be\/meta-de-visser-oprichtster-vrienden-van-de-voetveren-nederland-overleden\/\">(Lees meer)<\/a><\/p><\/div><\/div><div class=\"fusion-clearfix\"><\/div><\/article>\n<article id=\"blog-1-post-1956\" class=\"fusion-post-medium-alternate post-1956 post type-post status-publish format-standard hentry category-vvveren-nieuws\">\n<div class=\"fusion-date-and-formats\"><div class=\"fusion-date-box updated\"><span class=\"fusion-date\">15<\/span><span class=\"fusion-month-year\">02, 2022<\/span><\/div><div class=\"fusion-format-box\"><i class=\"awb-icon-pen\" aria-hidden=\"true\"><\/i><\/div><\/div><div class=\"fusion-post-content post-content\"><h2 class=\"blog-shortcode-post-title entry-title\">Waterbus Antwerpen: uitbating en mooi nieuws betreffende bediening Burcht in de toekomst<\/h2><p class=\"fusion-single-line-meta\"><span class=\"vcard\" style=\"display: none;\"><span class=\"fn\"><a href=\"https:\/\/kvns.be\/author\/walter\/\" title=\"Berichten van Walter Resseler\" rel=\"author\">Walter Resseler<\/a><\/span><\/span><span class=\"updated\" style=\"display:none;\">2022-05-17T14:39:19+02:00<\/span><span>15 februari 2022<\/span><span class=\"fusion-inline-sep\">|<\/span><\/p><div class=\"fusion-post-content-container\"><p> Zoals bekend droeg het Antwerpse Havenbedrijf de bevoegdheid voor de Waterbus en de financiering ervan over aan het Vlaamse Gewest en zo kwam die in handen van het Agentschap Maritieme Dienstverlening en Kust (MDK). De praktische uitbating is uitbesteed<a href=\"https:\/\/kvns.be\/waterbus-antwerpen-uitbating-en-mooi-nieuws-betreffende-bediening-burcht-in-de-toekomst\/\">(Lees meer)<\/a><\/p><\/div><\/div><div class=\"fusion-clearfix\"><\/div><\/article>\n<article id=\"blog-1-post-1965\" class=\"fusion-post-medium-alternate post-1965 post type-post status-publish format-standard hentry category-vvveren-nieuws\">\n<div class=\"fusion-date-and-formats\"><div class=\"fusion-date-box updated\"><span class=\"fusion-date\">17<\/span><span class=\"fusion-month-year\">01, 2022<\/span><\/div><div class=\"fusion-format-box\"><i class=\"awb-icon-pen\" aria-hidden=\"true\"><\/i><\/div><\/div><div class=\"fusion-post-content post-content\"><h2 class=\"blog-shortcode-post-title entry-title\">3e veerboot in gebruik te Oostende<\/h2><p class=\"fusion-single-line-meta\"><span class=\"vcard\" style=\"display: none;\"><span class=\"fn\"><a href=\"https:\/\/kvns.be\/author\/walter\/\" title=\"Berichten van Walter Resseler\" rel=\"author\">Walter Resseler<\/a><\/span><\/span><span class=\"updated\" style=\"display:none;\">2022-05-17T14:49:25+02:00<\/span><span>17 januari 2022<\/span><span class=\"fusion-inline-sep\">|<\/span><\/p><div class=\"fusion-post-content-container\"><p> In Oostende kwam een derde veerboot in dienst : de 'Raveel ontmoet Ensor'. Net als bij de zusterboten 'Roger Raveel' en 'Het rode vierkant op zee' is de beschildering ge\u00efnspireerd op het werk van de kunstenaar Roger Raveel. De<a href=\"https:\/\/kvns.be\/3e-veerboot-in-gebruik-te-oostende\/\">(Lees meer)<\/a><\/p><\/div><\/div><div class=\"fusion-clearfix\"><\/div><\/article>\n<article id=\"blog-1-post-1938\" class=\"fusion-post-medium-alternate post-1938 post type-post status-publish format-standard hentry category-vvveren-nieuws\">\n<div class=\"fusion-date-and-formats\"><div class=\"fusion-date-box updated\"><span class=\"fusion-date\">1<\/span><span class=\"fusion-month-year\">12, 2021<\/span><\/div><div class=\"fusion-format-box\"><i class=\"awb-icon-pen\" aria-hidden=\"true\"><\/i><\/div><\/div><div class=\"fusion-post-content post-content\"><h2 class=\"blog-shortcode-post-title entry-title\">Verschuiving middagpauze Sint Annaveer te Antwerpen<\/h2><p class=\"fusion-single-line-meta\"><span class=\"vcard\" style=\"display: none;\"><span class=\"fn\"><a href=\"https:\/\/kvns.be\/author\/walter\/\" title=\"Berichten van Walter Resseler\" rel=\"author\">Walter Resseler<\/a><\/span><\/span><span class=\"updated\" style=\"display:none;\">2021-12-01T19:27:08+01:00<\/span><span>1 december 2021<\/span><span class=\"fusion-inline-sep\">|<\/span><\/p><div class=\"fusion-post-content-container\"><p> Sinds enige tijd vallen door de middagpauze op het Sint Annaveer over de Schelde te Antwerpen de afvaarten van 13u en 13u15 weg. Eerder viel deze middagpauze om 12u30, maar dat bleek niet gunstig voor een aantal veergebruikers. Niet<a href=\"https:\/\/kvns.be\/verschuiving-middagpauze-sint-annaveer-te-antwerpen\/\">(Lees meer)<\/a><\/p><\/div><\/div><div class=\"fusion-clearfix\"><\/div><\/article>\n<article id=\"blog-1-post-1936\" class=\"fusion-post-medium-alternate post-1936 post type-post status-publish format-standard hentry category-vvveren-nieuws\">\n<div class=\"fusion-date-and-formats\"><div class=\"fusion-date-box updated\"><span class=\"fusion-date\">1<\/span><span class=\"fusion-month-year\">12, 2021<\/span><\/div><div class=\"fusion-format-box\"><i class=\"awb-icon-pen\" aria-hidden=\"true\"><\/i><\/div><\/div><div class=\"fusion-post-content post-content\"><h2 class=\"blog-shortcode-post-title entry-title\">Waterbus Antwerpen begroet 2 miljoenste passagier<\/h2><p class=\"fusion-single-line-meta\"><span class=\"vcard\" style=\"display: none;\"><span class=\"fn\"><a href=\"https:\/\/kvns.be\/author\/walter\/\" title=\"Berichten van Walter Resseler\" rel=\"author\">Walter Resseler<\/a><\/span><\/span><span class=\"updated\" style=\"display:none;\">2021-12-01T19:26:24+01:00<\/span><span>1 december 2021<\/span><span class=\"fusion-inline-sep\">|<\/span><\/p><div class=\"fusion-post-content-container\"><p> Op zaterdag 27 november 2021 mocht de Antwerpse Waterbus haar 2 miljoenste passagier verwelkomen. Vlaams minister Lydia Peeters zette haar in de bloemetjes. De gelukkige Katrien Van Mieghem uit Rupelmonde kreeg ook een jaarabonnement cadeau. Dat viel goed want<a href=\"https:\/\/kvns.be\/waterbus-antwerpen-begroet-2-miljoenste-passagier\/\">(Lees meer)<\/a><\/p><\/div><\/div><div class=\"fusion-clearfix\"><\/div><\/article>\n<article id=\"blog-1-post-1914\" class=\"fusion-post-medium-alternate post-1914 post type-post status-publish format-standard hentry category-vvveren-nieuws\">\n<div class=\"fusion-date-and-formats\"><div class=\"fusion-date-box updated\"><span class=\"fusion-date\">12<\/span><span class=\"fusion-month-year\">11, 2021<\/span><\/div><div class=\"fusion-format-box\"><i class=\"awb-icon-pen\" aria-hidden=\"true\"><\/i><\/div><\/div><div class=\"fusion-post-content post-content\"><h2 class=\"blog-shortcode-post-title entry-title\">Doopplechtigheid Marnix van Sint Aldegonde te Antwerpen<\/h2><p class=\"fusion-single-line-meta\"><span class=\"vcard\" style=\"display: none;\"><span class=\"fn\"><a href=\"https:\/\/kvns.be\/author\/walter\/\" title=\"Berichten van Walter Resseler\" rel=\"author\">Walter Resseler<\/a><\/span><\/span><span class=\"updated\" style=\"display:none;\">2021-11-12T10:17:01+01:00<\/span><span>12 november 2021<\/span><span class=\"fusion-inline-sep\">|<\/span><\/p><div class=\"fusion-post-content-container\"><p>       Op 9 november had de doopplechtigheid plaats van de veerboot Marnix van Sint Aldegonde aan de Antwerpse linkeroever. De co\u00f6rdinator van Vrienden van de Vlaamse Veren had de eer daarbij aanwezig te mogen<a href=\"https:\/\/kvns.be\/doopplechtigheid-marnix-van-sint-aldegonde-te-antwerpen\/\">(Lees meer)<\/a><\/p><\/div><\/div><div class=\"fusion-clearfix\"><\/div><\/article>\n<article id=\"blog-1-post-1933\" class=\"fusion-post-medium-alternate post-1933 post type-post status-publish format-standard hentry category-vvveren-nieuws\">\n<div class=\"fusion-date-and-formats\"><div class=\"fusion-date-box updated\"><span class=\"fusion-date\">7<\/span><span class=\"fusion-month-year\">11, 2021<\/span><\/div><div class=\"fusion-format-box\"><i class=\"awb-icon-pen\" aria-hidden=\"true\"><\/i><\/div><\/div><div class=\"fusion-post-content post-content\"><h2 class=\"blog-shortcode-post-title entry-title\">Ook Groen voert actie voor een betere oeververbinding in Antwerpen<\/h2><p class=\"fusion-single-line-meta\"><span class=\"vcard\" style=\"display: none;\"><span class=\"fn\"><a href=\"https:\/\/kvns.be\/author\/walter\/\" title=\"Berichten van Walter Resseler\" rel=\"author\">Walter Resseler<\/a><\/span><\/span><span class=\"updated\" style=\"display:none;\">2021-11-13T09:02:38+01:00<\/span><span>7 november 2021<\/span><span class=\"fusion-inline-sep\">|<\/span><\/p><div class=\"fusion-post-content-container\"><p> Op 29 oktober plaatsten we hier een artikel onder de hoofding 'Antwerpen heeft veerkracht nodig'. We wezen daarin op perspectieven geboden door Vlaams minister van Mobiliteit Lydia Peeters en een actie door militanten van de PvdA. Intussen kunnen we<a href=\"https:\/\/kvns.be\/ook-groen-voert-actie-voor-een-betere-oeververbinding-in-antwerpen\/\">(Lees meer)<\/a><\/p><\/div><\/div><div class=\"fusion-clearfix\"><\/div><\/article>\n<article id=\"blog-1-post-1928\" class=\"fusion-post-medium-alternate post-1928 post type-post status-publish format-standard hentry category-geen-categorie category-vvveren-nieuws\">\n<div class=\"fusion-date-and-formats\"><div class=\"fusion-date-box updated\"><span class=\"fusion-date\">30<\/span><span class=\"fusion-month-year\">10, 2021<\/span><\/div><div class=\"fusion-format-box\"><i class=\"awb-icon-pen\" aria-hidden=\"true\"><\/i><\/div><\/div><div class=\"fusion-post-content post-content\"><h2 class=\"blog-shortcode-post-title entry-title\">Schelderoute<\/h2><p class=\"fusion-single-line-meta\"><span class=\"vcard\" style=\"display: none;\"><span class=\"fn\"><a href=\"https:\/\/kvns.be\/author\/walter\/\" title=\"Berichten van Walter Resseler\" rel=\"author\">Walter Resseler<\/a><\/span><\/span><span class=\"updated\" style=\"display:none;\">2021-11-13T08:59:38+01:00<\/span><span>30 oktober 2021<\/span><span class=\"fusion-inline-sep\">|<\/span><\/p><div class=\"fusion-post-content-container\"><p> Toerisme Scheldeland biedt een Schelderoute aan van 181 km die gebruik maakt van veerdiensten. www.vlaanderenmetdefiets.be\/routes\/schelde Vrienden van de Vlaamse Veren juichen het steeds toe als er routes worden ontwikkeld die gebruik maken van de veerdiensten.    <\/p><\/div><\/div><div class=\"fusion-clearfix\"><\/div><\/article>\n<article id=\"blog-1-post-1926\" class=\"fusion-post-medium-alternate post-1926 post type-post status-publish format-standard hentry category-vvveren-nieuws\">\n<div class=\"fusion-date-and-formats\"><div class=\"fusion-date-box updated\"><span class=\"fusion-date\">30<\/span><span class=\"fusion-month-year\">10, 2021<\/span><\/div><div class=\"fusion-format-box\"><i class=\"awb-icon-pen\" aria-hidden=\"true\"><\/i><\/div><\/div><div class=\"fusion-post-content post-content\"><h2 class=\"blog-shortcode-post-title entry-title\">Watererfgoed Vlaanderen in rouw<\/h2><p class=\"fusion-single-line-meta\"><span class=\"vcard\" style=\"display: none;\"><span class=\"fn\"><a href=\"https:\/\/kvns.be\/author\/walter\/\" title=\"Berichten van Walter Resseler\" rel=\"author\">Walter Resseler<\/a><\/span><\/span><span class=\"updated\" style=\"display:none;\">2021-11-13T08:57:01+01:00<\/span><span>30 oktober 2021<\/span><span class=\"fusion-inline-sep\">|<\/span><\/p><div class=\"fusion-post-content-container\"><p> Watererfgoed Vlaanderen verloor zijn voorzitter Jean Jacques Westerlund na een kortstondige ziekteperiode. Vrienden van de Vlaamse Veren hebben via Watererfgoed Vlaanderen medeleven betuigd voor de familie en vrienden van deze bijzonder actieve erfgoedliefhebber. We vernemen dat Patrick Blond\u00e9 tijdelijk<a href=\"https:\/\/kvns.be\/watererfgoed-vlaanderen-in-rouw\/\">(Lees meer)<\/a><\/p><\/div><\/div><div class=\"fusion-clearfix\"><\/div><\/article>\n<article id=\"blog-1-post-1904\" class=\"fusion-post-medium-alternate post-1904 post type-post status-publish format-standard hentry category-vvveren-nieuws\">\n<div class=\"fusion-date-and-formats\"><div class=\"fusion-date-box updated\"><span class=\"fusion-date\">29<\/span><span class=\"fusion-month-year\">10, 2021<\/span><\/div><div class=\"fusion-format-box\"><i class=\"awb-icon-pen\" aria-hidden=\"true\"><\/i><\/div><\/div><div class=\"fusion-post-content post-content\"><h2 class=\"blog-shortcode-post-title entry-title\">Antwerpen heeft veerkracht nodig !<\/h2><p class=\"fusion-single-line-meta\"><span class=\"vcard\" style=\"display: none;\"><span class=\"fn\"><a href=\"https:\/\/kvns.be\/author\/walter\/\" title=\"Berichten van Walter Resseler\" rel=\"author\">Walter Resseler<\/a><\/span><\/span><span class=\"updated\" style=\"display:none;\">2021-10-29T19:13:47+02:00<\/span><span>29 oktober 2021<\/span><span class=\"fusion-inline-sep\">|<\/span><\/p><div class=\"fusion-post-content-container\"><p>  Verplaatsingen tussen de rechter- en de linkerscheldeoever en vice-versa zijn in Antwerpen een heikel probleem geworden voor de niet-gemotoriseerde reizigers. De liften van de Sint-Annatunnel laten het afweten, de roltrappen liggen ook soms stil wegens onderhoud (tegenwoordig elke<a href=\"https:\/\/kvns.be\/antwerpen-heeft-veerkracht-nodig\/\">(Lees meer)<\/a><\/p><\/div><\/div><div class=\"fusion-clearfix\"><\/div><\/article>\n<article id=\"blog-1-post-1931\" class=\"fusion-post-medium-alternate post-1931 post type-post status-publish format-standard hentry category-vvveren-nieuws\">\n<div class=\"fusion-date-and-formats\"><div class=\"fusion-date-box updated\"><span class=\"fusion-date\">26<\/span><span class=\"fusion-month-year\">10, 2021<\/span><\/div><div class=\"fusion-format-box\"><i class=\"awb-icon-pen\" aria-hidden=\"true\"><\/i><\/div><\/div><div class=\"fusion-post-content post-content\"><h2 class=\"blog-shortcode-post-title entry-title\">Een nieuw perspectief voor een ferry-verbinding vanuit Zeebrugge<\/h2><p class=\"fusion-single-line-meta\"><span class=\"vcard\" style=\"display: none;\"><span class=\"fn\"><a href=\"https:\/\/kvns.be\/author\/walter\/\" title=\"Berichten van Walter Resseler\" rel=\"author\">Walter Resseler<\/a><\/span><\/span><span class=\"updated\" style=\"display:none;\">2021-11-13T09:01:05+01:00<\/span><span>26 oktober 2021<\/span><span class=\"fusion-inline-sep\">|<\/span><\/p><div class=\"fusion-post-content-container\"><p> Op 26 oktober 2021 lazen we het volgende bericht in De Krant van West Vlaanderen: \u201cEen Schots parlementslid onthulde dat het havenbestuur besprekingen voert over een nieuwe dienst naar het Verenigd Koninkrijk, nadat P&amp;O Ferries eind 2020 de lijn<a href=\"https:\/\/kvns.be\/een-nieuw-perspectief-voor-een-ferry-verbinding-vanuit-zeebrugge\/\">(Lees meer)<\/a><\/p><\/div><\/div><div class=\"fusion-clearfix\"><\/div><\/article>\n<article id=\"blog-1-post-1892\" class=\"fusion-post-medium-alternate post-1892 post type-post status-publish format-standard hentry category-vvveren-nieuws\">\n<div class=\"fusion-date-and-formats\"><div class=\"fusion-date-box updated\"><span class=\"fusion-date\">5<\/span><span class=\"fusion-month-year\">10, 2021<\/span><\/div><div class=\"fusion-format-box\"><i class=\"awb-icon-pen\" aria-hidden=\"true\"><\/i><\/div><\/div><div class=\"fusion-post-content post-content\"><h2 class=\"blog-shortcode-post-title entry-title\">Nieuwe veerboot &#8216;Cyriel Buysse&#8217; in gebruik genomen op het kanaal Gent \u2013 Terneuzen<\/h2><p class=\"fusion-single-line-meta\"><span class=\"vcard\" style=\"display: none;\"><span class=\"fn\"><a href=\"https:\/\/kvns.be\/author\/walter\/\" title=\"Berichten van Walter Resseler\" rel=\"author\">Walter Resseler<\/a><\/span><\/span><span class=\"updated\" style=\"display:none;\">2021-10-05T19:11:40+02:00<\/span><span>5 oktober 2021<\/span><span class=\"fusion-inline-sep\">|<\/span><\/p><div class=\"fusion-post-content-container\"><p>     In ons land zijn er niet veel veerverbindingen voor 'alle verkeer' waarmee dus ook auto's, vrachtwagens en autobussen meekunnen. Er is er zo \u00e9\u00e9n in Limburg over de Maas met grensverkeer naar Nederland en er<a href=\"https:\/\/kvns.be\/nieuwe-veerboot-cyriel-buysse-in-gebruik-genomen-op-het-kanaal-gent-terneuzen\/\">(Lees meer)<\/a><\/p><\/div><\/div><div class=\"fusion-clearfix\"><\/div><\/article>\n<article id=\"blog-1-post-1890\" class=\"fusion-post-medium-alternate post-1890 post type-post status-publish format-standard hentry category-vvveren-nieuws\">\n<div class=\"fusion-date-and-formats\"><div class=\"fusion-date-box updated\"><span class=\"fusion-date\">22<\/span><span class=\"fusion-month-year\">09, 2021<\/span><\/div><div class=\"fusion-format-box\"><i class=\"awb-icon-pen\" aria-hidden=\"true\"><\/i><\/div><\/div><div class=\"fusion-post-content post-content\"><h2 class=\"blog-shortcode-post-title entry-title\">In 2022 zal er een tijdelijk veer varen in Mendonk over de Moervaart<\/h2><p class=\"fusion-single-line-meta\"><span class=\"vcard\" style=\"display: none;\"><span class=\"fn\"><a href=\"https:\/\/kvns.be\/author\/walter\/\" title=\"Berichten van Walter Resseler\" rel=\"author\">Walter Resseler<\/a><\/span><\/span><span class=\"updated\" style=\"display:none;\">2021-09-22T18:04:18+02:00<\/span><span>22 september 2021<\/span><span class=\"fusion-inline-sep\">|<\/span><\/p><div class=\"fusion-post-content-container\"><p> Wegens de aanleg van een nieuwe brug over de Moervaart tussen Mendonk en Sint-Kruis-Winkel zal er daar in de loop van 2022 gedurende tien maanden een tijdelijk veer ingelegd worden voor voetgangers en fietsers. Dit blijkt uit een antwoord<a href=\"https:\/\/kvns.be\/in-2022-zal-er-een-tijdelijk-veer-varen-in-mendonk-over-de-moervaart\/\">(Lees meer)<\/a><\/p><\/div><\/div><div class=\"fusion-clearfix\"><\/div><\/article>\n<article id=\"blog-1-post-1888\" class=\"fusion-post-medium-alternate post-1888 post type-post status-publish format-standard hentry category-vvveren-nieuws\">\n<div class=\"fusion-date-and-formats\"><div class=\"fusion-date-box updated\"><span class=\"fusion-date\">30<\/span><span class=\"fusion-month-year\">08, 2021<\/span><\/div><div class=\"fusion-format-box\"><i class=\"awb-icon-pen\" aria-hidden=\"true\"><\/i><\/div><\/div><div class=\"fusion-post-content post-content\"><h2 class=\"blog-shortcode-post-title entry-title\">Gentse Watertram terug in vaart vanaf 4 september 2021<\/h2><p class=\"fusion-single-line-meta\"><span class=\"vcard\" style=\"display: none;\"><span class=\"fn\"><a href=\"https:\/\/kvns.be\/author\/walter\/\" title=\"Berichten van Walter Resseler\" rel=\"author\">Walter Resseler<\/a><\/span><\/span><span class=\"updated\" style=\"display:none;\">2021-08-30T08:48:40+02:00<\/span><span>30 augustus 2021<\/span><span class=\"fusion-inline-sep\">|<\/span><\/p><div class=\"fusion-post-content-container\"><p> Wegens het gekende virusprobleem bleven ook de bootjes van de Gentse Watertram maandenlang werkloos aan de kant. Het varen wordt echter hervat door rederij Dewaele vanaf zaterdag 4 september. De watertram stopt op zes locaties: niet alleen de Graslei<a href=\"https:\/\/kvns.be\/gentse-watertram-terug-in-vaart-vanaf-4-september-2021\/\">(Lees meer)<\/a><\/p><\/div><\/div><div class=\"fusion-clearfix\"><\/div><\/article>\n<article id=\"blog-1-post-1882\" class=\"fusion-post-medium-alternate post-1882 post type-post status-publish format-standard hentry category-vvveren-nieuws\">\n<div class=\"fusion-date-and-formats\"><div class=\"fusion-date-box updated\"><span class=\"fusion-date\">8<\/span><span class=\"fusion-month-year\">08, 2021<\/span><\/div><div class=\"fusion-format-box\"><i class=\"awb-icon-pen\" aria-hidden=\"true\"><\/i><\/div><\/div><div class=\"fusion-post-content post-content\"><h2 class=\"blog-shortcode-post-title entry-title\">Tentoonstelling over historische veerpont nu van 31 augustus tot en met 7 oktober 2021 in Antwerpen<\/h2><p class=\"fusion-single-line-meta\"><span class=\"vcard\" style=\"display: none;\"><span class=\"fn\"><a href=\"https:\/\/kvns.be\/author\/walter\/\" title=\"Berichten van Walter Resseler\" rel=\"author\">Walter Resseler<\/a><\/span><\/span><span class=\"updated\" style=\"display:none;\">2021-08-08T21:19:14+02:00<\/span><span>8 augustus 2021<\/span><span class=\"fusion-inline-sep\">|<\/span><\/p><div class=\"fusion-post-content-container\"><p> Eerder hebben we reeds bericht over deze boeiende tentoonstelling die reeds te zien was in Baasrode, Deinze en Gent. Het verheugt ons zeer dat men deze binnenkort ook te Antwerpen zal kunnen bewonderen. Ook het boek zal dan in<a href=\"https:\/\/kvns.be\/tentoonstelling-over-historische-veerpont-nu-van-31-augustus-tot-en-met-7-oktober-2021-in-antwerpen\/\">(Lees meer)<\/a><\/p><\/div><\/div><div class=\"fusion-clearfix\"><\/div><\/article>\n<article id=\"blog-1-post-1873\" class=\"fusion-post-medium-alternate post-1873 post type-post status-publish format-standard hentry category-geen-categorie category-vvveren-nieuws\">\n<div class=\"fusion-date-and-formats\"><div class=\"fusion-date-box updated\"><span class=\"fusion-date\">3<\/span><span class=\"fusion-month-year\">08, 2021<\/span><\/div><div class=\"fusion-format-box\"><i class=\"awb-icon-pen\" aria-hidden=\"true\"><\/i><\/div><\/div><div class=\"fusion-post-content post-content\"><h2 class=\"blog-shortcode-post-title entry-title\">In memoriam Werner Van de Walle<\/h2><p class=\"fusion-single-line-meta\"><span class=\"vcard\" style=\"display: none;\"><span class=\"fn\"><a href=\"https:\/\/kvns.be\/author\/walter\/\" title=\"Berichten van Walter Resseler\" rel=\"author\">Walter Resseler<\/a><\/span><\/span><span class=\"updated\" style=\"display:none;\">2021-08-05T19:03:57+02:00<\/span><span>3 augustus 2021<\/span><span class=\"fusion-inline-sep\">|<\/span><\/p><div class=\"fusion-post-content-container\"><p>      We zijn diep getroffen door het te vroege heengaan van Werner Van de Walle. We vernemen dat deze sympathisant van het eerste uur overleden is in de tweede helft van de maand juli. Werner<a href=\"https:\/\/kvns.be\/in-memoriam-werner-van-de-walle\/\">(Lees meer)<\/a><\/p><\/div><\/div><div class=\"fusion-clearfix\"><\/div><\/article>\n<article id=\"blog-1-post-1870\" class=\"fusion-post-medium-alternate post-1870 post type-post status-publish format-standard hentry category-vvveren-nieuws\">\n<div class=\"fusion-date-and-formats\"><div class=\"fusion-date-box updated\"><span class=\"fusion-date\">26<\/span><span class=\"fusion-month-year\">07, 2021<\/span><\/div><div class=\"fusion-format-box\"><i class=\"awb-icon-pen\" aria-hidden=\"true\"><\/i><\/div><\/div><div class=\"fusion-post-content post-content\"><h2 class=\"blog-shortcode-post-title entry-title\">Vandalisme teistert veren te Sint Laureins<\/h2><p class=\"fusion-single-line-meta\"><span class=\"vcard\" style=\"display: none;\"><span class=\"fn\"><a href=\"https:\/\/kvns.be\/author\/walter\/\" title=\"Berichten van Walter Resseler\" rel=\"author\">Walter Resseler<\/a><\/span><\/span><span class=\"updated\" style=\"display:none;\">2021-07-26T18:08:52+02:00<\/span><span>26 juli 2021<\/span><span class=\"fusion-inline-sep\">|<\/span><\/p><div class=\"fusion-post-content-container\"><p>  Te Sint Laureins in het noorden van de provincie Oost-Vlaanderen zijn er enkele jaren geleden drie zelfbedieningsvoetveren aangelegd over het Leopoldkanaal. Deze veren zijn onderdeel van een wandellus. Spijtig genoeg krijgen deze pontjes wel eens te maken met<a href=\"https:\/\/kvns.be\/vandalisme-teistert-veren-te-sint-laureins\/\">(Lees meer)<\/a><\/p><\/div><\/div><div class=\"fusion-clearfix\"><\/div><\/article>\n<article id=\"blog-1-post-1863\" class=\"fusion-post-medium-alternate post-1863 post type-post status-publish format-standard hentry category-geen-categorie category-vvveren-nieuws\">\n<div class=\"fusion-date-and-formats\"><div class=\"fusion-date-box updated\"><span class=\"fusion-date\">20<\/span><span class=\"fusion-month-year\">07, 2021<\/span><\/div><div class=\"fusion-format-box\"><i class=\"awb-icon-pen\" aria-hidden=\"true\"><\/i><\/div><\/div><div class=\"fusion-post-content post-content\"><h2 class=\"blog-shortcode-post-title entry-title\">Veren op de Maas gestremd wegens noodweer<\/h2><p class=\"fusion-single-line-meta\"><span class=\"vcard\" style=\"display: none;\"><span class=\"fn\"><a href=\"https:\/\/kvns.be\/author\/walter\/\" title=\"Berichten van Walter Resseler\" rel=\"author\">Walter Resseler<\/a><\/span><\/span><span class=\"updated\" style=\"display:none;\">2021-07-26T10:24:39+02:00<\/span><span>20 juli 2021<\/span><span class=\"fusion-inline-sep\">|<\/span><\/p><div class=\"fusion-post-content-container\"><p>  De gevolgen van het noodweer dat Limburg en vooral het Luikse getroffen heeft zijn zonder meer dramatisch. Vrienden van de Vlaamse Veren spreken dan ook hun medeleven uit met ALLE getroffenen. Het kon niet anders dan dat ook<a href=\"https:\/\/kvns.be\/veren-op-de-maas-gestremd-wegens-noodweer\/\">(Lees meer)<\/a><\/p><\/div><\/div><div class=\"fusion-clearfix\"><\/div><\/article>\n<article id=\"blog-1-post-1861\" class=\"fusion-post-medium-alternate post-1861 post type-post status-publish format-standard hentry category-vvveren-nieuws\">\n<div class=\"fusion-date-and-formats\"><div class=\"fusion-date-box updated\"><span class=\"fusion-date\">20<\/span><span class=\"fusion-month-year\">07, 2021<\/span><\/div><div class=\"fusion-format-box\"><i class=\"awb-icon-pen\" aria-hidden=\"true\"><\/i><\/div><\/div><div class=\"fusion-post-content post-content\"><h2 class=\"blog-shortcode-post-title entry-title\">De &#8216;Raveel ontmoet Ensor&#8217; in de vaart te Oostende<\/h2><p class=\"fusion-single-line-meta\"><span class=\"vcard\" style=\"display: none;\"><span class=\"fn\"><a href=\"https:\/\/kvns.be\/author\/walter\/\" title=\"Berichten van Walter Resseler\" rel=\"author\">Walter Resseler<\/a><\/span><\/span><span class=\"updated\" style=\"display:none;\">2021-07-20T10:25:58+02:00<\/span><span>20 juli 2021<\/span><span class=\"fusion-inline-sep\">|<\/span><\/p><div class=\"fusion-post-content-container\"><p> Reeds in mei konden we op deze nieuwspagina aankondigen dat het nieuwe veerschip 'Raveel ontmoet Ensor' was aangekomen te Oostende. Omwille van de allernieuwste technologie in het schip was een scholingsperiode voor de bemanning nodig. Op 12 juli 2021<a href=\"https:\/\/kvns.be\/de-raveel-ontmoet-ensor-in-de-vaart-te-oostende\/\">(Lees meer)<\/a><\/p><\/div><\/div><div class=\"fusion-clearfix\"><\/div><\/article>\n<article id=\"blog-1-post-1848\" class=\"fusion-post-medium-alternate post-1848 post type-post status-publish format-standard hentry category-vvveren-nieuws\">\n<div class=\"fusion-date-and-formats\"><div class=\"fusion-date-box updated\"><span class=\"fusion-date\">12<\/span><span class=\"fusion-month-year\">07, 2021<\/span><\/div><div class=\"fusion-format-box\"><i class=\"awb-icon-pen\" aria-hidden=\"true\"><\/i><\/div><\/div><div class=\"fusion-post-content post-content\"><h2 class=\"blog-shortcode-post-title entry-title\">Extra beveiliging aan het Sint Annaveer te Antwerpen na incident met peuter.<\/h2><p class=\"fusion-single-line-meta\"><span class=\"vcard\" style=\"display: none;\"><span class=\"fn\"><a href=\"https:\/\/kvns.be\/author\/walter\/\" title=\"Berichten van Walter Resseler\" rel=\"author\">Walter Resseler<\/a><\/span><\/span><span class=\"updated\" style=\"display:none;\">2021-07-12T09:47:28+02:00<\/span><span>12 juli 2021<\/span><span class=\"fusion-inline-sep\">|<\/span><\/p><div class=\"fusion-post-content-container\"><p>     Zoals eerder door ons bericht raakte op zaterdag 26 juni 2021 een tweejarig meisje te water bij het Sint Annaveer aan het ponton Steenplein te Antwerpen. Gelukkig werd ze door haar vader uit het water<a href=\"https:\/\/kvns.be\/extra-beveiliging-aan-het-sint-annaveer-te-antwerpen-na-incident-met-peuter\/\">(Lees meer)<\/a><\/p><\/div><\/div><div class=\"fusion-clearfix\"><\/div><\/article>\n<article id=\"blog-1-post-1845\" class=\"fusion-post-medium-alternate post-1845 post type-post status-publish format-standard hentry category-vvveren-nieuws\">\n<div class=\"fusion-date-and-formats\"><div class=\"fusion-date-box updated\"><span class=\"fusion-date\">2<\/span><span class=\"fusion-month-year\">07, 2021<\/span><\/div><div class=\"fusion-format-box\"><i class=\"awb-icon-pen\" aria-hidden=\"true\"><\/i><\/div><\/div><div class=\"fusion-post-content post-content\"><h2 class=\"blog-shortcode-post-title entry-title\">Nieuws uit eigen huis<\/h2><p class=\"fusion-single-line-meta\"><span class=\"vcard\" style=\"display: none;\"><span class=\"fn\"><a href=\"https:\/\/kvns.be\/author\/walter\/\" title=\"Berichten van Walter Resseler\" rel=\"author\">Walter Resseler<\/a><\/span><\/span><span class=\"updated\" style=\"display:none;\">2021-07-02T09:12:10+02:00<\/span><span>2 juli 2021<\/span><span class=\"fusion-inline-sep\">|<\/span><\/p><div class=\"fusion-post-content-container\"><p>  Zoals we konden melden in onze nieuwjaarsboodschap kreeg het huis van onze co\u00f6rdinator \u00e9\u00e9n van de 50 'verwonderende schoenschrapers'. Dit is een project van kunstenares Elke Lemmens dat gefinancierd wordt met de Antwerpse burgerbegroting. Zo pas werd hier<a href=\"https:\/\/kvns.be\/nieuws-uit-eigen-huis\/\">(Lees meer)<\/a><\/p><\/div><\/div><div class=\"fusion-clearfix\"><\/div><\/article>\n<article id=\"blog-1-post-1843\" class=\"fusion-post-medium-alternate post-1843 post type-post status-publish format-standard hentry category-vvveren-nieuws\">\n<div class=\"fusion-date-and-formats\"><div class=\"fusion-date-box updated\"><span class=\"fusion-date\">2<\/span><span class=\"fusion-month-year\">07, 2021<\/span><\/div><div class=\"fusion-format-box\"><i class=\"awb-icon-pen\" aria-hidden=\"true\"><\/i><\/div><\/div><div class=\"fusion-post-content post-content\"><h2 class=\"blog-shortcode-post-title entry-title\">Een boot op zonne\u00ebnergie op de Leuvense vaart vanuit Mechelen<\/h2><p class=\"fusion-single-line-meta\"><span class=\"vcard\" style=\"display: none;\"><span class=\"fn\"><a href=\"https:\/\/kvns.be\/author\/walter\/\" title=\"Berichten van Walter Resseler\" rel=\"author\">Walter Resseler<\/a><\/span><\/span><span class=\"updated\" style=\"display:none;\">2021-07-02T09:06:44+02:00<\/span><span>2 juli 2021<\/span><span class=\"fusion-inline-sep\">|<\/span><\/p><div class=\"fusion-post-content-container\"><p> Ooit voer hier de pendeldienst tussen Mechelen en Planckendael. Nu kan men dit traject afleggen met 'Solar boat trips Mechelen'.\u00a0 Captain Sunset biedt deze zomer volgende formule aan voor de democratische prijs van \u20ac60 p.p. (inclusief maaltijd en drank<a href=\"https:\/\/kvns.be\/een-boot-op-zonneenergie-op-de-leuvense-vaart-vanuit-mechelen\/\">(Lees meer)<\/a><\/p><\/div><\/div><div class=\"fusion-clearfix\"><\/div><\/article>\n<article id=\"blog-1-post-1841\" class=\"fusion-post-medium-alternate post-1841 post type-post status-publish format-standard hentry category-vvveren-nieuws\">\n<div class=\"fusion-date-and-formats\"><div class=\"fusion-date-box updated\"><span class=\"fusion-date\">2<\/span><span class=\"fusion-month-year\">07, 2021<\/span><\/div><div class=\"fusion-format-box\"><i class=\"awb-icon-pen\" aria-hidden=\"true\"><\/i><\/div><\/div><div class=\"fusion-post-content post-content\"><h2 class=\"blog-shortcode-post-title entry-title\">Waarschijnlijk komt er deze zomer een tijdelijk veer te Humbeek Sas.<\/h2><p class=\"fusion-single-line-meta\"><span class=\"vcard\" style=\"display: none;\"><span class=\"fn\"><a href=\"https:\/\/kvns.be\/author\/walter\/\" title=\"Berichten van Walter Resseler\" rel=\"author\">Walter Resseler<\/a><\/span><\/span><span class=\"updated\" style=\"display:none;\">2021-07-02T09:05:27+02:00<\/span><span>2 juli 2021<\/span><span class=\"fusion-inline-sep\">|<\/span><\/p><div class=\"fusion-post-content-container\"><p> Vanaf 6 juli tot en met 5 september gaat de brug over het Zeekanaal Brussel \u2013 Willebroek aan Humbeek Sas dicht voor herstellingswerken. Hoogstwaarschijnlijk komt er een tijdelijk veer om de problemen voor de bewoners te verzachten, althans voor<a href=\"https:\/\/kvns.be\/waarschijnlijk-komt-er-deze-zomer-een-tijdelijk-veer-te-humbeek-sas\/\">(Lees meer)<\/a><\/p><\/div><\/div><div class=\"fusion-clearfix\"><\/div><\/article>\n<article id=\"blog-1-post-1839\" class=\"fusion-post-medium-alternate post-1839 post type-post status-publish format-standard hentry category-vvveren-nieuws\">\n<div class=\"fusion-date-and-formats\"><div class=\"fusion-date-box updated\"><span class=\"fusion-date\">2<\/span><span class=\"fusion-month-year\">07, 2021<\/span><\/div><div class=\"fusion-format-box\"><i class=\"awb-icon-pen\" aria-hidden=\"true\"><\/i><\/div><\/div><div class=\"fusion-post-content post-content\"><h2 class=\"blog-shortcode-post-title entry-title\">Peuter uit het water gered aan het Sint Annaveer te Antwerpen<\/h2><p class=\"fusion-single-line-meta\"><span class=\"vcard\" style=\"display: none;\"><span class=\"fn\"><a href=\"https:\/\/kvns.be\/author\/walter\/\" title=\"Berichten van Walter Resseler\" rel=\"author\">Walter Resseler<\/a><\/span><\/span><span class=\"updated\" style=\"display:none;\">2021-07-02T09:04:27+02:00<\/span><span>2 juli 2021<\/span><span class=\"fusion-inline-sep\">|<\/span><\/p><div class=\"fusion-post-content-container\"><p> Bange ogenblikken tijdens het laatste weekend van juni 2021. Een vader heeft zijn 2-jarig dochtertje uit het water gered bij het Sint Annaveer te Antwerpen. Het Agentschap Maritieme Dienstverlening en Kust onderzoekt hoe dit is kunnen gebeuren.  <a href=\"https:\/\/kvns.be\/peuter-uit-het-water-gered-aan-het-sint-annaveer-te-antwerpen\/\">(Lees meer)<\/a><\/p><\/div><\/div><div class=\"fusion-clearfix\"><\/div><\/article>\n<article id=\"blog-1-post-1837\" class=\"fusion-post-medium-alternate post-1837 post type-post status-publish format-standard hentry category-vvveren-nieuws\">\n<div class=\"fusion-date-and-formats\"><div class=\"fusion-date-box updated\"><span class=\"fusion-date\">2<\/span><span class=\"fusion-month-year\">07, 2021<\/span><\/div><div class=\"fusion-format-box\"><i class=\"awb-icon-pen\" aria-hidden=\"true\"><\/i><\/div><\/div><div class=\"fusion-post-content post-content\"><h2 class=\"blog-shortcode-post-title entry-title\">Veer op de Maas gestremd door hoge waterstand<\/h2><p class=\"fusion-single-line-meta\"><span class=\"vcard\" style=\"display: none;\"><span class=\"fn\"><a href=\"https:\/\/kvns.be\/author\/walter\/\" title=\"Berichten van Walter Resseler\" rel=\"author\">Walter Resseler<\/a><\/span><\/span><span class=\"updated\" style=\"display:none;\">2021-07-02T09:03:37+02:00<\/span><span>2 juli 2021<\/span><span class=\"fusion-inline-sep\">|<\/span><\/p><div class=\"fusion-post-content-container\"><p> De veerman van de 'Cramignon' die vaart tussen Eijsden (NL) en Ternaaien (Waals gewest) meldt dat hij door de hevige regenval van einde juni 2021 tot nader bericht niet kan uitvaren. De stroming op de Maas is op dit<a href=\"https:\/\/kvns.be\/veer-op-de-maas-gestremd-door-hoge-waterstand\/\">(Lees meer)<\/a><\/p><\/div><\/div><div class=\"fusion-clearfix\"><\/div><\/article>\n<article id=\"blog-1-post-1835\" class=\"fusion-post-medium-alternate post-1835 post type-post status-publish format-standard hentry category-vvveren-nieuws\">\n<div class=\"fusion-date-and-formats\"><div class=\"fusion-date-box updated\"><span class=\"fusion-date\">2<\/span><span class=\"fusion-month-year\">07, 2021<\/span><\/div><div class=\"fusion-format-box\"><i class=\"awb-icon-pen\" aria-hidden=\"true\"><\/i><\/div><\/div><div class=\"fusion-post-content post-content\"><h2 class=\"blog-shortcode-post-title entry-title\">Nieuw zelfbedieningsveer te Appels op oude Scheldearm<\/h2><p class=\"fusion-single-line-meta\"><span class=\"vcard\" style=\"display: none;\"><span class=\"fn\"><a href=\"https:\/\/kvns.be\/author\/walter\/\" title=\"Berichten van Walter Resseler\" rel=\"author\">Walter Resseler<\/a><\/span><\/span><span class=\"updated\" style=\"display:none;\">2021-07-02T09:01:12+02:00<\/span><span>2 juli 2021<\/span><span class=\"fusion-inline-sep\">|<\/span><\/p><div class=\"fusion-post-content-container\"><p> Appels bij Dendermonde is bij verenliefhebbers goed gekend vanwege het aloude veer over de Schelde naar Berlare. Mooi nieuws is dat er dichtbij dit veer over de Schelde een zelfbedieningspontje is bijgekomen. De constructie is een houten trekveer. Hiermee<a href=\"https:\/\/kvns.be\/nieuw-zelfbedieningsveer-te-appels-op-oude-scheldearm\/\">(Lees meer)<\/a><\/p><\/div><\/div><div class=\"fusion-clearfix\"><\/div><\/article>\n<article id=\"blog-1-post-1821\" class=\"fusion-post-medium-alternate post-1821 post type-post status-publish format-standard hentry category-vvveren-nieuws\">\n<div class=\"fusion-date-and-formats\"><div class=\"fusion-date-box updated\"><span class=\"fusion-date\">24<\/span><span class=\"fusion-month-year\">05, 2021<\/span><\/div><div class=\"fusion-format-box\"><i class=\"awb-icon-pen\" aria-hidden=\"true\"><\/i><\/div><\/div><div class=\"fusion-post-content post-content\"><h2 class=\"blog-shortcode-post-title entry-title\">Nieuwe veerboot &#8216;Marnix van Sint Aldegonde&#8217; vaart sedert het Pinksterweekend te Antwerpen.<\/h2><p class=\"fusion-single-line-meta\"><span class=\"vcard\" style=\"display: none;\"><span class=\"fn\"><a href=\"https:\/\/kvns.be\/author\/walter\/\" title=\"Berichten van Walter Resseler\" rel=\"author\">Walter Resseler<\/a><\/span><\/span><span class=\"updated\" style=\"display:none;\">2021-05-24T12:56:51+02:00<\/span><span>24 mei 2021<\/span><span class=\"fusion-inline-sep\">|<\/span><\/p><div class=\"fusion-post-content-container\"><p>      Net voor Pinksteren kwam de nieuwe veerboot van Vloot in de vaart op de Schelde te Antwerpen. De 'Marnix van Sint Aldegonde' wordt ingezet op het Sint Annaveer tussen het Steenplein en Linkeroever. Hij<a href=\"https:\/\/kvns.be\/nieuwe-veerboot-marnix-van-sint-aldegonde-vaart-sedert-het-pinksterweekend-te-antwerpen\/\">(Lees meer)<\/a><\/p><\/div><\/div><div class=\"fusion-clearfix\"><\/div><\/article>\n<article id=\"blog-1-post-1819\" class=\"fusion-post-medium-alternate post-1819 post type-post status-publish format-standard hentry category-vvveren-nieuws\">\n<div class=\"fusion-date-and-formats\"><div class=\"fusion-date-box updated\"><span class=\"fusion-date\">24<\/span><span class=\"fusion-month-year\">05, 2021<\/span><\/div><div class=\"fusion-format-box\"><i class=\"awb-icon-pen\" aria-hidden=\"true\"><\/i><\/div><\/div><div class=\"fusion-post-content post-content\"><h2 class=\"blog-shortcode-post-title entry-title\">Nieuwe veerboot &#8216;Raveel ontmoet Ensor&#8217; aangekomen te Oostende<\/h2><p class=\"fusion-single-line-meta\"><span class=\"vcard\" style=\"display: none;\"><span class=\"fn\"><a href=\"https:\/\/kvns.be\/author\/walter\/\" title=\"Berichten van Walter Resseler\" rel=\"author\">Walter Resseler<\/a><\/span><\/span><span class=\"updated\" style=\"display:none;\">2021-05-24T14:25:54+02:00<\/span><span>24 mei 2021<\/span><span class=\"fusion-inline-sep\">|<\/span><\/p><div class=\"fusion-post-content-container\"><p> Op 18 mei arriveerde in Oostende een vrachtschip met een opmerkelijke lading: de in Estland gebouwde veerboot 'Raveel ontmoet Ensor'. Verenliefhebbers moeten nog even geduld hebben. De nieuwe aanwinst zal nu eerst bestickerd worden met de typische motieven die<a href=\"https:\/\/kvns.be\/nieuwe-veerboot-raveel-ontmoet-ensor-aangekomen-te-oostende\/\">(Lees meer)<\/a><\/p><\/div><\/div><div class=\"fusion-clearfix\"><\/div><\/article>\n<article id=\"blog-1-post-1816\" class=\"fusion-post-medium-alternate post-1816 post type-post status-publish format-standard hentry category-vvveren-nieuws\">\n<div class=\"fusion-date-and-formats\"><div class=\"fusion-date-box updated\"><span class=\"fusion-date\">15<\/span><span class=\"fusion-month-year\">05, 2021<\/span><\/div><div class=\"fusion-format-box\"><i class=\"awb-icon-pen\" aria-hidden=\"true\"><\/i><\/div><\/div><div class=\"fusion-post-content post-content\"><h2 class=\"blog-shortcode-post-title entry-title\">Vanaf 15 mei 2021 vaart er een Watertaxi tussen Temse en Antwerpen<\/h2><p class=\"fusion-single-line-meta\"><span class=\"vcard\" style=\"display: none;\"><span class=\"fn\"><a href=\"https:\/\/kvns.be\/author\/walter\/\" title=\"Berichten van Walter Resseler\" rel=\"author\">Walter Resseler<\/a><\/span><\/span><span class=\"updated\" style=\"display:none;\">2021-05-15T10:08:18+02:00<\/span><span>15 mei 2021<\/span><span class=\"fusion-inline-sep\">|<\/span><\/p><div class=\"fusion-post-content-container\"><p> Op 15 mei 2021 is de Watertaxi tussen Temse en Antwerpen een feit. Hij vaart onder de naam Waterlimo. De initiatiefnemer is Phillippe Ophoff met zijn bedrijf XO Boating dat gevestigd is te Rupelmonde. We konden dit reeds aankondigen<a href=\"https:\/\/kvns.be\/vanaf-15-mei-2021-vaart-er-een-watertaxi-tussen-temse-en-antwerpen\/\">(Lees meer)<\/a><\/p><\/div><\/div><div class=\"fusion-clearfix\"><\/div><\/article>\n<article id=\"blog-1-post-1806\" class=\"fusion-post-medium-alternate post-1806 post type-post status-publish format-standard hentry category-geen-categorie category-vvveren-nieuws\">\n<div class=\"fusion-date-and-formats\"><div class=\"fusion-date-box updated\"><span class=\"fusion-date\">14<\/span><span class=\"fusion-month-year\">05, 2021<\/span><\/div><div class=\"fusion-format-box\"><i class=\"awb-icon-pen\" aria-hidden=\"true\"><\/i><\/div><\/div><div class=\"fusion-post-content post-content\"><h2 class=\"blog-shortcode-post-title entry-title\">Laatste Ferryboot die Belgi\u00eb met het Verenigd Koninkrijk verbond heeft ons land verlaten<\/h2><p class=\"fusion-single-line-meta\"><span class=\"vcard\" style=\"display: none;\"><span class=\"fn\"><a href=\"https:\/\/kvns.be\/author\/walter\/\" title=\"Berichten van Walter Resseler\" rel=\"author\">Walter Resseler<\/a><\/span><\/span><span class=\"updated\" style=\"display:none;\">2021-05-14T20:04:57+02:00<\/span><span>14 mei 2021<\/span><span class=\"fusion-inline-sep\">|<\/span><\/p><div class=\"fusion-post-content-container\"><p> Afscheid van een tijdperk. De verbinding Zeebrugge Hull werd stopgezet eind 2020. Nu ook afscheid van de iconische boot die op deze verbinding voer. De Pride of Bruges is op 23 april vertrokken richting Napels. Daar zou ze op<a href=\"https:\/\/kvns.be\/laatste-ferryboot-die-belgie-met-het-verenigd-koninkrijk-verbond-heeft-ons-land-verlaten\/\">(Lees meer)<\/a><\/p><\/div><\/div><div class=\"fusion-clearfix\"><\/div><\/article>\n<article id=\"blog-1-post-1801\" class=\"fusion-post-medium-alternate post-1801 post type-post status-publish format-standard hentry category-geen-categorie category-vvveren-nieuws\">\n<div class=\"fusion-date-and-formats\"><div class=\"fusion-date-box updated\"><span class=\"fusion-date\">14<\/span><span class=\"fusion-month-year\">05, 2021<\/span><\/div><div class=\"fusion-format-box\"><i class=\"awb-icon-pen\" aria-hidden=\"true\"><\/i><\/div><\/div><div class=\"fusion-post-content post-content\"><h2 class=\"blog-shortcode-post-title entry-title\">Lange afstandswandeling in het Rivierpark Maasvallei bekroond<\/h2><p class=\"fusion-single-line-meta\"><span class=\"vcard\" style=\"display: none;\"><span class=\"fn\"><a href=\"https:\/\/kvns.be\/author\/walter\/\" title=\"Berichten van Walter Resseler\" rel=\"author\">Walter Resseler<\/a><\/span><\/span><span class=\"updated\" style=\"display:none;\">2021-05-14T20:04:45+02:00<\/span><span>14 mei 2021<\/span><span class=\"fusion-inline-sep\">|<\/span><\/p><div class=\"fusion-post-content-container\"><p>  De Maas is een indrukwekkende regenrivier en vormt 40 km lang de Belgisch Nederlandse grens van Maastricht tot Kessenich. Speciaal voor liefhebbers van meerdaagse wandeltochten werd een Lange afstandswandeling ontwikkeld. Deze grensoverschrijdende tocht van 137 km verbindt de<a href=\"https:\/\/kvns.be\/lange-afstandswandeling-in-het-rivierpark-maasvallei-bekroond\/\">(Lees meer)<\/a><\/p><\/div><\/div><div class=\"fusion-clearfix\"><\/div><\/article>\n<article id=\"blog-1-post-1799\" class=\"fusion-post-medium-alternate post-1799 post type-post status-publish format-standard hentry category-geen-categorie category-vvveren-nieuws\">\n<div class=\"fusion-date-and-formats\"><div class=\"fusion-date-box updated\"><span class=\"fusion-date\">14<\/span><span class=\"fusion-month-year\">05, 2021<\/span><\/div><div class=\"fusion-format-box\"><i class=\"awb-icon-pen\" aria-hidden=\"true\"><\/i><\/div><\/div><div class=\"fusion-post-content post-content\"><h2 class=\"blog-shortcode-post-title entry-title\">Bijzonder vaarverkeer op Dender en Leie<\/h2><p class=\"fusion-single-line-meta\"><span class=\"vcard\" style=\"display: none;\"><span class=\"fn\"><a href=\"https:\/\/kvns.be\/author\/walter\/\" title=\"Berichten van Walter Resseler\" rel=\"author\">Walter Resseler<\/a><\/span><\/span><span class=\"updated\" style=\"display:none;\">2021-05-14T20:04:31+02:00<\/span><span>14 mei 2021<\/span><span class=\"fusion-inline-sep\">|<\/span><\/p><div class=\"fusion-post-content-container\"><p> Het zijn geen veerponten, maar toch even een vermelding waard: Op de Dender kan je 'Riverbikes' huren en er vanaf Aalst een parcours van 13 km mee afleggen. www.guido.be\/Nieuws\/ArticleDetail\/tabid\/251\/ArticleId\/15068\/Default.aspx Op de Leie is er dan weer een zelfplukboerderij in<a href=\"https:\/\/kvns.be\/bijzonder-vaarverkeer-op-dender-en-leie\/\">(Lees meer)<\/a><\/p><\/div><\/div><div class=\"fusion-clearfix\"><\/div><\/article>\n<article id=\"blog-1-post-1797\" class=\"fusion-post-medium-alternate post-1797 post type-post status-publish format-standard hentry category-geen-categorie category-vvveren-nieuws\">\n<div class=\"fusion-date-and-formats\"><div class=\"fusion-date-box updated\"><span class=\"fusion-date\">14<\/span><span class=\"fusion-month-year\">05, 2021<\/span><\/div><div class=\"fusion-format-box\"><i class=\"awb-icon-pen\" aria-hidden=\"true\"><\/i><\/div><\/div><div class=\"fusion-post-content post-content\"><h2 class=\"blog-shortcode-post-title entry-title\">COVID 19 maatregelen kunnen vlot gehandhaafd blijven op de veerponten<\/h2><p class=\"fusion-single-line-meta\"><span class=\"vcard\" style=\"display: none;\"><span class=\"fn\"><a href=\"https:\/\/kvns.be\/author\/walter\/\" title=\"Berichten van Walter Resseler\" rel=\"author\">Walter Resseler<\/a><\/span><\/span><span class=\"updated\" style=\"display:none;\">2021-05-14T20:04:16+02:00<\/span><span>14 mei 2021<\/span><span class=\"fusion-inline-sep\">|<\/span><\/p><div class=\"fusion-post-content-container\"><p> Sommige COVID 19 maatregelen zijn nog steeds van kracht. Zo is het aantal passagiers dat per keer mee mag nog steeds beperkt, om de nodige afstand tussen hen te kunnen garanderen. Indien nodig varen de veermannen extra heen en<a href=\"https:\/\/kvns.be\/covid-19-maatregelen-kunnen-vlot-gehandhaafd-blijven-op-de-veerponten\/\">(Lees meer)<\/a><\/p><\/div><\/div><div class=\"fusion-clearfix\"><\/div><\/article>\n<article id=\"blog-1-post-1794\" class=\"fusion-post-medium-alternate post-1794 post type-post status-publish format-standard hentry category-geen-categorie category-vvveren-nieuws\">\n<div class=\"fusion-date-and-formats\"><div class=\"fusion-date-box updated\"><span class=\"fusion-date\">14<\/span><span class=\"fusion-month-year\">05, 2021<\/span><\/div><div class=\"fusion-format-box\"><i class=\"awb-icon-pen\" aria-hidden=\"true\"><\/i><\/div><\/div><div class=\"fusion-post-content post-content\"><h2 class=\"blog-shortcode-post-title entry-title\">Seizoensgebonden veerdiensten kwamen in de vaart, zo ook de Waterbus Brussel. Covid 19 voorzorgsmaatregelen hebben daarbij soms voor vertraging gezorgd.<\/h2><p class=\"fusion-single-line-meta\"><span class=\"vcard\" style=\"display: none;\"><span class=\"fn\"><a href=\"https:\/\/kvns.be\/author\/walter\/\" title=\"Berichten van Walter Resseler\" rel=\"author\">Walter Resseler<\/a><\/span><\/span><span class=\"updated\" style=\"display:none;\">2021-05-14T20:04:00+02:00<\/span><span>14 mei 2021<\/span><span class=\"fusion-inline-sep\">|<\/span><\/p><div class=\"fusion-post-content-container\"><p> Sedert 1 mei vaart de Waterbus Brussel weer heen en weer tussen Vilvoorde en de Sainctelette site te Brussel. Reeds het achtste vaarseizoen sedert de start op 5 juli 2013. Meer info op www.waterbus.eu De drie voetveren over de<a href=\"https:\/\/kvns.be\/seizoensgebonden-veerdiensten-kwamen-in-de-vaart-zo-ook-de-waterbus-brussel-covid-19-voorzorgsmaatregelen-hebben-daarbij-soms-voor-vertraging-gezorgd\/\">(Lees meer)<\/a><\/p><\/div><\/div><div class=\"fusion-clearfix\"><\/div><\/article>\n<article id=\"blog-1-post-1792\" class=\"fusion-post-medium-alternate post-1792 post type-post status-publish format-standard hentry category-geen-categorie category-vvveren-nieuws\">\n<div class=\"fusion-date-and-formats\"><div class=\"fusion-date-box updated\"><span class=\"fusion-date\">14<\/span><span class=\"fusion-month-year\">05, 2021<\/span><\/div><div class=\"fusion-format-box\"><i class=\"awb-icon-pen\" aria-hidden=\"true\"><\/i><\/div><\/div><div class=\"fusion-post-content post-content\"><h2 class=\"blog-shortcode-post-title entry-title\">Twee nieuwe pontjes te Diksmuide over de IJzer<\/h2><p class=\"fusion-single-line-meta\"><span class=\"vcard\" style=\"display: none;\"><span class=\"fn\"><a href=\"https:\/\/kvns.be\/author\/walter\/\" title=\"Berichten van Walter Resseler\" rel=\"author\">Walter Resseler<\/a><\/span><\/span><span class=\"updated\" style=\"display:none;\">2021-07-20T16:20:24+02:00<\/span><span>14 mei 2021<\/span><span class=\"fusion-inline-sep\">|<\/span><\/p><div class=\"fusion-post-content-container\"><p> Twee elektrisch aangedreven vlotten zorgen voor de overzet over de IJzer van wandelaars en fietsers in Diksmuide .\u00a0 1 tussen de IJzerdijk ter hoogte van De Fot'Oeil en Rapestraat in het Blankaartgebied. 1 tussen de IJzerdijk nabij de Dodengang<a href=\"https:\/\/kvns.be\/twee-nieuwe-pontjes-te-diksmuide-over-de-ijzer\/\">(Lees meer)<\/a><\/p><\/div><\/div><div class=\"fusion-clearfix\"><\/div><\/article>\n<article id=\"blog-1-post-1788\" class=\"fusion-post-medium-alternate post-1788 post type-post status-publish format-standard hentry category-vvveren-nieuws\">\n<div class=\"fusion-date-and-formats\"><div class=\"fusion-date-box updated\"><span class=\"fusion-date\">5<\/span><span class=\"fusion-month-year\">04, 2021<\/span><\/div><div class=\"fusion-format-box\"><i class=\"awb-icon-pen\" aria-hidden=\"true\"><\/i><\/div><\/div><div class=\"fusion-post-content post-content\"><h2 class=\"blog-shortcode-post-title entry-title\">Passagiersvervoer over het water werd thema voor 1 aprilgrappenmakers<\/h2><p class=\"fusion-single-line-meta\"><span class=\"vcard\" style=\"display: none;\"><span class=\"fn\"><a href=\"https:\/\/kvns.be\/author\/walter\/\" title=\"Berichten van Walter Resseler\" rel=\"author\">Walter Resseler<\/a><\/span><\/span><span class=\"updated\" style=\"display:none;\">2021-04-05T13:38:56+02:00<\/span><span>5 april 2021<\/span><span class=\"fusion-inline-sep\">|<\/span><\/p><div class=\"fusion-post-content-container\"><p> Op 1 april 2021 kondigde de Waalse maatschappij voor openbaar vervoer TEC (wat staat voor Transports en Commun) een nieuwe activiteit aan : NaviTEC. Elektrische bootjes zouden gaan varen te Luik. Er zou ook een verbinding over het water<a href=\"https:\/\/kvns.be\/passagiersvervoer-over-het-water-werd-thema-voor-1-aprilgrappenmakers\/\">(Lees meer)<\/a><\/p><\/div><\/div><div class=\"fusion-clearfix\"><\/div><\/article>\n<article id=\"blog-1-post-1770\" class=\"fusion-post-medium-alternate post-1770 post type-post status-publish format-standard hentry category-vvveren-nieuws\">\n<div class=\"fusion-date-and-formats\"><div class=\"fusion-date-box updated\"><span class=\"fusion-date\">25<\/span><span class=\"fusion-month-year\">02, 2021<\/span><\/div><div class=\"fusion-format-box\"><i class=\"awb-icon-pen\" aria-hidden=\"true\"><\/i><\/div><\/div><div class=\"fusion-post-content post-content\"><h2 class=\"blog-shortcode-post-title entry-title\">Bedrijf wil van start gaan met Watertaxi\u2019s op de Schelde<\/h2><p class=\"fusion-single-line-meta\"><span class=\"vcard\" style=\"display: none;\"><span class=\"fn\"><a href=\"https:\/\/kvns.be\/author\/walter\/\" title=\"Berichten van Walter Resseler\" rel=\"author\">Walter Resseler<\/a><\/span><\/span><span class=\"updated\" style=\"display:none;\">2021-02-25T14:34:48+01:00<\/span><span>25 februari 2021<\/span><span class=\"fusion-inline-sep\">|<\/span><\/p><div class=\"fusion-post-content-container\"><p> Ondernemer Philippe Ophoff wil nog dit voorjaar werk maken van een taxidienst tussen Temse en de haven. Die zal wel wat duurder zijn dan de huidige Waterbus. Met het recent opgerichte bedrijf XO Boating wil hij nog dit voorjaar<a href=\"https:\/\/kvns.be\/bedrijf-wil-van-start-gaan-met-watertaxis-op-de-schelde\/\">(Lees meer)<\/a><\/p><\/div><\/div><div class=\"fusion-clearfix\"><\/div><\/article>\n<article id=\"blog-1-post-1760\" class=\"fusion-post-medium-alternate post-1760 post type-post status-publish format-standard hentry category-vvveren-nieuws\">\n<div class=\"fusion-date-and-formats\"><div class=\"fusion-date-box updated\"><span class=\"fusion-date\">16<\/span><span class=\"fusion-month-year\">02, 2021<\/span><\/div><div class=\"fusion-format-box\"><i class=\"awb-icon-pen\" aria-hidden=\"true\"><\/i><\/div><\/div><div class=\"fusion-post-content post-content\"><h2 class=\"blog-shortcode-post-title entry-title\">Veer te Nieuwpoort vaart tijdens Krokusvakantie<\/h2><p class=\"fusion-single-line-meta\"><span class=\"vcard\" style=\"display: none;\"><span class=\"fn\"><a href=\"https:\/\/kvns.be\/author\/walter\/\" title=\"Berichten van Walter Resseler\" rel=\"author\">Walter Resseler<\/a><\/span><\/span><span class=\"updated\" style=\"display:none;\">2021-02-16T20:28:48+01:00<\/span><span>16 februari 2021<\/span><span class=\"fusion-inline-sep\">|<\/span><\/p><div class=\"fusion-post-content-container\"><p> Zoals voorzien vaart de veerboot te Nieuwpoort in de winterperiode tussen 1 oktober en 31 maart niet op weekdagen, dus enkel tijdens het weekend en op feestdagen. Tijdens periodes met schoolvakantie vaart het veer evenwel dagelijks. Zo ook tijdens<a href=\"https:\/\/kvns.be\/veer-te-nieuwpoort-vaart-tijdens-krokusvakantie\/\">(Lees meer)<\/a><\/p><\/div><\/div><div class=\"fusion-clearfix\"><\/div><\/article>\n<article id=\"blog-1-post-1754\" class=\"fusion-post-medium-alternate post-1754 post type-post status-publish format-standard hentry category-vvveren-nieuws\">\n<div class=\"fusion-date-and-formats\"><div class=\"fusion-date-box updated\"><span class=\"fusion-date\">16<\/span><span class=\"fusion-month-year\">02, 2021<\/span><\/div><div class=\"fusion-format-box\"><i class=\"awb-icon-pen\" aria-hidden=\"true\"><\/i><\/div><\/div><div class=\"fusion-post-content post-content\"><h2 class=\"blog-shortcode-post-title entry-title\">Ons pleidooi voor een zeer frequent varend veer te Antwerpen<\/h2><p class=\"fusion-single-line-meta\"><span class=\"vcard\" style=\"display: none;\"><span class=\"fn\"><a href=\"https:\/\/kvns.be\/author\/walter\/\" title=\"Berichten van Walter Resseler\" rel=\"author\">Walter Resseler<\/a><\/span><\/span><span class=\"updated\" style=\"display:none;\">2021-02-16T20:25:40+01:00<\/span><span>16 februari 2021<\/span><span class=\"fusion-inline-sep\">|<\/span><\/p><div class=\"fusion-post-content-container\"><p> Foto's van de veerverbinding over het IJ te Amsterdam door Julian Morgan en Walter Resseler   In Antwerpen ontstond er discussie over de plannen van het stadsbestuur om een fietsbrug aan te leggen over de Schelde ter hoogte<a href=\"https:\/\/kvns.be\/ons-pleidooi-voor-een-zeer-frequent-varend-veer-te-antwerpen\/\">(Lees meer)<\/a><\/p><\/div><\/div><div class=\"fusion-clearfix\"><\/div><\/article>\n<article id=\"blog-1-post-1746\" class=\"fusion-post-medium-alternate post-1746 post type-post status-publish format-standard hentry category-geen-categorie category-vvveren-nieuws\">\n<div class=\"fusion-date-and-formats\"><div class=\"fusion-date-box updated\"><span class=\"fusion-date\">16<\/span><span class=\"fusion-month-year\">02, 2021<\/span><\/div><div class=\"fusion-format-box\"><i class=\"awb-icon-pen\" aria-hidden=\"true\"><\/i><\/div><\/div><div class=\"fusion-post-content post-content\"><h2 class=\"blog-shortcode-post-title entry-title\">Goed vooruitzicht op de aanleg van een trekveer over de Oude Schelde tussen Bornem en Weert<\/h2><p class=\"fusion-single-line-meta\"><span class=\"vcard\" style=\"display: none;\"><span class=\"fn\"><a href=\"https:\/\/kvns.be\/author\/walter\/\" title=\"Berichten van Walter Resseler\" rel=\"author\">Walter Resseler<\/a><\/span><\/span><span class=\"updated\" style=\"display:none;\">2021-02-16T20:46:37+01:00<\/span><span>16 februari 2021<\/span><span class=\"fusion-inline-sep\">|<\/span><\/p><div class=\"fusion-post-content-container\"><p> Op 11 februari 2021 berichtte de nieuwssite van VRT het volgende: \u201cDe gemeente Bornem is overeengekomen met kasteeldomein Marnix de Sainte Aldegonde om de veerdienst weer in te voeren. De Oude Schelde is een oude arm van de Schelde<a href=\"https:\/\/kvns.be\/goed-vooruitzicht-op-de-aanleg-van-een-trekveer-over-de-oude-schelde-tussen-bornem-en-weert\/\">(Lees meer)<\/a><\/p><\/div><\/div><div class=\"fusion-clearfix\"><\/div><\/article>\n<article id=\"blog-1-post-1713\" class=\"fusion-post-medium-alternate post-1713 post type-post status-publish format-standard hentry category-vvveren-nieuws\">\n<div class=\"fusion-date-and-formats\"><div class=\"fusion-date-box updated\"><span class=\"fusion-date\">31<\/span><span class=\"fusion-month-year\">12, 2020<\/span><\/div><div class=\"fusion-format-box\"><i class=\"awb-icon-pen\" aria-hidden=\"true\"><\/i><\/div><\/div><div class=\"fusion-post-content post-content\"><h2 class=\"blog-shortcode-post-title entry-title\">Ferry Zeebrugge \u2013 Hull stopgezet<\/h2><p class=\"fusion-single-line-meta\"><span class=\"vcard\" style=\"display: none;\"><span class=\"fn\"><a href=\"https:\/\/kvns.be\/author\/walter\/\" title=\"Berichten van Walter Resseler\" rel=\"author\">Walter Resseler<\/a><\/span><\/span><span class=\"updated\" style=\"display:none;\">2021-05-14T20:07:51+02:00<\/span><span>31 december 2020<\/span><span class=\"fusion-inline-sep\">|<\/span><\/p><div class=\"fusion-post-content-container\"><p> Op dinsdag 29 december 2020 verliet de 'Pride of Bruges' voor de laatste maal Hull in Groot-Brittanni\u00eb met als bestemming Zeebrugge. Corona en de komende Brexit zouden de oorzaak zijn dat het zo snel afliep met deze Ferry-verbinding voor<a href=\"https:\/\/kvns.be\/ferry-zeebrugge-hull-stopgezet\/\">(Lees meer)<\/a><\/p><\/div><\/div><div class=\"fusion-clearfix\"><\/div><\/article>\n<article id=\"blog-1-post-1741\" class=\"fusion-post-medium-alternate post-1741 post type-post status-publish format-standard hentry category-geen-categorie category-vvveren-nieuws\">\n<div class=\"fusion-date-and-formats\"><div class=\"fusion-date-box updated\"><span class=\"fusion-date\">29<\/span><span class=\"fusion-month-year\">12, 2020<\/span><\/div><div class=\"fusion-format-box\"><i class=\"awb-icon-pen\" aria-hidden=\"true\"><\/i><\/div><\/div><div class=\"fusion-post-content post-content\"><h2 class=\"blog-shortcode-post-title entry-title\">De Waterbus wordt vanaf 1 1 2021 beheerd door MDK , andere veerdiensten volgen op termijn.<\/h2><p class=\"fusion-single-line-meta\"><span class=\"vcard\" style=\"display: none;\"><span class=\"fn\"><a href=\"https:\/\/kvns.be\/author\/walter\/\" title=\"Berichten van Walter Resseler\" rel=\"author\">Walter Resseler<\/a><\/span><\/span><span class=\"updated\" style=\"display:none;\">2020-12-30T09:41:18+01:00<\/span><span>29 december 2020<\/span><span class=\"fusion-inline-sep\">|<\/span><\/p><div class=\"fusion-post-content-container\"><p> Op 4 december keurde de Vlaamse Regering de overdracht goed van het beheer van de Waterbus (Antwerpen) naar het Agentschap Maritieme dienstverlening en Kust (MDK). Dit gebeurt in uitvoering van het Regeerakkoord van de Vlaamse Regering. Personenmobiliteit over het<a href=\"https:\/\/kvns.be\/de-waterbus-wordt-vanaf-1-1-2021-beheerd-door-mdk-andere-veerdiensten-volgen-op-termijn\/\">(Lees meer)<\/a><\/p><\/div><\/div><div class=\"fusion-clearfix\"><\/div><\/article>\n<article id=\"blog-1-post-1726\" class=\"fusion-post-medium-alternate post-1726 post type-post status-publish format-standard hentry category-geen-categorie category-vvveren-nieuws\">\n<div class=\"fusion-date-and-formats\"><div class=\"fusion-date-box updated\"><span class=\"fusion-date\">22<\/span><span class=\"fusion-month-year\">12, 2020<\/span><\/div><div class=\"fusion-format-box\"><i class=\"awb-icon-pen\" aria-hidden=\"true\"><\/i><\/div><\/div><div class=\"fusion-post-content post-content\"><h2 class=\"blog-shortcode-post-title entry-title\">Nieuwjaarsbrief<\/h2><p class=\"fusion-single-line-meta\"><span class=\"vcard\" style=\"display: none;\"><span class=\"fn\"><a href=\"https:\/\/kvns.be\/author\/walter\/\" title=\"Berichten van Walter Resseler\" rel=\"author\">Walter Resseler<\/a><\/span><\/span><span class=\"updated\" style=\"display:none;\">2020-12-07T13:52:31+01:00<\/span><span>22 december 2020<\/span><span class=\"fusion-inline-sep\">|<\/span><\/p><div class=\"fusion-post-content-container\"><p> Beste verenvriend, 2020 liep voor niemand van ons zoals we het gepland hadden. Ook Vrienden van de Vlaamse Veren hebben zich aan de omstandigheden aangepast. De viering van ons 20-jarig jubileum hebben we voor onbepaalde tijd uitgesteld. Gelukkig kan<a href=\"https:\/\/kvns.be\/nieuwjaarsbrief\/\">(Lees meer)<\/a><\/p><\/div><\/div><div class=\"fusion-clearfix\"><\/div><\/article>\n<article id=\"blog-1-post-1737\" class=\"fusion-post-medium-alternate post-1737 post type-post status-publish format-standard hentry category-vvveren-nieuws\">\n<div class=\"fusion-date-and-formats\"><div class=\"fusion-date-box updated\"><span class=\"fusion-date\">7<\/span><span class=\"fusion-month-year\">12, 2020<\/span><\/div><div class=\"fusion-format-box\"><i class=\"awb-icon-pen\" aria-hidden=\"true\"><\/i><\/div><\/div><div class=\"fusion-post-content post-content\"><h2 class=\"blog-shortcode-post-title entry-title\">Update betreffende de Tentoonstelling die het historisch veer Gottem \u2013 Machelen over de Leie belicht.<\/h2><p class=\"fusion-single-line-meta\"><span class=\"vcard\" style=\"display: none;\"><span class=\"fn\"><a href=\"https:\/\/kvns.be\/author\/walter\/\" title=\"Berichten van Walter Resseler\" rel=\"author\">Walter Resseler<\/a><\/span><\/span><span class=\"updated\" style=\"display:none;\">2020-12-07T15:43:57+01:00<\/span><span>7 december 2020<\/span><span class=\"fusion-inline-sep\">|<\/span><\/p><div class=\"fusion-post-content-container\"><p> Aanvulling op ons bericht van 15 september 2020 Het verheugt ons dat de geplande tentoonstelling die we reeds op 20 mei mochten aankondigen doorgaat in coronaproof omstandigheden. De opening in het MUDEL te Deinze zal kunnen plaats hebben op<a href=\"https:\/\/kvns.be\/update-betreffende-de-tentoonstelling-die-het-historisch-veer-gottem-machelen-over-de-leie-belicht\/\">(Lees meer)<\/a><\/p><\/div><\/div><div class=\"fusion-clearfix\"><\/div><\/article>\n<article id=\"blog-1-post-1722\" class=\"fusion-post-medium-alternate post-1722 post type-post status-publish format-standard hentry category-vvveren-nieuws\">\n<div class=\"fusion-date-and-formats\"><div class=\"fusion-date-box updated\"><span class=\"fusion-date\">11<\/span><span class=\"fusion-month-year\">11, 2020<\/span><\/div><div class=\"fusion-format-box\"><i class=\"awb-icon-pen\" aria-hidden=\"true\"><\/i><\/div><\/div><div class=\"fusion-post-content post-content\"><h2 class=\"blog-shortcode-post-title entry-title\">Luc Wuytack (1943-2020)<\/h2><p class=\"fusion-single-line-meta\"><span class=\"vcard\" style=\"display: none;\"><span class=\"fn\"><a href=\"https:\/\/kvns.be\/author\/walter\/\" title=\"Berichten van Walter Resseler\" rel=\"author\">Walter Resseler<\/a><\/span><\/span><span class=\"updated\" style=\"display:none;\">2020-11-11T14:55:00+01:00<\/span><span>11 november 2020<\/span><span class=\"fusion-inline-sep\">|<\/span><\/p><div class=\"fusion-post-content-container\"><p> We vernemen het heengaan van een actief lid van Vrienden van de Vlaamse Veren. Luc Wuytack was een gewaardeerd hoogleraar wiskunde aan de Antwerpse Universiteit. Milieubewust als hij was werd hij een van de oprichters van de Aartselaarse partij<a href=\"https:\/\/kvns.be\/luc-wuytack-1943-2020\/\">(Lees meer)<\/a><\/p><\/div><\/div><div class=\"fusion-clearfix\"><\/div><\/article>\n<article id=\"blog-1-post-1715\" class=\"fusion-post-medium-alternate post-1715 post type-post status-publish format-standard hentry category-vvveren-nieuws\">\n<div class=\"fusion-date-and-formats\"><div class=\"fusion-date-box updated\"><span class=\"fusion-date\">26<\/span><span class=\"fusion-month-year\">10, 2020<\/span><\/div><div class=\"fusion-format-box\"><i class=\"awb-icon-pen\" aria-hidden=\"true\"><\/i><\/div><\/div><div class=\"fusion-post-content post-content\"><h2 class=\"blog-shortcode-post-title entry-title\">Aansluiting nieuwe cruiseterminal te Antwerpen op Waterbus en veer.<\/h2><p class=\"fusion-single-line-meta\"><span class=\"vcard\" style=\"display: none;\"><span class=\"fn\"><a href=\"https:\/\/kvns.be\/author\/walter\/\" title=\"Berichten van Walter Resseler\" rel=\"author\">Walter Resseler<\/a><\/span><\/span><span class=\"updated\" style=\"display:none;\">2020-10-26T09:49:18+01:00<\/span><span>26 oktober 2020<\/span><span class=\"fusion-inline-sep\">|<\/span><\/p><div class=\"fusion-post-content-container\"><p> In Antwerpen komt er een nieuwe cruiseterminal ter hoogte van het Steen. Momenteel worden de verschillende onderdelen ter plekke gemonteerd. Als alles volgens plan verloopt zal de terminal in de loop van het voorjaar 2021 in gebruik genomen worden.<a href=\"https:\/\/kvns.be\/aansluiting-nieuwe-cruiseterminal-te-antwerpen-op-waterbus-en-veer\/\">(Lees meer)<\/a><\/p><\/div><\/div><div class=\"fusion-clearfix\"><\/div><\/article>\n<article id=\"blog-1-post-1704\" class=\"fusion-post-medium-alternate post-1704 post type-post status-publish format-standard hentry category-vvveren-nieuws\">\n<div class=\"fusion-date-and-formats\"><div class=\"fusion-date-box updated\"><span class=\"fusion-date\">28<\/span><span class=\"fusion-month-year\">09, 2020<\/span><\/div><div class=\"fusion-format-box\"><i class=\"awb-icon-pen\" aria-hidden=\"true\"><\/i><\/div><\/div><div class=\"fusion-post-content post-content\"><h2 class=\"blog-shortcode-post-title entry-title\">De veerboten van Oostende blijven tot het einde van herfstvakantie varen volgens de zomerdienstregeling.<\/h2><p class=\"fusion-single-line-meta\"><span class=\"vcard\" style=\"display: none;\"><span class=\"fn\"><a href=\"https:\/\/kvns.be\/author\/walter\/\" title=\"Berichten van Walter Resseler\" rel=\"author\">Walter Resseler<\/a><\/span><\/span><span class=\"updated\" style=\"display:none;\">2020-09-28T14:48:49+02:00<\/span><span>28 september 2020<\/span><span class=\"fusion-inline-sep\">|<\/span><\/p><div class=\"fusion-post-content-container\"><p>  De veerboten \u2018Roger Raveel\u2019 en \u2018Het rode vierkant op zee\u2019 brengen voetgangers en fietsers het hele jaar door gratis van de westeroever (de Visserskaai ter hoogte van het Noordzeeaquarium) naar de oosteroever (het Maritiem Plein) en omgekeerd. De<a href=\"https:\/\/kvns.be\/de-veerboten-van-oostende-blijven-tot-het-einde-van-herfstvakantie-varen-volgens-de-zomerdienstregeling\/\">(Lees meer)<\/a><\/p><\/div><\/div><div class=\"fusion-clearfix\"><\/div><\/article>\n<article id=\"blog-1-post-1701\" class=\"fusion-post-medium-alternate post-1701 post type-post status-publish format-standard hentry category-geen-categorie\">\n<div class=\"fusion-date-and-formats\"><div class=\"fusion-date-box updated\"><span class=\"fusion-date\">15<\/span><span class=\"fusion-month-year\">09, 2020<\/span><\/div><div class=\"fusion-format-box\"><i class=\"awb-icon-pen\" aria-hidden=\"true\"><\/i><\/div><\/div><div class=\"fusion-post-content post-content\"><h2 class=\"blog-shortcode-post-title entry-title\">Tentoonstelling belicht historisch veer Gottem \u2013 Machelen over de Leie<\/h2><p class=\"fusion-single-line-meta\"><span class=\"vcard\" style=\"display: none;\"><span class=\"fn\"><a href=\"https:\/\/kvns.be\/author\/walter\/\" title=\"Berichten van Walter Resseler\" rel=\"author\">Walter Resseler<\/a><\/span><\/span><span class=\"updated\" style=\"display:none;\">2020-12-07T15:50:23+01:00<\/span><span>15 september 2020<\/span><span class=\"fusion-inline-sep\">|<\/span><\/p><div class=\"fusion-post-content-container\"><p> Het verheugt ons dat de geplande tentoonstelling die we reeds op 20 mei mochten aankondigen doorgaat in coronaproof omstandigheden. Frits De Waele en Andr\u00e9 Goeminne, actieve leden van Watererfgoed Vlaanderen, kondigen een publicatie aan over de scheepswerf Cyriel De<a href=\"https:\/\/kvns.be\/tentoonstelling-belicht-historisch-veer-gottem-machelen-over-de-leie\/\">(Lees meer)<\/a><\/p><\/div><\/div><div class=\"fusion-clearfix\"><\/div><\/article>\n<article id=\"blog-1-post-1699\" class=\"fusion-post-medium-alternate post-1699 post type-post status-publish format-standard hentry category-vvveren-nieuws\">\n<div class=\"fusion-date-and-formats\"><div class=\"fusion-date-box updated\"><span class=\"fusion-date\">15<\/span><span class=\"fusion-month-year\">09, 2020<\/span><\/div><div class=\"fusion-format-box\"><i class=\"awb-icon-pen\" aria-hidden=\"true\"><\/i><\/div><\/div><div class=\"fusion-post-content post-content\"><h2 class=\"blog-shortcode-post-title entry-title\">Twee elektrische veerschepen op komst bij Vloot<\/h2><p class=\"fusion-single-line-meta\"><span class=\"vcard\" style=\"display: none;\"><span class=\"fn\"><a href=\"https:\/\/kvns.be\/author\/walter\/\" title=\"Berichten van Walter Resseler\" rel=\"author\">Walter Resseler<\/a><\/span><\/span><span class=\"updated\" style=\"display:none;\">2020-09-15T19:55:00+02:00<\/span><span>15 september 2020<\/span><span class=\"fusion-inline-sep\">|<\/span><\/p><div class=\"fusion-post-content-container\"><p> DAB Vloot is de rederij van de Vlaamse Overheid. Die verwerft in de komende jaren twee nieuwe veerschepen die elektrisch zullen varen. De 'Raveel ontmoet Ensor' is reeds in aanbouw en zal ingezet worden te Oostende. Verder is er<a href=\"https:\/\/kvns.be\/twee-elektrische-veerschepen-op-komst-bij-vloot\/\">(Lees meer)<\/a><\/p><\/div><\/div><div class=\"fusion-clearfix\"><\/div><\/article>\n<article id=\"blog-1-post-1692\" class=\"fusion-post-medium-alternate post-1692 post type-post status-publish format-standard hentry category-vvveren-nieuws\">\n<div class=\"fusion-date-and-formats\"><div class=\"fusion-date-box updated\"><span class=\"fusion-date\">13<\/span><span class=\"fusion-month-year\">08, 2020<\/span><\/div><div class=\"fusion-format-box\"><i class=\"awb-icon-pen\" aria-hidden=\"true\"><\/i><\/div><\/div><div class=\"fusion-post-content post-content\"><h2 class=\"blog-shortcode-post-title entry-title\">Veerdienst Hoboken \u2013 Kruibeke laatste weekend van september 2020 gestremd<\/h2><p class=\"fusion-single-line-meta\"><span class=\"vcard\" style=\"display: none;\"><span class=\"fn\"><a href=\"https:\/\/kvns.be\/author\/walter\/\" title=\"Berichten van Walter Resseler\" rel=\"author\">Walter Resseler<\/a><\/span><\/span><span class=\"updated\" style=\"display:none;\">2020-08-13T15:57:57+02:00<\/span><span>13 augustus 2020<\/span><span class=\"fusion-inline-sep\">|<\/span><\/p><div class=\"fusion-post-content-container\"><p> De Vlaamse Waterweg nv deelt mee dat de toegangsbrug en het vlotponton van de veersteiger in Hoboken zullen vervangen worden. Deze werken hebben plaats van zaterdag 26 september tot en met zondag 27 september. De veerdienst Hoboken - Kruibeke<a href=\"https:\/\/kvns.be\/veerdienst-hoboken-kruibeke-laatste-weekend-van-september-2020-gestremd\/\">(Lees meer)<\/a><\/p><\/div><\/div><div class=\"fusion-clearfix\"><\/div><\/article>\n<article id=\"blog-1-post-1685\" class=\"fusion-post-medium-alternate post-1685 post type-post status-publish format-standard hentry category-geen-categorie category-vvveren-nieuws\">\n<div class=\"fusion-date-and-formats\"><div class=\"fusion-date-box updated\"><span class=\"fusion-date\">11<\/span><span class=\"fusion-month-year\">08, 2020<\/span><\/div><div class=\"fusion-format-box\"><i class=\"awb-icon-pen\" aria-hidden=\"true\"><\/i><\/div><\/div><div class=\"fusion-post-content post-content\"><h2 class=\"blog-shortcode-post-title entry-title\">Welke toekomst voor veerverbinding naar Doel ?<\/h2><p class=\"fusion-single-line-meta\"><span class=\"vcard\" style=\"display: none;\"><span class=\"fn\"><a href=\"https:\/\/kvns.be\/author\/walter\/\" title=\"Berichten van Walter Resseler\" rel=\"author\">Walter Resseler<\/a><\/span><\/span><span class=\"updated\" style=\"display:none;\">2020-08-11T10:35:52+02:00<\/span><span>11 augustus 2020<\/span><span class=\"fusion-inline-sep\">|<\/span><\/p><div class=\"fusion-post-content-container\"><p> Steiger te Doel - in 2020 niet bediend   Normalerwijze zou deze week de 46e Scheldewijding plaats gevonden hebben te Doel. Ook hier strooide corona roet in het eten. Het evenement kon om evidente redenen helaas niet plaats<a href=\"https:\/\/kvns.be\/welke-toekomst-voor-veerverbinding-naar-doel\/\">(Lees meer)<\/a><\/p><\/div><\/div><div class=\"fusion-clearfix\"><\/div><\/article>\n<article id=\"blog-1-post-1679\" class=\"fusion-post-medium-alternate post-1679 post type-post status-publish format-standard hentry category-vvveren-nieuws\">\n<div class=\"fusion-date-and-formats\"><div class=\"fusion-date-box updated\"><span class=\"fusion-date\">6<\/span><span class=\"fusion-month-year\">08, 2020<\/span><\/div><div class=\"fusion-format-box\"><i class=\"awb-icon-pen\" aria-hidden=\"true\"><\/i><\/div><\/div><div class=\"fusion-post-content post-content\"><h2 class=\"blog-shortcode-post-title entry-title\">Nieuwe veerboot voor de Schelde te water gelaten<\/h2><p class=\"fusion-single-line-meta\"><span class=\"vcard\" style=\"display: none;\"><span class=\"fn\"><a href=\"https:\/\/kvns.be\/author\/walter\/\" title=\"Berichten van Walter Resseler\" rel=\"author\">Walter Resseler<\/a><\/span><\/span><span class=\"updated\" style=\"display:none;\">2020-08-06T14:32:22+02:00<\/span><span>6 augustus 2020<\/span><span class=\"fusion-inline-sep\">|<\/span><\/p><div class=\"fusion-post-content-container\"><p> Als alles volgens plan verloopt zal er eind 2020 een nieuw veerschip varen op de Schelde. De bouw van de nieuwe 'Marnix van Sint-Aldegonde' werd reeds in november 2018 in de pers aangekondigd. Het schip wordt gebouwd in Estland<a href=\"https:\/\/kvns.be\/nieuwe-veerboot-voor-de-schelde-te-water-gelaten\/\">(Lees meer)<\/a><\/p><\/div><\/div><div class=\"fusion-clearfix\"><\/div><\/article>\n<article id=\"blog-1-post-1675\" class=\"fusion-post-medium-alternate post-1675 post type-post status-publish format-standard hentry category-vvveren-nieuws\">\n<div class=\"fusion-date-and-formats\"><div class=\"fusion-date-box updated\"><span class=\"fusion-date\">6<\/span><span class=\"fusion-month-year\">08, 2020<\/span><\/div><div class=\"fusion-format-box\"><i class=\"awb-icon-pen\" aria-hidden=\"true\"><\/i><\/div><\/div><div class=\"fusion-post-content post-content\"><h2 class=\"blog-shortcode-post-title entry-title\">Zelfbedieningsveer te Sint Laureins snel terug in de vaart na vandalisme<\/h2><p class=\"fusion-single-line-meta\"><span class=\"vcard\" style=\"display: none;\"><span class=\"fn\"><a href=\"https:\/\/kvns.be\/author\/walter\/\" title=\"Berichten van Walter Resseler\" rel=\"author\">Walter Resseler<\/a><\/span><\/span><span class=\"updated\" style=\"display:none;\">2020-08-06T14:07:37+02:00<\/span><span>6 augustus 2020<\/span><span class=\"fusion-inline-sep\">|<\/span><\/p><div class=\"fusion-post-content-container\"><p> In de nacht van 1 op 2 augustus werd het middelste van de drie zelfbedieningsveren over het Leopoldkanaal te Sint Laureins door vandalen omver gekiept. Het betreft het pontje ter hoogte van de Houtlanddijk in Sint Jan in Eremo.<a href=\"https:\/\/kvns.be\/zelfbedieningsveer-te-sint-laureins-snel-terug-in-de-vaart-na-vandalisme\/\">(Lees meer)<\/a><\/p><\/div><\/div><div class=\"fusion-clearfix\"><\/div><\/article>\n<article id=\"blog-1-post-1672\" class=\"fusion-post-medium-alternate post-1672 post type-post status-publish format-standard hentry category-geen-categorie category-vvveren-nieuws\">\n<div class=\"fusion-date-and-formats\"><div class=\"fusion-date-box updated\"><span class=\"fusion-date\">6<\/span><span class=\"fusion-month-year\">08, 2020<\/span><\/div><div class=\"fusion-format-box\"><i class=\"awb-icon-pen\" aria-hidden=\"true\"><\/i><\/div><\/div><div class=\"fusion-post-content post-content\"><h2 class=\"blog-shortcode-post-title entry-title\">De Lini vaart tijdelijk te Tisselt (aanvulling op ons bericht uit juni)<\/h2><p class=\"fusion-single-line-meta\"><span class=\"vcard\" style=\"display: none;\"><span class=\"fn\"><a href=\"https:\/\/kvns.be\/author\/walter\/\" title=\"Berichten van Walter Resseler\" rel=\"author\">Walter Resseler<\/a><\/span><\/span><span class=\"updated\" style=\"display:none;\">2020-08-06T13:56:13+02:00<\/span><span>6 augustus 2020<\/span><span class=\"fusion-inline-sep\">|<\/span><\/p><div class=\"fusion-post-content-container\"><p> Tisselt is een deelgemeente van Willebroek en wordt doorsneden door het kanaal Brussel \u2013 Willebroek. Telkens de Brielenbrug over het kanaal buiten gebruik is zorgt dit voor kopbrekens, in het bijzonder voor fietsers en voetgangers. Dit was zes jaar<a href=\"https:\/\/kvns.be\/de-lini-vaart-tijdelijk-te-tisselt-aanvulling-op-ons-bericht-uit-juni\/\">(Lees meer)<\/a><\/p><\/div><\/div><div class=\"fusion-clearfix\"><\/div><\/article>\n<article id=\"blog-1-post-1666\" class=\"fusion-post-medium-alternate post-1666 post type-post status-publish format-standard hentry category-vvveren-nieuws\">\n<div class=\"fusion-date-and-formats\"><div class=\"fusion-date-box updated\"><span class=\"fusion-date\">20<\/span><span class=\"fusion-month-year\">06, 2020<\/span><\/div><div class=\"fusion-format-box\"><i class=\"awb-icon-pen\" aria-hidden=\"true\"><\/i><\/div><\/div><div class=\"fusion-post-content post-content\"><h2 class=\"blog-shortcode-post-title entry-title\">Beperkingen blijven bestaan op de Veren<\/h2><p class=\"fusion-single-line-meta\"><span class=\"vcard\" style=\"display: none;\"><span class=\"fn\"><a href=\"https:\/\/kvns.be\/author\/walter\/\" title=\"Berichten van Walter Resseler\" rel=\"author\">Walter Resseler<\/a><\/span><\/span><span class=\"updated\" style=\"display:none;\">2020-06-20T18:20:47+02:00<\/span><span>20 juni 2020<\/span><span class=\"fusion-inline-sep\">|<\/span><\/p><div class=\"fusion-post-content-container\"><p> Op bijna alle veren in Nederland en Belgi\u00eb geldt de verplichting om een mondmasker te dragen vanaf het betreden van steigers en pontons,\u00a0 Ook wordt het aantal passagiers per overvaart zo wat overal beperkt in aantal. Gevraagd wordt om<a href=\"https:\/\/kvns.be\/beperkingen-blijven-bestaan-op-de-veren\/\">(Lees meer)<\/a><\/p><\/div><\/div><div class=\"fusion-clearfix\"><\/div><\/article>\n<article id=\"blog-1-post-1661\" class=\"fusion-post-medium-alternate post-1661 post type-post status-publish format-standard hentry category-vvveren-nieuws\">\n<div class=\"fusion-date-and-formats\"><div class=\"fusion-date-box updated\"><span class=\"fusion-date\">20<\/span><span class=\"fusion-month-year\">06, 2020<\/span><\/div><div class=\"fusion-format-box\"><i class=\"awb-icon-pen\" aria-hidden=\"true\"><\/i><\/div><\/div><div class=\"fusion-post-content post-content\"><h2 class=\"blog-shortcode-post-title entry-title\">Geleidelijke hervatting dienstverlening veerponten op de Maas<\/h2><p class=\"fusion-single-line-meta\"><span class=\"vcard\" style=\"display: none;\"><span class=\"fn\"><a href=\"https:\/\/kvns.be\/author\/walter\/\" title=\"Berichten van Walter Resseler\" rel=\"author\">Walter Resseler<\/a><\/span><\/span><span class=\"updated\" style=\"display:none;\">2020-06-20T18:20:34+02:00<\/span><span>20 juni 2020<\/span><span class=\"fusion-inline-sep\">|<\/span><\/p><div class=\"fusion-post-content-container\"><p> Verbindingen met Nederland De meeste veerponten op het Belgische gedeelte van de Maas verbinden Nederlands Limburg met Belgisch Limburg. Wegens de coronamaatregelen heeft dit grensverkeer lange tijd stilgelegen. Drie fiets\/voetveren aldaar zullen pas op 1 juli 2020 het varen<a href=\"https:\/\/kvns.be\/geleidelijke-hervatting-dienstverlening-veerponten-op-de-maas\/\">(Lees meer)<\/a><\/p><\/div><\/div><div class=\"fusion-clearfix\"><\/div><\/article>\n<article id=\"blog-1-post-1659\" class=\"fusion-post-medium-alternate post-1659 post type-post status-publish format-standard hentry category-vvveren-nieuws\">\n<div class=\"fusion-date-and-formats\"><div class=\"fusion-date-box updated\"><span class=\"fusion-date\">20<\/span><span class=\"fusion-month-year\">06, 2020<\/span><\/div><div class=\"fusion-format-box\"><i class=\"awb-icon-pen\" aria-hidden=\"true\"><\/i><\/div><\/div><div class=\"fusion-post-content post-content\"><h2 class=\"blog-shortcode-post-title entry-title\">Tijdens zomer 2020 is er opnieuw een tijdelijk veer te Tisselt<\/h2><p class=\"fusion-single-line-meta\"><span class=\"vcard\" style=\"display: none;\"><span class=\"fn\"><a href=\"https:\/\/kvns.be\/author\/walter\/\" title=\"Berichten van Walter Resseler\" rel=\"author\">Walter Resseler<\/a><\/span><\/span><span class=\"updated\" style=\"display:none;\">2020-06-20T16:27:15+02:00<\/span><span>20 juni 2020<\/span><span class=\"fusion-inline-sep\">|<\/span><\/p><div class=\"fusion-post-content-container\"><p> Tisselt is een deelgemeente van Willebroek en wordt doorsneden door het kanaal Brussel \u2013 Willebroek. Telkens de Brielenbrug over het kanaal buiten gebruik is zorgt dit voor kopbrekens, in het bijzonder voor fietsers en voetgangers. Dit was zes jaar<a href=\"https:\/\/kvns.be\/tijdens-zomer-2020-is-er-opnieuw-een-tijdelijk-veer-te-tisselt\/\">(Lees meer)<\/a><\/p><\/div><\/div><div class=\"fusion-clearfix\"><\/div><\/article>\n<article id=\"blog-1-post-1655\" class=\"fusion-post-medium-alternate post-1655 post type-post status-publish format-standard hentry category-vvveren-nieuws\">\n<div class=\"fusion-date-and-formats\"><div class=\"fusion-date-box updated\"><span class=\"fusion-date\">13<\/span><span class=\"fusion-month-year\">06, 2020<\/span><\/div><div class=\"fusion-format-box\"><i class=\"awb-icon-pen\" aria-hidden=\"true\"><\/i><\/div><\/div><div class=\"fusion-post-content post-content\"><h2 class=\"blog-shortcode-post-title entry-title\">Erfgoedpontje te Idegem komt dit jaar niet meer in de vaart.<\/h2><p class=\"fusion-single-line-meta\"><span class=\"vcard\" style=\"display: none;\"><span class=\"fn\"><a href=\"https:\/\/kvns.be\/author\/walter\/\" title=\"Berichten van Walter Resseler\" rel=\"author\">Walter Resseler<\/a><\/span><\/span><span class=\"updated\" style=\"display:none;\">2020-06-13T22:19:46+02:00<\/span><span>13 juni 2020<\/span><span class=\"fusion-inline-sep\">|<\/span><\/p><div class=\"fusion-post-content-container\"><p> Het veer \u2018De Koebrugge\u2019 te Idegem over de Dender zal dit jaar niet meer in de vaart komen. In een eerdere mededeling konden we nog hopen voor juli \u2013 augustus, maar we kregen een bericht dat daar definitief geen<a href=\"https:\/\/kvns.be\/erfgoedpontje-te-idegem-komt-dit-jaar-niet-meer-in-de-vaart\/\">(Lees meer)<\/a><\/p><\/div><\/div><div class=\"fusion-clearfix\"><\/div><\/article>\n<article id=\"blog-1-post-1651\" class=\"fusion-post-medium-alternate post-1651 post type-post status-publish format-standard hentry category-vvveren-nieuws\">\n<div class=\"fusion-date-and-formats\"><div class=\"fusion-date-box updated\"><span class=\"fusion-date\">9<\/span><span class=\"fusion-month-year\">06, 2020<\/span><\/div><div class=\"fusion-format-box\"><i class=\"awb-icon-pen\" aria-hidden=\"true\"><\/i><\/div><\/div><div class=\"fusion-post-content post-content\"><h2 class=\"blog-shortcode-post-title entry-title\">Kettingpontje met erfgoedwaarde blijft nog even uit de vaart<\/h2><p class=\"fusion-single-line-meta\"><span class=\"vcard\" style=\"display: none;\"><span class=\"fn\"><a href=\"https:\/\/kvns.be\/author\/walter\/\" title=\"Berichten van Walter Resseler\" rel=\"author\">Walter Resseler<\/a><\/span><\/span><span class=\"updated\" style=\"display:none;\">2020-06-13T14:39:34+02:00<\/span><span>9 juni 2020<\/span><span class=\"fusion-inline-sep\">|<\/span><\/p><div class=\"fusion-post-content-container\"><p> (Archieffoto)   Het wellicht oudste Belgische veerpontje dat nog in de vaart is komt door de corona-maatregelen voorlopig niet van de kant. Het betreft het veer 'De Koebrugge' te Idegem over de Dender. Normaal zou dit veer gevaren<a href=\"https:\/\/kvns.be\/kettingpontje-met-erfgoedwaarde-blijft-nog-even-uit-de-vaart\/\">(Lees meer)<\/a><\/p><\/div><\/div><div class=\"fusion-clearfix\"><\/div><\/article>\n<article id=\"blog-1-post-1647\" class=\"fusion-post-medium-alternate post-1647 post type-post status-publish format-standard hentry category-vvveren-nieuws\">\n<div class=\"fusion-date-and-formats\"><div class=\"fusion-date-box updated\"><span class=\"fusion-date\">25<\/span><span class=\"fusion-month-year\">05, 2020<\/span><\/div><div class=\"fusion-format-box\"><i class=\"awb-icon-pen\" aria-hidden=\"true\"><\/i><\/div><\/div><div class=\"fusion-post-content post-content\"><h2 class=\"blog-shortcode-post-title entry-title\">Na corona geleidelijk terug naar normaal voor de veren, maar beperkingen blijven o. a. voor de Waterbus Antwerpen<\/h2><p class=\"fusion-single-line-meta\"><span class=\"vcard\" style=\"display: none;\"><span class=\"fn\"><a href=\"https:\/\/kvns.be\/author\/walter\/\" title=\"Berichten van Walter Resseler\" rel=\"author\">Walter Resseler<\/a><\/span><\/span><span class=\"updated\" style=\"display:none;\">2020-05-25T10:57:41+02:00<\/span><span>25 mei 2020<\/span><span class=\"fusion-inline-sep\">|<\/span><\/p><div class=\"fusion-post-content-container\"><p> Sinds maandag 18 mei 2020 wordt er terug recreatief en toeristisch verkeer toegelaten op de meeste veerdiensten. Opvallend is dat dit niet geldt voor de Waterbus Antwerpen. Daarover verder meer. Voor iedereen ouder dan 12 jaar blijft een mondmasker<a href=\"https:\/\/kvns.be\/na-corona-geleidelijk-terug-naar-normaal-voor-de-veren-maar-beperkingen-blijven-o-a-voor-de-waterbus-antwerpen\/\">(Lees meer)<\/a><\/p><\/div><\/div><div class=\"fusion-clearfix\"><\/div><\/article>\n<article id=\"blog-1-post-1644\" class=\"fusion-post-medium-alternate post-1644 post type-post status-publish format-standard hentry category-vvveren-nieuws\">\n<div class=\"fusion-date-and-formats\"><div class=\"fusion-date-box updated\"><span class=\"fusion-date\">20<\/span><span class=\"fusion-month-year\">05, 2020<\/span><\/div><div class=\"fusion-format-box\"><i class=\"awb-icon-pen\" aria-hidden=\"true\"><\/i><\/div><\/div><div class=\"fusion-post-content post-content\"><h2 class=\"blog-shortcode-post-title entry-title\">Fototentoonstelling met natuurlandschappen langs de Schelde in het Verhaeren-museum te Sint-Amands<\/h2><p class=\"fusion-single-line-meta\"><span class=\"vcard\" style=\"display: none;\"><span class=\"fn\"><a href=\"https:\/\/kvns.be\/author\/walter\/\" title=\"Berichten van Walter Resseler\" rel=\"author\">Walter Resseler<\/a><\/span><\/span><span class=\"updated\" style=\"display:none;\">2020-05-20T15:59:11+02:00<\/span><span>20 mei 2020<\/span><span class=\"fusion-inline-sep\">|<\/span><\/p><div class=\"fusion-post-content-container\"><p> De fototentoonstelling van Philip Bo\u00ebl met zijn natuurlandschappen langs de Schelde zal opnieuw toegankelijk zijn. Deze tentoonstelling was aanvankelijk gepland tot midden juni, maar wordt nu verlengd tot 6 september 2020. Tot eind juni is deze tentoonstelling te bezoeken<a href=\"https:\/\/kvns.be\/fototentoonstelling-met-natuurlandschappen-langs-de-schelde-in-het-verhaeren-museum-te-sint-amands\/\">(Lees meer)<\/a><\/p><\/div><\/div><div class=\"fusion-clearfix\"><\/div><\/article>\n<article id=\"blog-1-post-1640\" class=\"fusion-post-medium-alternate post-1640 post type-post status-publish format-standard hentry category-vvveren-nieuws\">\n<div class=\"fusion-date-and-formats\"><div class=\"fusion-date-box updated\"><span class=\"fusion-date\">20<\/span><span class=\"fusion-month-year\">05, 2020<\/span><\/div><div class=\"fusion-format-box\"><i class=\"awb-icon-pen\" aria-hidden=\"true\"><\/i><\/div><\/div><div class=\"fusion-post-content post-content\"><h2 class=\"blog-shortcode-post-title entry-title\">Aangekondigde publicatie en tentoonstellingen: Veerpont en scheepswerf Cyriel De Smet<\/h2><p class=\"fusion-single-line-meta\"><span class=\"vcard\" style=\"display: none;\"><span class=\"fn\"><a href=\"https:\/\/kvns.be\/author\/walter\/\" title=\"Berichten van Walter Resseler\" rel=\"author\">Walter Resseler<\/a><\/span><\/span><span class=\"updated\" style=\"display:none;\">2020-05-20T15:54:47+02:00<\/span><span>20 mei 2020<\/span><span class=\"fusion-inline-sep\">|<\/span><\/p><div class=\"fusion-post-content-container\"><p> Frits De Waele en Andr\u00e9 Goeminne, actieve leden van Watererfgoed Vlaanderen, kondigen een publicatie aan over de scheepswerf Cyriel De Smet die gelegen was te Gottem aan de Leie. In deze publicatie komt ook het vroegere veer tussen Gottem<a href=\"https:\/\/kvns.be\/aangekondigde-publicatie-en-tentoonstellingen-veerpont-en-scheepswerf-cyriel-de-smet\/\">(Lees meer)<\/a><\/p><\/div><\/div><div class=\"fusion-clearfix\"><\/div><\/article>\n<article id=\"blog-1-post-1632\" class=\"fusion-post-medium-alternate post-1632 post type-post status-publish format-standard hentry category-vvveren-nieuws\">\n<div class=\"fusion-date-and-formats\"><div class=\"fusion-date-box updated\"><span class=\"fusion-date\">20<\/span><span class=\"fusion-month-year\">05, 2020<\/span><\/div><div class=\"fusion-format-box\"><i class=\"awb-icon-pen\" aria-hidden=\"true\"><\/i><\/div><\/div><div class=\"fusion-post-content post-content\"><h2 class=\"blog-shortcode-post-title entry-title\">Tijdelijke stremming Driegoten \u2013 Weert van 1 tot en met 12 juni 2020<\/h2><p class=\"fusion-single-line-meta\"><span class=\"vcard\" style=\"display: none;\"><span class=\"fn\"><a href=\"https:\/\/kvns.be\/author\/walter\/\" title=\"Berichten van Walter Resseler\" rel=\"author\">Walter Resseler<\/a><\/span><\/span><span class=\"updated\" style=\"display:none;\">2020-05-20T15:51:39+02:00<\/span><span>20 mei 2020<\/span><span class=\"fusion-inline-sep\">|<\/span><\/p><div class=\"fusion-post-content-container\"><p> De veerdienst tussen Driegoten (Hamme) en Weert (Bornem) over de Schelde is van 1 tot en met 12 juni 2020 onderbroken. In opdracht van De Vlaamse Waterweg nv wordt dan gewerkt aan de vlottende veersteiger kant Weert. Door erosie<a href=\"https:\/\/kvns.be\/tijdelijke-stremming-driegoten-weert-van-1-tot-en-met-12-juni-2020\/\">(Lees meer)<\/a><\/p><\/div><\/div><div class=\"fusion-clearfix\"><\/div><\/article>\n<article id=\"blog-1-post-1614\" class=\"fusion-post-medium-alternate post-1614 post type-post status-publish format-standard hentry category-vvveren-nieuws\">\n<div class=\"fusion-date-and-formats\"><div class=\"fusion-date-box updated\"><span class=\"fusion-date\">10<\/span><span class=\"fusion-month-year\">05, 2020<\/span><\/div><div class=\"fusion-format-box\"><i class=\"awb-icon-pen\" aria-hidden=\"true\"><\/i><\/div><\/div><div class=\"fusion-post-content post-content\"><h2 class=\"blog-shortcode-post-title entry-title\">Staycation in het Scheldeland ?<\/h2><p class=\"fusion-single-line-meta\"><span class=\"vcard\" style=\"display: none;\"><span class=\"fn\"><a href=\"https:\/\/kvns.be\/author\/walter\/\" title=\"Berichten van Walter Resseler\" rel=\"author\">Walter Resseler<\/a><\/span><\/span><span class=\"updated\" style=\"display:none;\">2020-05-10T18:36:25+02:00<\/span><span>10 mei 2020<\/span><span class=\"fusion-inline-sep\">|<\/span><\/p><div class=\"fusion-post-content-container\"><p> In het Scheldeland wachten heel wat veren op passagiers. Van zodra de corona-maatregelen voldoende versoepeld zijn. 6 reisbloggers trokken er vorig jaar op uit in Scheldeland en verzamelden daarbij leuke tips. 148 pagina's vol doe-tips en leuke uitstapjes 12<a href=\"https:\/\/kvns.be\/staycation-in-het-scheldeland\/\">(Lees meer)<\/a><\/p><\/div><\/div><div class=\"fusion-clearfix\"><\/div><\/article>\n<article id=\"blog-1-post-1607\" class=\"fusion-post-medium-alternate post-1607 post type-post status-publish format-standard hentry category-vvveren-nieuws\">\n<div class=\"fusion-date-and-formats\"><div class=\"fusion-date-box updated\"><span class=\"fusion-date\">10<\/span><span class=\"fusion-month-year\">05, 2020<\/span><\/div><div class=\"fusion-format-box\"><i class=\"awb-icon-pen\" aria-hidden=\"true\"><\/i><\/div><\/div><div class=\"fusion-post-content post-content\"><h2 class=\"blog-shortcode-post-title entry-title\">Veerdiensten en Waterbussen: na corona-maatregelen stap voor stap terug naar normaal ?<\/h2><p class=\"fusion-single-line-meta\"><span class=\"vcard\" style=\"display: none;\"><span class=\"fn\"><a href=\"https:\/\/kvns.be\/author\/walter\/\" title=\"Berichten van Walter Resseler\" rel=\"author\">Walter Resseler<\/a><\/span><\/span><span class=\"updated\" style=\"display:none;\">2020-05-10T19:45:42+02:00<\/span><span>10 mei 2020<\/span><span class=\"fusion-inline-sep\">|<\/span><\/p><div class=\"fusion-post-content-container\"><p> Wat de corona-maatregelen in het algemeen betreft versoepelen een aantal dingen vanaf maandag 11 mei. Op het gebied van de veerdiensten kunnen we echter niet van een eenvormig beeld spreken. Sommige veerdiensten bleven de hele tijd in de vaart,<a href=\"https:\/\/kvns.be\/veerdiensten-en-waterbussen-na-corona-maatregelen-stap-voor-stap-terug-naar-normaal\/\">(Lees meer)<\/a><\/p><\/div><\/div><div class=\"fusion-clearfix\"><\/div><\/article>\n<article id=\"blog-1-post-1576\" class=\"fusion-post-medium-alternate post-1576 post type-post status-publish format-standard hentry category-vvveren-nieuws\">\n<div class=\"fusion-date-and-formats\"><div class=\"fusion-date-box updated\"><span class=\"fusion-date\">8<\/span><span class=\"fusion-month-year\">05, 2020<\/span><\/div><div class=\"fusion-format-box\"><i class=\"awb-icon-pen\" aria-hidden=\"true\"><\/i><\/div><\/div><div class=\"fusion-post-content post-content\"><h2 class=\"blog-shortcode-post-title entry-title\">Start vaarseizoen Waterbus Brussel<\/h2><p class=\"fusion-single-line-meta\"><span class=\"vcard\" style=\"display: none;\"><span class=\"fn\"><a href=\"https:\/\/kvns.be\/author\/walter\/\" title=\"Berichten van Walter Resseler\" rel=\"author\">Walter Resseler<\/a><\/span><\/span><span class=\"updated\" style=\"display:none;\">2020-05-10T18:05:15+02:00<\/span><span>8 mei 2020<\/span><span class=\"fusion-inline-sep\">|<\/span><\/p><div class=\"fusion-post-content-container\"><p>   De gebruikelijke winterstop van de Waterbus Brussel duurde dit jaar iets langer dan gepland, maar op maandag 11 mei 2020 gaat het vaarseizoen dan toch van start. Deze waterbus vaart op het kanaal Brussel \u2013 Willebroek tussen<a href=\"https:\/\/kvns.be\/start-vaarseizoen-waterbus-brussel\/\">(Lees meer)<\/a><\/p><\/div><\/div><div class=\"fusion-clearfix\"><\/div><\/article>\n<article id=\"blog-1-post-1572\" class=\"fusion-post-medium-alternate post-1572 post type-post status-publish format-standard hentry category-vvveren-nieuws\">\n<div class=\"fusion-date-and-formats\"><div class=\"fusion-date-box updated\"><span class=\"fusion-date\">4<\/span><span class=\"fusion-month-year\">05, 2020<\/span><\/div><div class=\"fusion-format-box\"><i class=\"awb-icon-pen\" aria-hidden=\"true\"><\/i><\/div><\/div><div class=\"fusion-post-content post-content\"><h2 class=\"blog-shortcode-post-title entry-title\">Coronamaatregelen blijven veerdiensten in de greep houden<\/h2><p class=\"fusion-single-line-meta\"><span class=\"vcard\" style=\"display: none;\"><span class=\"fn\"><a href=\"https:\/\/kvns.be\/author\/walter\/\" title=\"Berichten van Walter Resseler\" rel=\"author\">Walter Resseler<\/a><\/span><\/span><span class=\"updated\" style=\"display:none;\">2020-05-04T20:34:21+02:00<\/span><span>4 mei 2020<\/span><span class=\"fusion-inline-sep\">|<\/span><\/p><div class=\"fusion-post-content-container\"><p> De beperkingen van het veerverkeer tot essenti\u00eble verplaatsingen en het niet-varen van sommige veerdiensten blijft zeker van kracht tot 11 mei. Dus tot zolang (en mogelijk nog langer) is toeristisch en recreatief gebruik van de veren niet toegelaten. Nieuw<a href=\"https:\/\/kvns.be\/coronamaatregelen-blijven-veerdiensten-in-de-greep-houden\/\">(Lees meer)<\/a><\/p><\/div><\/div><div class=\"fusion-clearfix\"><\/div><\/article>\n<article id=\"blog-1-post-1569\" class=\"fusion-post-medium-alternate post-1569 post type-post status-publish format-standard hentry category-vvveren-nieuws\">\n<div class=\"fusion-date-and-formats\"><div class=\"fusion-date-box updated\"><span class=\"fusion-date\">21<\/span><span class=\"fusion-month-year\">04, 2020<\/span><\/div><div class=\"fusion-format-box\"><i class=\"awb-icon-pen\" aria-hidden=\"true\"><\/i><\/div><\/div><div class=\"fusion-post-content post-content\"><h2 class=\"blog-shortcode-post-title entry-title\">Laat de veren varen in je kot ondanks de coronamaatregelen!<\/h2><p class=\"fusion-single-line-meta\"><span class=\"vcard\" style=\"display: none;\"><span class=\"fn\"><a href=\"https:\/\/kvns.be\/author\/walter\/\" title=\"Berichten van Walter Resseler\" rel=\"author\">Walter Resseler<\/a><\/span><\/span><span class=\"updated\" style=\"display:none;\">2020-04-21T16:40:57+02:00<\/span><span>21 april 2020<\/span><span class=\"fusion-inline-sep\">|<\/span><\/p><div class=\"fusion-post-content-container\"><p> Zoals je weet varen momenteel niet alle veerdiensten en zij die varen zijn enkel bedoeld voor essenti\u00eble verplaatsingen, NIET voor recreatief gebruik. Dankzij Vrienden van de Vlaamse Veren en de inzet van Tommy Boerema kan je vanaf nu toch<a href=\"https:\/\/kvns.be\/laat-de-veren-varen-in-je-kot-ondanks-de-coronamaatregelen\/\">(Lees meer)<\/a><\/p><\/div><\/div><div class=\"fusion-clearfix\"><\/div><\/article>\n<article id=\"blog-1-post-1562\" class=\"fusion-post-medium-alternate post-1562 post type-post status-publish format-standard hentry category-vvveren-nieuws\">\n<div class=\"fusion-date-and-formats\"><div class=\"fusion-date-box updated\"><span class=\"fusion-date\">19<\/span><span class=\"fusion-month-year\">04, 2020<\/span><\/div><div class=\"fusion-format-box\"><i class=\"awb-icon-pen\" aria-hidden=\"true\"><\/i><\/div><\/div><div class=\"fusion-post-content post-content\"><h2 class=\"blog-shortcode-post-title entry-title\">Corona maatregelen hebben nog zeker tot en met 3 mei impact op de veerdiensten.<\/h2><p class=\"fusion-single-line-meta\"><span class=\"vcard\" style=\"display: none;\"><span class=\"fn\"><a href=\"https:\/\/kvns.be\/author\/walter\/\" title=\"Berichten van Walter Resseler\" rel=\"author\">Walter Resseler<\/a><\/span><\/span><span class=\"updated\" style=\"display:none;\">2020-04-19T11:15:26+02:00<\/span><span>19 april 2020<\/span><span class=\"fusion-inline-sep\">|<\/span><\/p><div class=\"fusion-post-content-container\"><p> Het vooruitzicht inzake de maatregelen om de verspreiding van het coronavirus tegen te gaan is dat er ten vroegste vanaf maandag 4 mei een normalisatie kan plaats hebben, en dit nog steeds onder het grootste voorbehoud. Een dikke proficiat<a href=\"https:\/\/kvns.be\/corona-maatregelen-hebben-nog-zeker-tot-en-met-3-mei-impact-op-de-veerdiensten\/\">(Lees meer)<\/a><\/p><\/div><\/div><div class=\"fusion-clearfix\"><\/div><\/article>\n<article id=\"blog-1-post-1560\" class=\"fusion-post-medium-alternate post-1560 post type-post status-publish format-standard hentry category-vvveren-nieuws\">\n<div class=\"fusion-date-and-formats\"><div class=\"fusion-date-box updated\"><span class=\"fusion-date\">19<\/span><span class=\"fusion-month-year\">04, 2020<\/span><\/div><div class=\"fusion-format-box\"><i class=\"awb-icon-pen\" aria-hidden=\"true\"><\/i><\/div><\/div><div class=\"fusion-post-content post-content\"><h2 class=\"blog-shortcode-post-title entry-title\">Jubileumfeest gaat dit jaar niet door<\/h2><p class=\"fusion-single-line-meta\"><span class=\"vcard\" style=\"display: none;\"><span class=\"fn\"><a href=\"https:\/\/kvns.be\/author\/walter\/\" title=\"Berichten van Walter Resseler\" rel=\"author\">Walter Resseler<\/a><\/span><\/span><span class=\"updated\" style=\"display:none;\">2020-04-19T11:08:42+02:00<\/span><span>19 april 2020<\/span><span class=\"fusion-inline-sep\">|<\/span><\/p><div class=\"fusion-post-content-container\"><p> Vrienden van de Vlaamse Veren hebben beslist om het twintigjarig jubileumfeest NIET te houden op zondag 27 september 2020. Eerder hadden we gevraagd deze datum aan te kruisen in jullie agenda's. De overweging die we maken is dat er<a href=\"https:\/\/kvns.be\/jubileumfeest-gaat-dit-jaar-niet-door\/\">(Lees meer)<\/a><\/p><\/div><\/div><div class=\"fusion-clearfix\"><\/div><\/article>\n<article id=\"blog-1-post-1547\" class=\"fusion-post-medium-alternate post-1547 post type-post status-publish format-standard hentry category-vvveren-nieuws\">\n<div class=\"fusion-date-and-formats\"><div class=\"fusion-date-box updated\"><span class=\"fusion-date\">30<\/span><span class=\"fusion-month-year\">03, 2020<\/span><\/div><div class=\"fusion-format-box\"><i class=\"awb-icon-pen\" aria-hidden=\"true\"><\/i><\/div><\/div><div class=\"fusion-post-content post-content\"><h2 class=\"blog-shortcode-post-title entry-title\">Overzicht van de impact van de maatregelen tegen corona op de veerdiensten<\/h2><p class=\"fusion-single-line-meta\"><span class=\"vcard\" style=\"display: none;\"><span class=\"fn\"><a href=\"https:\/\/kvns.be\/author\/walter\/\" title=\"Berichten van Walter Resseler\" rel=\"author\">Walter Resseler<\/a><\/span><\/span><span class=\"updated\" style=\"display:none;\">2020-03-31T09:34:51+02:00<\/span><span>30 maart 2020<\/span><span class=\"fusion-inline-sep\">|<\/span><\/p><div class=\"fusion-post-content-container\"><p> De meeste veerdiensten in Vlaanderen vallen binnen het werkingsgebied van de Vlaamse Waterweg nv. Deze overheidsorganisatie heeft een handig overzicht gemaakt van de huidige status van deze veerdiensten. De pagina wordt steeds ge\u00fcpdatet zodra de Vlaamse Waterweg nv een<a href=\"https:\/\/kvns.be\/overzicht-van-de-impact-van-de-maatregelen-tegen-corona-op-de-veerdiensten\/\">(Lees meer)<\/a><\/p><\/div><\/div><div class=\"fusion-clearfix\"><\/div><\/article>\n<article id=\"blog-1-post-1544\" class=\"fusion-post-medium-alternate post-1544 post type-post status-publish format-standard hentry category-vvveren-nieuws\">\n<div class=\"fusion-date-and-formats\"><div class=\"fusion-date-box updated\"><span class=\"fusion-date\">24<\/span><span class=\"fusion-month-year\">03, 2020<\/span><\/div><div class=\"fusion-format-box\"><i class=\"awb-icon-pen\" aria-hidden=\"true\"><\/i><\/div><\/div><div class=\"fusion-post-content post-content\"><h2 class=\"blog-shortcode-post-title entry-title\">Beperkt aantal veren in vaart en dit enkel voor essentiele verplaatsingen<\/h2><p class=\"fusion-single-line-meta\"><span class=\"vcard\" style=\"display: none;\"><span class=\"fn\"><a href=\"https:\/\/kvns.be\/author\/walter\/\" title=\"Berichten van Walter Resseler\" rel=\"author\">Walter Resseler<\/a><\/span><\/span><span class=\"updated\" style=\"display:none;\">2020-03-31T09:35:20+02:00<\/span><span>24 maart 2020<\/span><span class=\"fusion-inline-sep\">|<\/span><\/p><div class=\"fusion-post-content-container\"><p> Ten gevolge van corona maatregelen is nog slechts een beperkt aantal veren in de vaart. Deze zijn als vorm van openbaar vervoer tot en met 5 april enkel bedoeld voor het maken van essenti\u00eble verplaatsingen, zoals woon\/werkverkeer. Ook het<a href=\"https:\/\/kvns.be\/beperkt-aantal-veren-in-vaart-en-dit-enkel-voor-essentiele-verplaatsingen\/\">(Lees meer)<\/a><\/p><\/div><\/div><div class=\"fusion-clearfix\"><\/div><\/article>\n<article id=\"blog-1-post-1542\" class=\"fusion-post-medium-alternate post-1542 post type-post status-publish format-standard hentry category-vvveren-nieuws\">\n<div class=\"fusion-date-and-formats\"><div class=\"fusion-date-box updated\"><span class=\"fusion-date\">23<\/span><span class=\"fusion-month-year\">03, 2020<\/span><\/div><div class=\"fusion-format-box\"><i class=\"awb-icon-pen\" aria-hidden=\"true\"><\/i><\/div><\/div><div class=\"fusion-post-content post-content\"><h2 class=\"blog-shortcode-post-title entry-title\">Aangepaste dienstregeling Waterbus Antwerpen ten gevolge van corona maatregelen.<\/h2><p class=\"fusion-single-line-meta\"><span class=\"vcard\" style=\"display: none;\"><span class=\"fn\"><a href=\"https:\/\/kvns.be\/author\/walter\/\" title=\"Berichten van Walter Resseler\" rel=\"author\">Walter Resseler<\/a><\/span><\/span><span class=\"updated\" style=\"display:none;\">2020-03-31T09:35:48+02:00<\/span><span>23 maart 2020<\/span><span class=\"fusion-inline-sep\">|<\/span><\/p><div class=\"fusion-post-content-container\"><p> Met ingang van zaterdag 21 maart vaart De Waterbus Antwerpen met een aangepaste dienstregeling. Er worden slechts 4 schepen ingezet, in plaats van de gebruikelijke 6. De haltes Liefkenshoek en Lillo worden niet bediend. De Waterbus hanteert deze dienstregeling<a href=\"https:\/\/kvns.be\/aangepaste-dienstregeling-waterbus-antwerpen-ten-gevolge-van-corona-maatregelen\/\">(Lees meer)<\/a><\/p><\/div><\/div><div class=\"fusion-clearfix\"><\/div><\/article>\n<article id=\"blog-1-post-1538\" class=\"fusion-post-medium-alternate post-1538 post type-post status-publish format-standard hentry category-vvveren-nieuws\">\n<div class=\"fusion-date-and-formats\"><div class=\"fusion-date-box updated\"><span class=\"fusion-date\">20<\/span><span class=\"fusion-month-year\">03, 2020<\/span><\/div><div class=\"fusion-format-box\"><i class=\"awb-icon-pen\" aria-hidden=\"true\"><\/i><\/div><\/div><div class=\"fusion-post-content post-content\"><h2 class=\"blog-shortcode-post-title entry-title\">Corona \u2013 maatregelen hebben ook impact op de veerdiensten in ons land.<\/h2><p class=\"fusion-single-line-meta\"><span class=\"vcard\" style=\"display: none;\"><span class=\"fn\"><a href=\"https:\/\/kvns.be\/author\/walter\/\" title=\"Berichten van Walter Resseler\" rel=\"author\">Walter Resseler<\/a><\/span><\/span><span class=\"updated\" style=\"display:none;\">2020-03-31T09:36:19+02:00<\/span><span>20 maart 2020<\/span><span class=\"fusion-inline-sep\">|<\/span><\/p><div class=\"fusion-post-content-container\"><p> Heel wat veerdiensten werden stilgelegd om de verspreiding van het corona-virus tegen te gaan. Andere blijven tot nader order functioneren met beperkende maatregelen. Op de site van De Vlaamse Waterweg NV lezen we: \u201cDe veerdiensten die beheerd worden door<a href=\"https:\/\/kvns.be\/corona-maatregelen-hebben-ook-impact-op-de-veerdiensten-in-ons-land\/\">(Lees meer)<\/a><\/p><\/div><\/div><div class=\"fusion-clearfix\"><\/div><\/article>\n<article id=\"blog-1-post-1517\" class=\"fusion-post-medium-alternate post-1517 post type-post status-publish format-standard hentry category-vvveren-nieuws\">\n<div class=\"fusion-date-and-formats\"><div class=\"fusion-date-box updated\"><span class=\"fusion-date\">4<\/span><span class=\"fusion-month-year\">03, 2020<\/span><\/div><div class=\"fusion-format-box\"><i class=\"awb-icon-pen\" aria-hidden=\"true\"><\/i><\/div><\/div><div class=\"fusion-post-content post-content\"><h2 class=\"blog-shortcode-post-title entry-title\">Waterbus Antwerpen vervoerde reeds meer dan \u00e9\u00e9n miljoen passagiers<\/h2><p class=\"fusion-single-line-meta\"><span class=\"vcard\" style=\"display: none;\"><span class=\"fn\"><a href=\"https:\/\/kvns.be\/author\/walter\/\" title=\"Berichten van Walter Resseler\" rel=\"author\">Walter Resseler<\/a><\/span><\/span><span class=\"updated\" style=\"display:none;\">2020-03-31T09:36:40+02:00<\/span><span>4 maart 2020<\/span><span class=\"fusion-inline-sep\">|<\/span><\/p><div class=\"fusion-post-content-container\"><p> Op 10 januari 2020 verwelkomde rederij Aqualiner de \u00e9\u00e9n miljoenste passagier op de Waterbus Antwerpen. Het voorbije jaar namen 577.000 mensen de Waterbus. Dat zijn er 150.000 meer dan in de achttien maanden voordien.    <\/p><\/div><\/div><div class=\"fusion-clearfix\"><\/div><\/article>\n<article id=\"blog-1-post-1507\" class=\"fusion-post-medium-alternate post-1507 post type-post status-publish format-standard has-post-thumbnail hentry category-vvveren-evenementen\">\n<div class=\"fusion-date-and-formats\"><div class=\"fusion-date-box updated\"><span class=\"fusion-date\">4<\/span><span class=\"fusion-month-year\">03, 2020<\/span><\/div><div class=\"fusion-format-box\"><i class=\"awb-icon-pen\" aria-hidden=\"true\"><\/i><\/div><\/div><div class=\"fusion-post-content post-content\"><h2 class=\"blog-shortcode-post-title entry-title\">Uitstap met DeWaterbus naar Fort Lillo 29 maart 2020<\/h2><p class=\"fusion-single-line-meta\"><span class=\"vcard\" style=\"display: none;\"><span class=\"fn\"><a href=\"https:\/\/kvns.be\/author\/walter\/\" title=\"Berichten van Walter Resseler\" rel=\"author\">Walter Resseler<\/a><\/span><\/span><span class=\"updated\" style=\"display:none;\">2020-03-31T09:38:03+02:00<\/span><span>4 maart 2020<\/span><span class=\"fusion-inline-sep\">|<\/span><\/p><div class=\"fusion-post-content-container\"><p> Uitgesteld tot latere datum Gevolg gevend aan de instructies van de overheid om de verspreiding van het corona-virus tegen te gaan hebben we deze uitstap geannuleerd. We hopen hem op een latere datum te hernemen. De ingeschreven deelnemers werden<a href=\"https:\/\/kvns.be\/uitstap-met-dewaterbus-naar-fort-lillo-29-maart-2020\/\">(Lees meer)<\/a><\/p><\/div><\/div><div class=\"fusion-clearfix\"><\/div><\/article>\n<article id=\"blog-1-post-1505\" class=\"fusion-post-medium-alternate post-1505 post type-post status-publish format-standard hentry category-vvveren-nieuws\">\n<div class=\"fusion-date-and-formats\"><div class=\"fusion-date-box updated\"><span class=\"fusion-date\">4<\/span><span class=\"fusion-month-year\">03, 2020<\/span><\/div><div class=\"fusion-format-box\"><i class=\"awb-icon-pen\" aria-hidden=\"true\"><\/i><\/div><\/div><div class=\"fusion-post-content post-content\"><h2 class=\"blog-shortcode-post-title entry-title\">Droevig Nieuws RIP veerman Mariekerke<\/h2><p class=\"fusion-single-line-meta\"><span class=\"vcard\" style=\"display: none;\"><span class=\"fn\"><a href=\"https:\/\/kvns.be\/author\/walter\/\" title=\"Berichten van Walter Resseler\" rel=\"author\">Walter Resseler<\/a><\/span><\/span><span class=\"updated\" style=\"display:none;\">2020-03-31T09:38:53+02:00<\/span><span>4 maart 2020<\/span><span class=\"fusion-inline-sep\">|<\/span><\/p><div class=\"fusion-post-content-container\"><p> Veerschipper te Mariekerke Werner R.W. (zoals hij zichzelf noemde op Facebook) is in het prille begin van 2020 heengegaan op 57-jarige leeftijd. Veel te jong nog en boordevol toekomstplannen. Dat Werner een geliefde veerman was blijkt uit de tientallen<a href=\"https:\/\/kvns.be\/droevig-nieuws-rip-veerman-mariekerke\/\">(Lees meer)<\/a><\/p><\/div><\/div><div class=\"fusion-clearfix\"><\/div><\/article>\n<article id=\"blog-1-post-1514\" class=\"fusion-post-medium-alternate post-1514 post type-post status-publish format-standard hentry category-vvveren-nieuws\">\n<div class=\"fusion-date-and-formats\"><div class=\"fusion-date-box updated\"><span class=\"fusion-date\">1<\/span><span class=\"fusion-month-year\">01, 2020<\/span><\/div><div class=\"fusion-format-box\"><i class=\"awb-icon-pen\" aria-hidden=\"true\"><\/i><\/div><\/div><div class=\"fusion-post-content post-content\"><h2 class=\"blog-shortcode-post-title entry-title\">Laatste Waterbus op Albertkanaal vaarde op 31 12 2019<\/h2><p class=\"fusion-single-line-meta\"><span class=\"vcard\" style=\"display: none;\"><span class=\"fn\"><a href=\"https:\/\/kvns.be\/author\/walter\/\" title=\"Berichten van Walter Resseler\" rel=\"author\">Walter Resseler<\/a><\/span><\/span><span class=\"updated\" style=\"display:none;\">2020-03-31T09:39:17+02:00<\/span><span>1 januari 2020<\/span><span class=\"fusion-inline-sep\">|<\/span><\/p><div class=\"fusion-post-content-container\"><p> Op 31 12 2019 meerde de laatste Waterbus die op het Albertkanaal gevaren heeft af omstreeks 19u30. Daarmee viel het doek over deze lijn die nog maar sinds 18 2 2019 in de vaart was. Dit einde werd pas<a href=\"https:\/\/kvns.be\/laatste-waterbus-op-albertkanaal-vaarde-op-31-12-2019\/\">(Lees meer)<\/a><\/p><\/div><\/div><div class=\"fusion-clearfix\"><\/div><\/article>\n<article id=\"blog-1-post-1499\" class=\"fusion-post-medium-alternate post-1499 post type-post status-publish format-standard hentry category-vvveren-nieuws\">\n<div class=\"fusion-date-and-formats\"><div class=\"fusion-date-box updated\"><span class=\"fusion-date\">4<\/span><span class=\"fusion-month-year\">12, 2019<\/span><\/div><div class=\"fusion-format-box\"><i class=\"awb-icon-pen\" aria-hidden=\"true\"><\/i><\/div><\/div><div class=\"fusion-post-content post-content\"><h2 class=\"blog-shortcode-post-title entry-title\">Veer Schellebelle terug in de vaart<\/h2><p class=\"fusion-single-line-meta\"><span class=\"vcard\" style=\"display: none;\"><span class=\"fn\"><a href=\"https:\/\/kvns.be\/author\/walter\/\" title=\"Berichten van Walter Resseler\" rel=\"author\">Walter Resseler<\/a><\/span><\/span><span class=\"updated\" style=\"display:none;\">2020-03-31T09:42:16+02:00<\/span><span>4 december 2019<\/span><span class=\"fusion-inline-sep\">|<\/span><\/p><div class=\"fusion-post-content-container\"><p> Van maandag 28 oktober 2019 tot dinsdag 26 november 2019 werden er werken uitgevoerd aan het plein de Aard langs de linkeroever van de Schelde te Schellebelle. Tijdens die werken werd het veer stilgelegd voor de veiligheid. Sindsdien vaart<a href=\"https:\/\/kvns.be\/veer-schellebelle-terug-in-de-vaart\/\">(Lees meer)<\/a><\/p><\/div><\/div><div class=\"fusion-clearfix\"><\/div><\/article>\n<article id=\"blog-1-post-1049\" class=\"fusion-post-medium-alternate post-1049 post type-post status-publish format-standard has-post-thumbnail hentry category-vvveren-evenementen\">\n<div class=\"fusion-date-and-formats\"><div class=\"fusion-date-box updated\"><span class=\"fusion-date\">29<\/span><span class=\"fusion-month-year\">11, 2019<\/span><\/div><div class=\"fusion-format-box\"><i class=\"awb-icon-pen\" aria-hidden=\"true\"><\/i><\/div><\/div><div class=\"fusion-post-content post-content\"><h2 class=\"blog-shortcode-post-title entry-title\">Uitstap met de Waterbus naar Liefkenshoek<\/h2><p class=\"fusion-single-line-meta\"><span class=\"vcard\" style=\"display: none;\"><span class=\"fn\"><a href=\"https:\/\/kvns.be\/author\/walter\/\" title=\"Berichten van Walter Resseler\" rel=\"author\">Walter Resseler<\/a><\/span><\/span><span class=\"updated\" style=\"display:none;\">2020-03-01T15:58:35+01:00<\/span><span>29 november 2019<\/span><span class=\"fusion-inline-sep\">|<\/span><\/p><div class=\"fusion-post-content-container\"><p> Acht leden van Vrienden van de Vlaamse Veren waren mooi op tijd voor de afspraak aan het Steenplein te Antwerpen. We namen op zaterdag 16 november 2019 de Waterbus om 12u met bestemming Liefkenshoek. Het was leuk dat we<a href=\"https:\/\/kvns.be\/uitstap-met-de-waterbus-naar-liefkenshoek\/\">(Lees meer)<\/a><\/p><\/div><\/div><div class=\"fusion-clearfix\"><\/div><\/article>\n<article id=\"blog-1-post-1006\" class=\"fusion-post-medium-alternate post-1006 post type-post status-publish format-standard hentry category-vvveren-nieuws\">\n<div class=\"fusion-date-and-formats\"><div class=\"fusion-date-box updated\"><span class=\"fusion-date\">25<\/span><span class=\"fusion-month-year\">10, 2019<\/span><\/div><div class=\"fusion-format-box\"><i class=\"awb-icon-pen\" aria-hidden=\"true\"><\/i><\/div><\/div><div class=\"fusion-post-content post-content\"><h2 class=\"blog-shortcode-post-title entry-title\">Tijdelijke stremming veerdienst Schellebelle over de Schelde<\/h2><p class=\"fusion-single-line-meta\"><span class=\"vcard\" style=\"display: none;\"><span class=\"fn\"><a href=\"https:\/\/kvns.be\/author\/walter\/\" title=\"Berichten van Walter Resseler\" rel=\"author\">Walter Resseler<\/a><\/span><\/span><span class=\"updated\" style=\"display:none;\">2020-02-20T14:01:29+01:00<\/span><span>25 oktober 2019<\/span><span class=\"fusion-inline-sep\">|<\/span><\/p><div class=\"fusion-post-content-container\"><p> De Vlaamse Waterweg N V deelt ons het volgende mee: Van maandag 28 oktober 2019 tot dinsdag 26 november 2019 worden er werken uitgevoerd aan het plein de Aard langs de linkeroever. Hierdoor zal het veer gedurende gans deze<a href=\"https:\/\/kvns.be\/tijdelijke-stremming-veerdienst-schellebelle-over-de-schelde\/\">(Lees meer)<\/a><\/p><\/div><\/div><div class=\"fusion-clearfix\"><\/div><\/article>\n<article id=\"blog-1-post-1004\" class=\"fusion-post-medium-alternate post-1004 post type-post status-publish format-standard hentry category-vvveren-nieuws\">\n<div class=\"fusion-date-and-formats\"><div class=\"fusion-date-box updated\"><span class=\"fusion-date\">27<\/span><span class=\"fusion-month-year\">08, 2019<\/span><\/div><div class=\"fusion-format-box\"><i class=\"awb-icon-pen\" aria-hidden=\"true\"><\/i><\/div><\/div><div class=\"fusion-post-content post-content\"><h2 class=\"blog-shortcode-post-title entry-title\">Waterbus op YouTube<\/h2><p class=\"fusion-single-line-meta\"><span class=\"vcard\" style=\"display: none;\"><span class=\"fn\"><a href=\"https:\/\/kvns.be\/author\/walter\/\" title=\"Berichten van Walter Resseler\" rel=\"author\">Walter Resseler<\/a><\/span><\/span><span class=\"updated\" style=\"display:none;\">2020-04-24T14:32:31+02:00<\/span><span>27 augustus 2019<\/span><span class=\"fusion-inline-sep\">|<\/span><\/p><div class=\"fusion-post-content-container\"><p> Met grote vreugde stellen we zeer geslaagde filmpjes voor over de Noordelijke Waterbuslijn te Antwerpen en de lijn over het Alberkanaal. De waterbus vaart naar de haven sinds de Schelde route is verlengt De eerste dag dat De Waterbus<a href=\"https:\/\/kvns.be\/waterbus-op-youtube\/\">(Lees meer)<\/a><\/p><\/div><\/div><div class=\"fusion-clearfix\"><\/div><\/article>\n<article id=\"blog-1-post-973\" class=\"fusion-post-medium-alternate post-973 post type-post status-publish format-standard hentry category-vvveren-nieuws\">\n<div class=\"fusion-date-and-formats\"><div class=\"fusion-date-box updated\"><span class=\"fusion-date\">28<\/span><span class=\"fusion-month-year\">06, 2019<\/span><\/div><div class=\"fusion-format-box\"><i class=\"awb-icon-pen\" aria-hidden=\"true\"><\/i><\/div><\/div><div class=\"fusion-post-content post-content\"><h2 class=\"blog-shortcode-post-title entry-title\">Kort overzicht Waterbusnieuws<\/h2><p class=\"fusion-single-line-meta\"><span class=\"vcard\" style=\"display: none;\"><span class=\"fn\"><a href=\"https:\/\/kvns.be\/author\/walter\/\" title=\"Berichten van Walter Resseler\" rel=\"author\">Walter Resseler<\/a><\/span><\/span><span class=\"updated\" style=\"display:none;\">2020-02-20T14:01:50+01:00<\/span><span>28 juni 2019<\/span><span class=\"fusion-inline-sep\">|<\/span><\/p><div class=\"fusion-post-content-container\"><p> Antwerpen Op 18 februari 2019 begonnen drie Waterbusvaartuigen te varen op het Albertkanaal,\u00a0met 5 haltes tussen het Antwerpse Havenhuis en de 'Brug Houtlaan' te Wijnegem.\u00a0Er wordt een halfuurdienst gevaren.\u00a0In tegenstelling tot het traject op de Schelde waar tot 40<a href=\"https:\/\/kvns.be\/kort-overzicht-waterbusnieuws\/\">(Lees meer)<\/a><\/p><\/div><\/div><div class=\"fusion-clearfix\"><\/div><\/article>\n<article id=\"blog-1-post-970\" class=\"fusion-post-medium-alternate post-970 post type-post status-publish format-standard hentry category-vvveren-nieuws\">\n<div class=\"fusion-date-and-formats\"><div class=\"fusion-date-box updated\"><span class=\"fusion-date\">15<\/span><span class=\"fusion-month-year\">04, 2019<\/span><\/div><div class=\"fusion-format-box\"><i class=\"awb-icon-pen\" aria-hidden=\"true\"><\/i><\/div><\/div><div class=\"fusion-post-content post-content\"><h2 class=\"blog-shortcode-post-title entry-title\">Re\u00fcnie van Belgische en Nederlandse Verenvrienden<\/h2><p class=\"fusion-single-line-meta\"><span class=\"vcard\" style=\"display: none;\"><span class=\"fn\"><a href=\"https:\/\/kvns.be\/author\/walter\/\" title=\"Berichten van Walter Resseler\" rel=\"author\">Walter Resseler<\/a><\/span><\/span><span class=\"updated\" style=\"display:none;\">2020-02-20T14:01:58+01:00<\/span><span>15 april 2019<\/span><span class=\"fusion-inline-sep\">|<\/span><\/p><div class=\"fusion-post-content-container\"><p> Nieuws uit eigen huis! Op 13 april 2019 hielden we een werklunch op de Antwerpse linkeroever in restaurant 'Plaasj'. Zes Vlaamse vrienden van de veren waren present en we ontvingen een delegatie van vijf bestuursleden van de Nederlandse Vrienden<a href=\"https:\/\/kvns.be\/reunie-van-belgische-en-nederlandse-verenvrienden\/\">(Lees meer)<\/a><\/p><\/div><\/div><div class=\"fusion-clearfix\"><\/div><\/article>\n<article id=\"blog-1-post-724\" class=\"fusion-post-medium-alternate post-724 post type-post status-publish format-standard hentry category-vvveren-publicaties\">\n<div class=\"fusion-date-and-formats\"><div class=\"fusion-date-box updated\"><span class=\"fusion-date\">17<\/span><span class=\"fusion-month-year\">09, 2016<\/span><\/div><div class=\"fusion-format-box\"><i class=\"awb-icon-pen\" aria-hidden=\"true\"><\/i><\/div><\/div><div class=\"fusion-post-content post-content\"><h2 class=\"blog-shortcode-post-title entry-title\">Verengids<\/h2><p class=\"fusion-single-line-meta\"><span class=\"vcard\" style=\"display: none;\"><span class=\"fn\"><a href=\"https:\/\/kvns.be\/author\/walter\/\" title=\"Berichten van Walter Resseler\" rel=\"author\">Walter Resseler<\/a><\/span><\/span><span class=\"updated\" style=\"display:none;\">2020-02-20T14:02:04+01:00<\/span><span>17 september 2016<\/span><span class=\"fusion-inline-sep\">|<\/span><\/p><div class=\"fusion-post-content-container\"><p> Het kan nuttig zijn om telefonisch contact op te nemen met de veerman wanneer men met een grote groep op stap wil. Deze telefoonnummers zijn te vinden in de gids: \u201cOverzetveren in de Benelux\u201d 8e editie. Het is een<a href=\"https:\/\/kvns.be\/verengids\/\">(Lees meer)<\/a><\/p><\/div><\/div><div class=\"fusion-clearfix\"><\/div><\/article>\n<article id=\"blog-1-post-726\" class=\"fusion-post-medium-alternate post-726 post type-post status-publish format-standard hentry category-vvveren-publicatie-vast category-vvveren-publicaties\">\n<div class=\"fusion-date-and-formats\"><div class=\"fusion-date-box updated\"><span class=\"fusion-date\">5<\/span><span class=\"fusion-month-year\">03, 2014<\/span><\/div><div class=\"fusion-format-box\"><i class=\"awb-icon-pen\" aria-hidden=\"true\"><\/i><\/div><\/div><div class=\"fusion-post-content post-content\"><h2 class=\"blog-shortcode-post-title entry-title\">KASTEL heeft drie VEREN<\/h2><p class=\"fusion-single-line-meta\"><span class=\"vcard\" style=\"display: none;\"><span class=\"fn\"><a href=\"https:\/\/kvns.be\/author\/walter\/\" title=\"Berichten van Walter Resseler\" rel=\"author\">Walter Resseler<\/a><\/span><\/span><span class=\"updated\" style=\"display:none;\">2020-11-11T15:00:30+01:00<\/span><span>5 maart 2014<\/span><span class=\"fusion-inline-sep\">|<\/span><\/p><div class=\"fusion-post-content-container\"><p> KASTEL heeft drie VEREN: naar Baasrode, naar Sint-Amands, en naar Mariekerke. In deze tekst, samengesteld door Luc Wuytack, wordt getracht een historisch overzicht te geven van de drie veren over de Schelde vanaf de middeleeuwen tot heden. Er wordt<a href=\"https:\/\/kvns.be\/kastel-heeft-drie-veren\/\">(Lees meer)<\/a><\/p><\/div><\/div><div class=\"fusion-clearfix\"><\/div><\/article>\n<article id=\"blog-1-post-686\" class=\"fusion-post-medium-alternate post-686 post type-post status-publish format-standard hentry category-vvveren-publicaties\">\n<div class=\"fusion-date-and-formats\"><div class=\"fusion-date-box updated\"><span class=\"fusion-date\">10<\/span><span class=\"fusion-month-year\">10, 2008<\/span><\/div><div class=\"fusion-format-box\"><i class=\"awb-icon-pen\" aria-hidden=\"true\"><\/i><\/div><\/div><div class=\"fusion-post-content post-content\"><h2 class=\"blog-shortcode-post-title entry-title\">Pontjesverhalen<\/h2><p class=\"fusion-single-line-meta\"><span class=\"vcard\" style=\"display: none;\"><span class=\"fn\"><a href=\"https:\/\/kvns.be\/author\/walter\/\" title=\"Berichten van Walter Resseler\" rel=\"author\">Walter Resseler<\/a><\/span><\/span><span class=\"updated\" style=\"display:none;\">2020-02-20T14:02:19+01:00<\/span><span>10 oktober 2008<\/span><span class=\"fusion-inline-sep\">|<\/span><\/p><div class=\"fusion-post-content-container\"><p> In 1982 werd de Nederlandse vereniging Vrienden van de Voetveren opgericht. Het doel was om de kleine voet- fietsveertjes, die zo kenmerkend zijn voor het Nederlandse landschap, in de vaart te houden en verdwenen pontjes weer in ere te<a href=\"https:\/\/kvns.be\/pontjesverhalen\/\">(Lees meer)<\/a><\/p><\/div><\/div><div class=\"fusion-clearfix\"><\/div><\/article>\n<article id=\"blog-1-post-703\" class=\"fusion-post-medium-alternate post-703 post type-post status-publish format-standard hentry category-vvveren-publicaties\">\n<div class=\"fusion-date-and-formats\"><div class=\"fusion-date-box updated\"><span class=\"fusion-date\">15<\/span><span class=\"fusion-month-year\">06, 2003<\/span><\/div><div class=\"fusion-format-box\"><i class=\"awb-icon-pen\" aria-hidden=\"true\"><\/i><\/div><\/div><div class=\"fusion-post-content post-content\"><h2 class=\"blog-shortcode-post-title entry-title\">Heen en weer<\/h2><p class=\"fusion-single-line-meta\"><span class=\"vcard\" style=\"display: none;\"><span class=\"fn\"><a href=\"https:\/\/kvns.be\/author\/walter\/\" title=\"Berichten van Walter Resseler\" rel=\"author\">Walter Resseler<\/a><\/span><\/span><span class=\"updated\" style=\"display:none;\">2020-02-20T14:02:25+01:00<\/span><span>15 juni 2003<\/span><span class=\"fusion-inline-sep\">|<\/span><\/p><div class=\"fusion-post-content-container\"><p> Bent u geboeid door de geschiedenis van het veerwezen? Dan is dit boek over het veer van Schellebelle iets voor u. Het werd voorgedragen voor de prijs Herman Delaunois 2004 en kreeg een eervolle vermelding van de jury. Adolph<a href=\"https:\/\/kvns.be\/heen-en-weer\/\">(Lees meer)<\/a><\/p><\/div><\/div><div class=\"fusion-clearfix\"><\/div><\/article>\n<\/div><\/div><\/div><\/div><\/div><\/div>\n","protected":false},"excerpt":{"rendered":"","protected":false},"author":3590,"featured_media":0,"parent":0,"menu_order":0,"comment_status":"closed","ping_status":"closed","template":"100-width.php","meta":{"footnotes":""},"class_list":["post-368","page","type-page","status-publish","hentry"],"yoast_head":"<!-- This site is optimized with the Yoast SEO plugin v27.5 - https:\/\/yoast.com\/product\/yoast-seo-wordpress\/ -->\n<title>Nieuws | KVNS<\/title>\n<meta name=\"robots\" content=\"index, follow, max-snippet:-1, max-image-preview:large, max-video-preview:-1\" \/>\n<link rel=\"canonical\" href=\"https:\/\/kvns.be\/nieuws\/\" \/>\n<meta property=\"og:locale\" content=\"nl_NL\" \/>\n<meta property=\"og:type\" content=\"article\" \/>\n<meta property=\"og:title\" content=\"Nieuws | KVNS\" \/>\n<meta property=\"og:url\" content=\"https:\/\/kvns.be\/nieuws\/\" \/>\n<meta property=\"og:site_name\" content=\"KVNS\" \/>\n<meta property=\"article:modified_time\" content=\"2020-02-12T09:28:59+00:00\" \/>\n<meta name=\"twitter:card\" content=\"summary_large_image\" \/>\n<meta name=\"twitter:label1\" content=\"Geschatte leestijd\" \/>\n\t<meta name=\"twitter:data1\" content=\"2 minuten\" \/>\n<script type=\"application\/ld+json\" class=\"yoast-schema-graph\">{\"@context\":\"https:\\\/\\\/schema.org\",\"@graph\":[{\"@type\":\"WebPage\",\"@id\":\"https:\\\/\\\/kvns.be\\\/nieuws\\\/\",\"url\":\"https:\\\/\\\/kvns.be\\\/nieuws\\\/\",\"name\":\"Nieuws | KVNS\",\"isPartOf\":{\"@id\":\"https:\\\/\\\/kvns.be\\\/#website\"},\"datePublished\":\"2015-01-27T10:55:16+00:00\",\"dateModified\":\"2020-02-12T09:28:59+00:00\",\"inLanguage\":\"nl-NL\",\"potentialAction\":[{\"@type\":\"ReadAction\",\"target\":[\"https:\\\/\\\/kvns.be\\\/nieuws\\\/\"]}]},{\"@type\":\"WebSite\",\"@id\":\"https:\\\/\\\/kvns.be\\\/#website\",\"url\":\"https:\\\/\\\/kvns.be\\\/\",\"name\":\"KVNS\",\"description\":\"Koninklijke Vereniging voor Natuur- &amp; Stedenschoon\",\"publisher\":{\"@id\":\"https:\\\/\\\/kvns.be\\\/#organization\"},\"potentialAction\":[{\"@type\":\"SearchAction\",\"target\":{\"@type\":\"EntryPoint\",\"urlTemplate\":\"https:\\\/\\\/kvns.be\\\/?s={search_term_string}\"},\"query-input\":{\"@type\":\"PropertyValueSpecification\",\"valueRequired\":true,\"valueName\":\"search_term_string\"}}],\"inLanguage\":\"nl-NL\"},{\"@type\":\"Organization\",\"@id\":\"https:\\\/\\\/kvns.be\\\/#organization\",\"name\":\"KVNS\",\"url\":\"https:\\\/\\\/kvns.be\\\/\",\"logo\":{\"@type\":\"ImageObject\",\"inLanguage\":\"nl-NL\",\"@id\":\"https:\\\/\\\/kvns.be\\\/#\\\/schema\\\/logo\\\/image\\\/\",\"url\":\"https:\\\/\\\/kvns.be\\\/wp-content\\\/uploads\\\/2019\\\/07\\\/kvns_logo.jpg\",\"contentUrl\":\"https:\\\/\\\/kvns.be\\\/wp-content\\\/uploads\\\/2019\\\/07\\\/kvns_logo.jpg\",\"width\":160,\"height\":120,\"caption\":\"KVNS\"},\"image\":{\"@id\":\"https:\\\/\\\/kvns.be\\\/#\\\/schema\\\/logo\\\/image\\\/\"}}]}<\/script>\n<!-- \/ Yoast SEO plugin. -->","yoast_head_json":{"title":"Nieuws | KVNS","robots":{"index":"index","follow":"follow","max-snippet":"max-snippet:-1","max-image-preview":"max-image-preview:large","max-video-preview":"max-video-preview:-1"},"canonical":"https:\/\/kvns.be\/nieuws\/","og_locale":"nl_NL","og_type":"article","og_title":"Nieuws | KVNS","og_url":"https:\/\/kvns.be\/nieuws\/","og_site_name":"KVNS","article_modified_time":"2020-02-12T09:28:59+00:00","twitter_card":"summary_large_image","twitter_misc":{"Geschatte leestijd":"2 minuten"},"schema":{"@context":"https:\/\/schema.org","@graph":[{"@type":"WebPage","@id":"https:\/\/kvns.be\/nieuws\/","url":"https:\/\/kvns.be\/nieuws\/","name":"Nieuws | KVNS","isPartOf":{"@id":"https:\/\/kvns.be\/#website"},"datePublished":"2015-01-27T10:55:16+00:00","dateModified":"2020-02-12T09:28:59+00:00","inLanguage":"nl-NL","potentialAction":[{"@type":"ReadAction","target":["https:\/\/kvns.be\/nieuws\/"]}]},{"@type":"WebSite","@id":"https:\/\/kvns.be\/#website","url":"https:\/\/kvns.be\/","name":"KVNS","description":"Koninklijke Vereniging voor Natuur- &amp; Stedenschoon","publisher":{"@id":"https:\/\/kvns.be\/#organization"},"potentialAction":[{"@type":"SearchAction","target":{"@type":"EntryPoint","urlTemplate":"https:\/\/kvns.be\/?s={search_term_string}"},"query-input":{"@type":"PropertyValueSpecification","valueRequired":true,"valueName":"search_term_string"}}],"inLanguage":"nl-NL"},{"@type":"Organization","@id":"https:\/\/kvns.be\/#organization","name":"KVNS","url":"https:\/\/kvns.be\/","logo":{"@type":"ImageObject","inLanguage":"nl-NL","@id":"https:\/\/kvns.be\/#\/schema\/logo\/image\/","url":"https:\/\/kvns.be\/wp-content\/uploads\/2019\/07\/kvns_logo.jpg","contentUrl":"https:\/\/kvns.be\/wp-content\/uploads\/2019\/07\/kvns_logo.jpg","width":160,"height":120,"caption":"KVNS"},"image":{"@id":"https:\/\/kvns.be\/#\/schema\/logo\/image\/"}}]}},"_links":{"self":[{"href":"https:\/\/kvns.be\/wp-json\/wp\/v2\/pages\/368","targetHints":{"allow":["GET"]}}],"collection":[{"href":"https:\/\/kvns.be\/wp-json\/wp\/v2\/pages"}],"about":[{"href":"https:\/\/kvns.be\/wp-json\/wp\/v2\/types\/page"}],"author":[{"embeddable":true,"href":"https:\/\/kvns.be\/wp-json\/wp\/v2\/users\/3590"}],"replies":[{"embeddable":true,"href":"https:\/\/kvns.be\/wp-json\/wp\/v2\/comments?post=368"}],"version-history":[{"count":0,"href":"https:\/\/kvns.be\/wp-json\/wp\/v2\/pages\/368\/revisions"}],"wp:attachment":[{"href":"https:\/\/kvns.be\/wp-json\/wp\/v2\/media?parent=368"}],"curies":[{"name":"wp","href":"https:\/\/api.w.org\/{rel}","templated":true}]}}