{"id":2248,"date":"2026-01-27T09:13:34","date_gmt":"2026-01-27T08:13:34","guid":{"rendered":"https:\/\/kvns.be\/?page_id=2248"},"modified":"2026-01-29T14:30:09","modified_gmt":"2026-01-29T13:30:09","slug":"gansakkermolen","status":"publish","type":"page","link":"https:\/\/kvns.be\/molenzorg\/gansakkermolen\/","title":{"rendered":"Gansakkermolen"},"content":{"rendered":"<p><div class=\"fusion-fullwidth fullwidth-box fusion-builder-row-1 fusion-flex-container nonhundred-percent-fullwidth non-hundred-percent-height-scrolling\" style=\"--awb-background-position:left top;--awb-border-sizes-top:0px;--awb-border-sizes-bottom:0px;--awb-border-sizes-left:0px;--awb-border-sizes-right:0px;--awb-border-radius-top-left:0px;--awb-border-radius-top-right:0px;--awb-border-radius-bottom-right:0px;--awb-border-radius-bottom-left:0px;--awb-background-color:rgba(255,255,255,0);--awb-flex-wrap:wrap;\" ><div class=\"fusion-builder-row fusion-row fusion-flex-align-items-center fusion-flex-content-wrap\" style=\"max-width:1216.8px;margin-left: calc(-4% \/ 2 );margin-right: calc(-4% \/ 2 );\"><div class=\"fusion-layout-column fusion_builder_column fusion-builder-column-0 fusion_builder_column_1_1 1_1 fusion-flex-column\" style=\"--awb-bg-size:cover;--awb-width-large:100%;--awb-margin-top-large:0px;--awb-spacing-right-large:1.92%;--awb-margin-bottom-large:20px;--awb-spacing-left-large:1.92%;--awb-width-medium:100%;--awb-order-medium:0;--awb-spacing-right-medium:1.92%;--awb-spacing-left-medium:1.92%;--awb-width-small:100%;--awb-order-small:0;--awb-spacing-right-small:1.92%;--awb-spacing-left-small:1.92%;\"><div class=\"fusion-column-wrapper fusion-column-has-shadow fusion-flex-justify-content-flex-start fusion-content-layout-column\"><div class=\"fusion-title title fusion-title-1 sep-underline sep-solid fusion-title-text fusion-title-size-one\" style=\"--awb-margin-top-small:0px;--awb-margin-right-small:0px;--awb-margin-bottom-small:20px;--awb-margin-left-small:0px;\"><h1 class=\"fusion-title-heading title-heading-left fusion-responsive-typography-calculated\" style=\"margin:0;--fontSize:30;line-height:1;\">Gansakkermolen<\/h1><\/div><\/div><\/div><div class=\"fusion-layout-column fusion_builder_column fusion-builder-column-1 fusion_builder_column_1_2 1_2 fusion-flex-column\" style=\"--awb-bg-size:cover;--awb-width-large:50%;--awb-margin-top-large:0px;--awb-spacing-right-large:3.84%;--awb-margin-bottom-large:20px;--awb-spacing-left-large:3.84%;--awb-width-medium:100%;--awb-order-medium:0;--awb-spacing-right-medium:1.92%;--awb-spacing-left-medium:1.92%;--awb-width-small:100%;--awb-order-small:0;--awb-spacing-right-small:1.92%;--awb-spacing-left-small:1.92%;\"><div class=\"fusion-column-wrapper fusion-column-has-shadow fusion-flex-justify-content-flex-start fusion-content-layout-column\"><div class=\"fusion-image-element \" style=\"--awb-caption-title-font-family:var(--h2_typography-font-family);--awb-caption-title-font-weight:var(--h2_typography-font-weight);--awb-caption-title-font-style:var(--h2_typography-font-style);--awb-caption-title-size:var(--h2_typography-font-size);--awb-caption-title-transform:var(--h2_typography-text-transform);--awb-caption-title-line-height:var(--h2_typography-line-height);--awb-caption-title-letter-spacing:var(--h2_typography-letter-spacing);\"><span class=\" fusion-imageframe imageframe-none imageframe-1 hover-type-none\" style=\"border:1px solid #b5b5b5;\"><img decoding=\"async\" width=\"875\" height=\"899\" title=\"Gansakkermolen\" src=\"data:image\/svg+xml,%3Csvg%20xmlns%3D%27http%3A%2F%2Fwww.w3.org%2F2000%2Fsvg%27%20width%3D%27875%27%20height%3D%27899%27%20viewBox%3D%270%200%20875%20899%27%3E%3Crect%20width%3D%27875%27%20height%3D%27899%27%20fill-opacity%3D%220%22%2F%3E%3C%2Fsvg%3E\" data-orig-src=\"https:\/\/kvns.be\/wp-content\/uploads\/2026\/01\/Gansakkermolen.jpg\" alt class=\"lazyload img-responsive wp-image-2252\"\/><\/span><\/div><\/div><\/div><div class=\"fusion-layout-column fusion_builder_column fusion-builder-column-2 fusion_builder_column_1_2 1_2 fusion-flex-column\" style=\"--awb-padding-top:50px;--awb-padding-right:20px;--awb-padding-bottom:50px;--awb-padding-left:20px;--awb-padding-top-small:0px;--awb-padding-right-small:10px;--awb-padding-bottom-small:0px;--awb-padding-left-small:0px;--awb-bg-size:cover;--awb-width-large:50%;--awb-margin-top-large:0px;--awb-spacing-right-large:3.84%;--awb-margin-bottom-large:20px;--awb-spacing-left-large:3.84%;--awb-width-medium:100%;--awb-order-medium:0;--awb-spacing-right-medium:1.92%;--awb-spacing-left-medium:1.92%;--awb-width-small:100%;--awb-order-small:0;--awb-spacing-right-small:1.92%;--awb-spacing-left-small:1.92%;\"><div class=\"fusion-column-wrapper fusion-column-has-shadow fusion-flex-justify-content-center fusion-content-layout-column\"><div class=\"fusion-text fusion-text-1\"><p>In 1990 werd de <b>Gansakkermolen<\/b> in Geel na jaren van slecht onderhoud en steeds meer gebrek aan windvang stilgelegd. De bescherming van de molen als monument in 1981 heeft waarschijnlijk zijn verdwijning kunnen verhinderen. Een verkavelingsvergunning rondom de molen en de oprichting van een nieuwe woonwijk namen alle windvang weg en verijdelden de hoop op behoud en restauratie ter plaatse.<\/p>\n<p>Een lange zoektocht begon, die uiteindelijk resulteerde in een verplaatsing van de molen naar <b>Puurs-Sint-Amands<\/b> en de heropbouw nabij de Scheldedijk. De <b>Koninklijke Vereniging voor Natuur- en Stedenschoon vzw<\/b> zorgde voor zowat de hele financiering, de administratieve en juridische omkadering en de opstart van de restauratie.<\/p>\n<p>Sinds eind februari van dit jaar is de <b>Stichting Kempens Landschap<\/b> eigenaar van de molen. Hierdoor is de toekomst van de molen verzekerd.<\/p>\n<\/div><\/div><\/div><div class=\"fusion-layout-column fusion_builder_column fusion-builder-column-3 fusion_builder_column_1_1 1_1 fusion-flex-column\" style=\"--awb-bg-size:cover;--awb-width-large:100%;--awb-margin-top-large:0px;--awb-spacing-right-large:1.92%;--awb-margin-bottom-large:20px;--awb-spacing-left-large:1.92%;--awb-width-medium:100%;--awb-order-medium:0;--awb-spacing-right-medium:1.92%;--awb-spacing-left-medium:1.92%;--awb-width-small:100%;--awb-order-small:0;--awb-spacing-right-small:1.92%;--awb-spacing-left-small:1.92%;\"><div class=\"fusion-column-wrapper fusion-column-has-shadow fusion-flex-justify-content-center fusion-content-layout-column\"><div class=\"fusion-title title fusion-title-2 sep-underline sep-solid fusion-title-text fusion-title-size-two\" style=\"--awb-margin-top-small:0px;--awb-margin-right-small:0px;--awb-margin-bottom-small:20px;--awb-margin-left-small:0px;\"><h2 class=\"fusion-title-heading title-heading-left fusion-responsive-typography-calculated\" style=\"margin:0;--fontSize:22;--minFontSize:22;line-height:1.36;\">De KVNS komt op voor molens<\/h2><\/div><div class=\"fusion-text fusion-text-2\"><p>De Koninklijke Vereniging voor Natuur- en Stedenschoon vzw (KVNS), opgericht in 1910, heeft altijd aandacht besteed aan het behoud en de revalorisatie van historische molens. In haar eigen tijdschrift werden er talrijke artikels aan gewijd en de vereniging verzorgde de uitgave van diverse publicaties over molens. Een belangrijk concept in de molenwereld, met name de draaipremie, kwam er dankzij acties van deze vereniging.<\/p>\n<p>De molenwerking kreeg een boost toen de vereniging in 1952 de Keesesmolen aan de Geelse Baan in Kasterlee aankocht. Dit opvallende en niet uit Kasterlee weg te denken monument werd in 1954 door de KVNS verplaatst naar zijn huidige locatie. Op de oorspronkelijke plaats aan de Retiesebaan had de molen immers geen toekomst meer. In 1970 werd de Keesesmolen volledig gerestaureerd en lieten de vrijwillige molenaars de molen regelmatig draaien. In 2000 werden opnieuw herstellingen uitgevoerd en werd de molenkast geschilderd.<\/p>\n<p>Architect Paul Gevers werd conservator van de molen en zag toe op een regelmatig onderhoud. Vrijwillig molenaar Jef De Kinderen liet trouw elke maand de molen draaien, al werd de windvang steeds meer belemmerd door de alsmaar groter wordende bomen rond de molen. Dit leidde tot steeds meer conflicten met de gemeente Kasterlee. Een breekpunt in die discussie werd de oprichting van een nieuw gebouw voor serviceflats op 27 m achter de molen, waardoor de molen volledig uit de wind zou worden gezet. Om deze reden kreeg de aanvraag voor een onderhoudspremie in 2010 voor dringende herstellingen door het agentschap Onroerend Erfgoed een negatief advies. De bewaringstoestand van de trap en het balkon waren problematisch. Nog erger was dat \u00e9\u00e9n van de kruisplaten zo slecht bleek te zijn dat het gevaar voor het afschuiven van meester- en okselband re\u00ebel was en de molen dringend gestut moest worden. In tegenstelling tot bepaalde beweringen, met name een tekort aan financi\u00eble middelen, was het standpunt van het bestuur van de KVNS zeer duidelijk: bij gebrek aan windvang komen de draaipremie en het subsidieerbare karakter van de molen in gevaar.<\/p>\n<p>Op 13 augustus 2009 bracht een delegatie van het bestuur van de vereniging een plaatsbezoek aan de molen van Kasterlee. Na het bezoek werd in de herberg In de schaduw van de molen een eventuele verplaatsing van de molen besproken. Blijkbaar werd dit door andere aanwezigen opgevangen. Een paar dagen later circuleerde het bericht in de lokale pers dat de molen van Kasterlee \u2018in gevaar\u2019 zou zijn.<\/p>\n<p>Op basis van haar bevindingen ging de KVNS een gesprek aan met het gemeentebestuur van Kasterlee. Twee belangrijke drijfveren speelden hierin een rol. Voor de oprichting van het gebouw achter de molen werd de KVNS nooit uitgenodigd om advies te geven tijdens het openbaar onderzoek. De gemeente beriep zich hiervoor op het feit dat de molen \u2018roerend\u2019 was en alleen de eigenaar van het onroerend gedeelte, met name het OCMW, hiertoe werd uitgenodigd en geen bezwaar had aangetekend. In het licht van de ondertussen opgestarte werking in Puurs-Sint-Amands en de centrale positie van de oude Scheldemolen op de Kouter in het historische landschap, vond de KVNS dan ook dat de molen van Kasterlee beter kon worden verhuisd naar Sint-Amands. Hij werd immers toch als \u2018roerend\u2019 beschouwd\u2026<\/p>\n<p>De argumentatie was onweerlegbaar. In Sint- Amands was de windvang wel gegarandeerd en de molen moest sowieso van de staak gehaald worden voor restauratie. Dit standpunt leidde tot protestacties en standpunten van diverse betrokkenen in Kasterlee, die \u2013 begrijpelijk \u2013 \u2018hun\u2019 molen niet graag zagen vertrekken. De beslissing van de KVNS was dan ook duidelijk. Als Kasterlee de molen als haar eigendom beschouwt, moet het gemeentebestuur overgaan tot de aankoop ervan. Zoniet wordt de molen verplaatst naar Sint- Amands. Na enkele maanden onderhandelen werd eind 2011 de Keesesmolen door de vereniging verkocht aan de gemeente Kasterlee. De molen is inmiddels gerestaureerd, maar de windvang blijft problematisch door de omringende bossen en de nabijheid van het woonzorgcentrum.<\/p>\n<\/div><div class=\"fusion-image-element \" style=\"text-align:center;--awb-caption-title-font-family:var(--h2_typography-font-family);--awb-caption-title-font-weight:var(--h2_typography-font-weight);--awb-caption-title-font-style:var(--h2_typography-font-style);--awb-caption-title-size:var(--h2_typography-font-size);--awb-caption-title-transform:var(--h2_typography-text-transform);--awb-caption-title-line-height:var(--h2_typography-line-height);--awb-caption-title-letter-spacing:var(--h2_typography-letter-spacing);\"><span class=\" fusion-imageframe imageframe-none imageframe-2 hover-type-none\" style=\"border:1px solid #b5b5b5;\"><img decoding=\"async\" width=\"1000\" height=\"672\" title=\"Gerestaureerde Keesesmolen\" src=\"data:image\/svg+xml,%3Csvg%20xmlns%3D%27http%3A%2F%2Fwww.w3.org%2F2000%2Fsvg%27%20width%3D%271000%27%20height%3D%27672%27%20viewBox%3D%270%200%201000%20672%27%3E%3Crect%20width%3D%271000%27%20height%3D%27672%27%20fill-opacity%3D%220%22%2F%3E%3C%2Fsvg%3E\" data-orig-src=\"https:\/\/kvns.be\/wp-content\/uploads\/2026\/01\/Gerestaureerde-Keesesmolen.jpg\" alt class=\"lazyload img-responsive wp-image-2256\"\/><\/span><\/div><\/div><\/div><div class=\"fusion-layout-column fusion_builder_column fusion-builder-column-4 fusion_builder_column_1_1 1_1 fusion-flex-column\" style=\"--awb-padding-top:20px;--awb-padding-right:20px;--awb-padding-bottom:20px;--awb-padding-left:20px;--awb-bg-color:var(--awb-custom_color_1);--awb-bg-color-hover:var(--awb-custom_color_1);--awb-bg-size:cover;--awb-border-color:var(--awb-custom_color_1);--awb-border-style:solid;--awb-width-large:100%;--awb-margin-top-large:50px;--awb-spacing-right-large:1.92%;--awb-margin-bottom-large:50px;--awb-spacing-left-large:1.92%;--awb-width-medium:100%;--awb-order-medium:0;--awb-spacing-right-medium:1.92%;--awb-spacing-left-medium:1.92%;--awb-width-small:100%;--awb-order-small:0;--awb-spacing-right-small:1.92%;--awb-spacing-left-small:1.92%;\"><div class=\"fusion-column-wrapper fusion-column-has-shadow fusion-flex-justify-content-center fusion-content-layout-column\"><div class=\"fusion-title title fusion-title-3 sep-underline sep-solid fusion-title-center fusion-title-text fusion-title-size-two\" style=\"--awb-margin-bottom:0px;--awb-margin-top-small:0px;--awb-margin-right-small:0px;--awb-margin-bottom-small:20px;--awb-margin-left-small:0px;\"><h2 class=\"fusion-title-heading title-heading-center fusion-responsive-typography-calculated\" style=\"margin:0;--fontSize:22;--minFontSize:22;line-height:1.36;\">De Koninklijke Vereniging voor Natuur- en Stedenschoon vzw<\/h2><\/div><div class=\"fusion-text fusion-text-3\" style=\"--awb-content-alignment:center;\"><p>De Koninklijke Vereniging voor Natuur- en Stedenschoon werd in 1910 opgericht en bleef meer dan dertig jaar de enige milieuvereniging in het Vlaamse landgedeelte (1). De KVNS heeft daarna de groeiende milieubewustwording kunnen ondersteunen. Aanleiding tot de oprichting was het gevaar voor de verdwijning van de Kalmthoutse Heide en de duinen van de Westhoek. Door jarenlange acties wist de vereniging in 1942 de Kalmthoutse Heide van vernieling te vrijwaren. De KVNS bezit een omvangrijk archief, dat zowel in het Vlaams Architectuurarchief als in het Felixarchief wordt bewaard. Het bevat ook veel eigen publicaties en beeldmateriaal van molens, 19de-eeuwse glasnegatieven van de binnenstad Antwerpen en andere steden, alsook prentbriefkaarten en foto\u2019s. De foto\u2019s uit 1911 lagen mee aan de basis van de heroprichting van de Lakenhalle in Ieper na de verwoesting tijdens WO I.<br \/>De vereniging geeft sinds 1922 ook een eigen tijdschrift uit. In 1936 verscheen het boekje Een bedreiging. De buurt der Gildekamerstraat, waarmee de afbraak van deze straat achter het stadhuis van Antwerpen ten behoeve van een nieuw administratief centrum aan de kaak werd gesteld. Uit deze publicatie blijkt dat James Ensor een van de correspondenten van de KVNS was. Het standaardwerk Doorheen Oud-Antwerpen van Amand De Lattin uit 1955 verscheen eerst als afleveringen in het tijdschrift van de vereniging. De auteur was een van de oprichters en jarenlang secretaris van de vereniging. Nu laat de KVNS opnieuw van zich horen door de toekomst van de Gansakkermolen te verzekeren.<\/p>\n<p style=\"font-size: 12px;\" data-fusion-font=\"true\">(1) Een halve eeuw Natuur- en Stedenschoon: 1910-1960, Antwerpen, 1961; 75 jaar Koninklijke Vereniging voor Natuur- en Stedenschoon: 1910-1985, Antwerpen, 1985; 100-jarig bestaan van de Koninklijke Vereniging voor Natuur- en Stedenschoon (KVNS), Oppuurs, 2010.<\/p>\n<\/div><\/div><\/div><div class=\"fusion-layout-column fusion_builder_column fusion-builder-column-5 fusion_builder_column_1_2 1_2 fusion-flex-column\" style=\"--awb-bg-size:cover;--awb-width-large:50%;--awb-margin-top-large:0px;--awb-spacing-right-large:3.84%;--awb-margin-bottom-large:20px;--awb-spacing-left-large:3.84%;--awb-width-medium:100%;--awb-order-medium:0;--awb-spacing-right-medium:1.92%;--awb-spacing-left-medium:1.92%;--awb-width-small:100%;--awb-order-small:0;--awb-spacing-right-small:1.92%;--awb-spacing-left-small:1.92%;\"><div class=\"fusion-column-wrapper fusion-column-has-shadow fusion-flex-justify-content-center fusion-content-layout-column\"><div class=\"fusion-image-element \" style=\"--awb-caption-title-font-family:var(--h2_typography-font-family);--awb-caption-title-font-weight:var(--h2_typography-font-weight);--awb-caption-title-font-style:var(--h2_typography-font-style);--awb-caption-title-size:var(--h2_typography-font-size);--awb-caption-title-transform:var(--h2_typography-text-transform);--awb-caption-title-line-height:var(--h2_typography-line-height);--awb-caption-title-letter-spacing:var(--h2_typography-letter-spacing);\"><span class=\" fusion-imageframe imageframe-none imageframe-3 hover-type-none\" style=\"border:1px solid #b5b5b5;\"><img decoding=\"async\" width=\"809\" height=\"1200\" title=\"De Gansakkermolen op zijn oorspronkelijke locatie in Geel\" src=\"data:image\/svg+xml,%3Csvg%20xmlns%3D%27http%3A%2F%2Fwww.w3.org%2F2000%2Fsvg%27%20width%3D%27809%27%20height%3D%271200%27%20viewBox%3D%270%200%20809%201200%27%3E%3Crect%20width%3D%27809%27%20height%3D%271200%27%20fill-opacity%3D%220%22%2F%3E%3C%2Fsvg%3E\" data-orig-src=\"https:\/\/kvns.be\/wp-content\/uploads\/2026\/01\/De-Gansakkermolen-op-zijn-oorspronkelijke-locatie-in-Geel.jpg\" alt class=\"lazyload img-responsive wp-image-2266\"\/><\/span><\/div><div class=\"fusion-text fusion-text-4\" style=\"--awb-content-alignment:center;--awb-font-size:12px;--awb-margin-top:10px;\"><p>&#8220;<em>De aftakelende Gansakker- molen in 1999 <\/em><em>op zijn oorspronkelijke locatie in Geel <br \/><\/em><em>(\u00a9 agentschap Onroerend Erfgoed)&#8221;<\/em><\/p>\n<\/div><\/div><\/div><div class=\"fusion-layout-column fusion_builder_column fusion-builder-column-6 fusion_builder_column_1_2 1_2 fusion-flex-column\" style=\"--awb-bg-size:cover;--awb-width-large:50%;--awb-margin-top-large:0px;--awb-spacing-right-large:3.84%;--awb-margin-bottom-large:0px;--awb-spacing-left-large:3.84%;--awb-width-medium:100%;--awb-order-medium:0;--awb-spacing-right-medium:1.92%;--awb-spacing-left-medium:1.92%;--awb-width-small:100%;--awb-order-small:0;--awb-spacing-right-small:1.92%;--awb-spacing-left-small:1.92%;\"><div class=\"fusion-column-wrapper fusion-column-has-shadow fusion-flex-justify-content-center fusion-content-layout-column\"><div class=\"fusion-title title fusion-title-4 sep-underline sep-solid fusion-title-text fusion-title-size-three\" style=\"--awb-margin-top-small:0px;--awb-margin-right-small:0px;--awb-margin-bottom-small:20px;--awb-margin-left-small:0px;\"><h3 class=\"fusion-title-heading title-heading-left fusion-responsive-typography-calculated\" style=\"margin:0;--fontSize:18;--minFontSize:18;line-height:1.36;\">Geschiedenis van de Gansakkermolen<\/h3><\/div><div class=\"fusion-text fusion-text-5\"><p>In de gesprekken met het agentschap Onroerend Erfgoed kwam ook de Gansakkermolen van Geel ter sprake. Deze standaardmolen uit 1797 was gedemonteerd in afwachting van verplaatsing en restauratie. De situatie was vergelijkbaar met die van Kasterlee, met dit verschil dat de Gansakkermolen verhinderde om woningen op een vergunde verkaveling te kunnen bouwen. In 2012 kocht de KVNS de molen aan.<\/p>\n<p>De Gansakkermolen, ook genoemd de molen van de Gansakker of molen van Bakelants in Geel, stond op de noordzijde van de Molenstraat, ter hoogte van nummer 26, op de hoek met de Gansakker (1). De molen is naar het toponiem Gansakker vernoemd. Deze standaardmolen werd in 1797 gebouwd door Gilliam Keersmaeckers als een koren- en moutmolen. Hij was de eerste \u2018vrije\u2019 molen van Geel die niet langer onderworpen was aan de afgeschafte feodale rechten.<\/p>\n<p>Op 29 juli 1797 lieten de gasthuiszusters van Geel 156 <em>stenen <\/em>(oude inhoudsmaat) <em>mout <\/em>voeren naar <em>den nieuwen wintmoolen<\/em>, wat kan dienen als <em>terminus ante quem <\/em>voor de bouw van de molen. Op een balk binnen is het jaartal 1799 gekerfd. De molenbouwer is niet gekend, maar van 1750<\/p>\n<\/div><\/div><\/div><div class=\"fusion-layout-column fusion_builder_column fusion-builder-column-7 fusion_builder_column_1_2 1_2 fusion-flex-column\" style=\"--awb-bg-size:cover;--awb-width-large:50%;--awb-margin-top-large:0px;--awb-spacing-right-large:3.84%;--awb-margin-bottom-large:0px;--awb-spacing-left-large:3.84%;--awb-width-medium:100%;--awb-order-medium:0;--awb-spacing-right-medium:1.92%;--awb-spacing-left-medium:1.92%;--awb-width-small:100%;--awb-order-small:0;--awb-spacing-right-small:1.92%;--awb-spacing-left-small:1.92%;\"><div class=\"fusion-column-wrapper fusion-column-has-shadow fusion-flex-justify-content-center fusion-content-layout-column\"><div class=\"fusion-text fusion-text-6\"><p>tot 1820 was de familie Willems actief als molen- bouwer in de regio van Geel (2).<\/p>\n<p>Deze standaardmolen van het Kempische type is een van de stevigste molens in de regio. Hij is kortgerokt, heeft een hangende windweeg, een gesloten voet, een gebogen dak met rabatwerk en doorlopende voor- en achterbalken. De molen heeft geklinknagelde roeden en twee koppels molenstenen (3).<\/p>\n<p>Verschillende molenonderdelen bevatten oude telmerken of inscripties. Op \u00e9\u00e9n regel valt het jaartal 1827 te ontcijferen. Op een van de grote wielen staat 1853, wat wijst op een herstelling in dat jaar. Het opschrift 1913 IC (4) op een van de klauwen van de standaard wijst ook op een herstelling of vervanging (5) en een lijst bevat de inscriptie BAKELANTS 1918 M. CLAERBOUT 1918.<\/p>\n<p>Van 1906 tot 2000 was de molen in het bezit van de familie Bakelants. In 1946 werden groot onderhoud en herstel uitgevoerd. Hierbij werd een nieuwe ijzeren vang ge\u00efnstalleerd. In de jaren 1960 werd de molen tijdelijk stilgelegd, maar tot in 1987 liet de laatste beroepsmolenaar Frans Bakelants (6), bijgestaan door zijn zoon Victor, hem toch nog regelmatig draaien. Het was een van de zeldzame nog draaiende molens in de Kempen en vormde samen met de Sint-Dimpnakerk een kenmerkend dorpsbeeld. Helaas geraakte de molen vanaf de jaren 1970 steeds meer door bebouwing ingesloten, hetgeen de windvang belemmerde. Al in 1958 werd er in de lokale pers gesproken van ontmanteling en verplaatsing van de molen omdat door de oprukkende bebouwing de windvang ontoereikend werd (7). In 1973 werd een eerste poging gedaan tot bescherming van de molen, inclusief de omgeving als landschap. Dit ging echter niet door omdat zowel de gemeente als de provincie voorstander waren van een verplaatsing.<\/p>\n<p>Eind jaren 1970 werd voorgesteld om de molen te verplaatsen naar het gehucht Stelen, eveneens in Geel. De Koninklijke Commissie voor Monumenten en Landschappen (KCML) gaf hiervoor een<\/p>\n<\/div><\/div><\/div><div class=\"fusion-layout-column fusion_builder_column fusion-builder-column-8 fusion_builder_column_1_2 1_2 fusion-flex-column\" style=\"--awb-bg-size:cover;--awb-width-large:50%;--awb-margin-top-large:0px;--awb-spacing-right-large:3.84%;--awb-margin-bottom-large:20px;--awb-spacing-left-large:3.84%;--awb-width-medium:100%;--awb-order-medium:0;--awb-spacing-right-medium:1.92%;--awb-spacing-left-medium:1.92%;--awb-width-small:100%;--awb-order-small:0;--awb-spacing-right-small:1.92%;--awb-spacing-left-small:1.92%;\"><div class=\"fusion-column-wrapper fusion-column-has-shadow fusion-flex-justify-content-center fusion-content-layout-column\"><div class=\"fusion-text fusion-text-7\" style=\"--awb-content-alignment:center;--awb-font-size:12px;--awb-margin-top:10px;\"><p>De Gansakkermolen in 1989 op zijn oorspronkelijke locatie in Geel<br \/>(\u00a9 Patrick Goossens)<\/p>\n<\/div><div class=\"fusion-image-element \" style=\"--awb-caption-title-font-family:var(--h2_typography-font-family);--awb-caption-title-font-weight:var(--h2_typography-font-weight);--awb-caption-title-font-style:var(--h2_typography-font-style);--awb-caption-title-size:var(--h2_typography-font-size);--awb-caption-title-transform:var(--h2_typography-text-transform);--awb-caption-title-line-height:var(--h2_typography-line-height);--awb-caption-title-letter-spacing:var(--h2_typography-letter-spacing);\"><span class=\" fusion-imageframe imageframe-none imageframe-4 hover-type-none\" style=\"border:1px solid #b5b5b5;\"><img decoding=\"async\" width=\"735\" height=\"1762\" title=\"De Gansakkermolen in 1989-1\" src=\"https:\/\/kvns.be\/wp-content\/uploads\/2026\/01\/De-Gansakkermolen-in-1989-1.jpg\" data-orig-src=\"https:\/\/kvns.be\/wp-content\/uploads\/2026\/01\/De-Gansakkermolen-in-1989-1.jpg\" alt class=\"lazyload img-responsive wp-image-2275\" srcset=\"data:image\/svg+xml,%3Csvg%20xmlns%3D%27http%3A%2F%2Fwww.w3.org%2F2000%2Fsvg%27%20width%3D%27735%27%20height%3D%271762%27%20viewBox%3D%270%200%20735%201762%27%3E%3Crect%20width%3D%27735%27%20height%3D%271762%27%20fill-opacity%3D%220%22%2F%3E%3C%2Fsvg%3E\" data-srcset=\"https:\/\/kvns.be\/wp-content\/uploads\/2026\/01\/De-Gansakkermolen-in-1989-1-200x479.jpg 200w, https:\/\/kvns.be\/wp-content\/uploads\/2026\/01\/De-Gansakkermolen-in-1989-1-400x959.jpg 400w, https:\/\/kvns.be\/wp-content\/uploads\/2026\/01\/De-Gansakkermolen-in-1989-1-600x1438.jpg 600w, https:\/\/kvns.be\/wp-content\/uploads\/2026\/01\/De-Gansakkermolen-in-1989-1.jpg 735w\" data-sizes=\"auto\" data-orig-sizes=\"(max-width: 1024px) 100vw, (max-width: 640px) 100vw, 600px\" \/><\/span><\/div><div class=\"fusion-text fusion-text-8\" style=\"--awb-content-alignment:center;--awb-font-size:12px;--awb-margin-top:10px;\"><p>De aftakelende Gansakker- molen in 1999 op zijn oorspronkelijke locatie in Geel<br \/>(\u00a9 agentschap Onroerend Erfgoed)<\/p>\n<\/div><\/div><\/div><\/div><\/div><div class=\"fusion-fullwidth fullwidth-box fusion-builder-row-2 fusion-flex-container has-pattern-background has-mask-background nonhundred-percent-fullwidth non-hundred-percent-height-scrolling\" style=\"--awb-border-radius-top-left:0px;--awb-border-radius-top-right:0px;--awb-border-radius-bottom-right:0px;--awb-border-radius-bottom-left:0px;--awb-flex-wrap:wrap;\" ><div class=\"fusion-builder-row fusion-row fusion-flex-align-items-center fusion-flex-content-wrap\" style=\"max-width:1216.8px;margin-left: calc(-4% \/ 2 );margin-right: calc(-4% \/ 2 );\"><div class=\"fusion-layout-column fusion_builder_column fusion-builder-column-9 fusion_builder_column_1_2 1_2 fusion-flex-column\" style=\"--awb-bg-size:cover;--awb-width-large:50%;--awb-margin-top-large:0px;--awb-spacing-right-large:3.84%;--awb-margin-bottom-large:20px;--awb-spacing-left-large:3.84%;--awb-width-medium:100%;--awb-order-medium:0;--awb-spacing-right-medium:1.92%;--awb-spacing-left-medium:1.92%;--awb-width-small:100%;--awb-order-small:0;--awb-spacing-right-small:1.92%;--awb-spacing-left-small:1.92%;\"><div class=\"fusion-column-wrapper fusion-column-has-shadow fusion-flex-justify-content-flex-start fusion-content-layout-column\"><div class=\"fusion-image-element \" style=\"text-align:center;--awb-caption-title-font-family:var(--body_typography-font-family);--awb-caption-title-font-weight:var(--body_typography-font-weight);--awb-caption-title-font-style:var(--body_typography-font-style);--awb-caption-title-size:var(--body_typography-font-size);--awb-caption-title-transform:var(--body_typography-text-transform);--awb-caption-title-line-height:var(--body_typography-line-height);--awb-caption-title-letter-spacing:var(--body_typography-letter-spacing);\"><span class=\" fusion-imageframe imageframe-none imageframe-5 hover-type-none\" style=\"border:1px solid #b5b5b5;\"><img decoding=\"async\" width=\"559\" height=\"460\" title=\"Gansakkermolen &#8211; molenkast\" src=\"https:\/\/kvns.be\/wp-content\/uploads\/2026\/01\/Gansakkermolen-molenkast.png\" data-orig-src=\"https:\/\/kvns.be\/wp-content\/uploads\/2026\/01\/Gansakkermolen-molenkast.png\" alt class=\"lazyload img-responsive wp-image-2279\" srcset=\"data:image\/svg+xml,%3Csvg%20xmlns%3D%27http%3A%2F%2Fwww.w3.org%2F2000%2Fsvg%27%20width%3D%27559%27%20height%3D%27460%27%20viewBox%3D%270%200%20559%20460%27%3E%3Crect%20width%3D%27559%27%20height%3D%27460%27%20fill-opacity%3D%220%22%2F%3E%3C%2Fsvg%3E\" data-srcset=\"https:\/\/kvns.be\/wp-content\/uploads\/2026\/01\/Gansakkermolen-molenkast-200x165.png 200w, https:\/\/kvns.be\/wp-content\/uploads\/2026\/01\/Gansakkermolen-molenkast-400x329.png 400w, https:\/\/kvns.be\/wp-content\/uploads\/2026\/01\/Gansakkermolen-molenkast.png 559w\" data-sizes=\"auto\" data-orig-sizes=\"(max-width: 1024px) 100vw, (max-width: 640px) 100vw, 559px\" \/><\/span><\/div><div class=\"fusion-text fusion-text-9\" style=\"--awb-font-size:12px;--awb-margin-top:10px;\"><p style=\"text-align: center;\">In 2003 is de molenkast van de standaard genomen. De onderbouw, de kap en de wielen zijn naar een depot op het militair domein Kievermont in Geel overgebracht.<br \/>\n(foto Dieter Borngr\u00e4ber)<\/p>\n<\/div><\/div><\/div><div class=\"fusion-layout-column fusion_builder_column fusion-builder-column-10 fusion_builder_column_1_2 1_2 fusion-flex-column\" style=\"--awb-bg-size:cover;--awb-width-large:50%;--awb-margin-top-large:0px;--awb-spacing-right-large:3.84%;--awb-margin-bottom-large:20px;--awb-spacing-left-large:3.84%;--awb-width-medium:100%;--awb-order-medium:0;--awb-spacing-right-medium:1.92%;--awb-spacing-left-medium:1.92%;--awb-width-small:100%;--awb-order-small:0;--awb-spacing-right-small:1.92%;--awb-spacing-left-small:1.92%;\"><div class=\"fusion-column-wrapper fusion-column-has-shadow fusion-flex-justify-content-flex-start fusion-content-layout-column\"><div class=\"fusion-text fusion-text-10\"><p><span style=\"text-align: start; background-color: rgba(0, 0, 0, 0);\">negatief advies, maar ging wel principieel akkoord met een verplaatsing. In 1986 gaf de KCML een gunstig advies voor de verplaatsing van de molen in Geel, maar ook dit initiatief liep op niets uit. Toch werd de Gansakkermolen op 23 november 1981 beschermd als monument omwille van de industrieel-archeologische waarde. Tijdens de beschermingsprocedure was men al op zoek naar een betere locatie voor de molen.<\/span><\/p>\n<p>Toen de molen tijdens een zware storm in 1990 aan het draaien ging en na korte tijd weer stilviel, verwijderde de toenmalige 70-jarige molenaar Frans Bakelants de windplanken en de \u2018halve verdekkering\u2019 op de toppen van de roeden. Toen bleek dat er gevaar was voor roedebreuk. Het gevlucht was duidelijk aan vervanging toe. Zes jaar later werden de wieken verwijderd.<\/p>\n<p>In 2000 kocht Dieter Borngr\u00e4ber, een ingenieur en molenliefhebber uit Keulen, de molen aan. Hij had eerder ook al de Koutermolen in Hoedekenskerke (NL) aangekocht en laten herstellen (8). Hij wilde de molen restaureren en verplaatsen naar een open veld in Kievermont in Geel. Behoud ter plaatse was niet mogelijk omwille van de slechte windvang door de omliggende bebouwing. In 2003 werd de molenkast van de staak afgenomen en op het naburige perceel op de grond geplaatst (9), waar hij gestaan heeft tot de overbrenging naar Puurs-Sint-Amands in 2016.<\/p>\n<\/div><\/div><\/div><div class=\"fusion-layout-column fusion_builder_column fusion-builder-column-11 fusion_builder_column_1_1 1_1 fusion-flex-column\" style=\"--awb-bg-size:cover;--awb-width-large:100%;--awb-margin-top-large:0px;--awb-spacing-right-large:1.92%;--awb-margin-bottom-large:20px;--awb-spacing-left-large:1.92%;--awb-width-medium:100%;--awb-order-medium:0;--awb-spacing-right-medium:1.92%;--awb-spacing-left-medium:1.92%;--awb-width-small:100%;--awb-order-small:0;--awb-spacing-right-small:1.92%;--awb-spacing-left-small:1.92%;\"><div class=\"fusion-column-wrapper fusion-column-has-shadow fusion-flex-justify-content-flex-start fusion-content-layout-column\"><div class=\"fusion-text fusion-text-11\"><p><span style=\"text-align: start; background-color: rgba(0, 0, 0, 0);\">De onderbouw, de kap en de wielen werden naar een depot van Defensie op het domein Kievermont verplaatst. Daar werd de molen opgemeten en gefotografeerd en werden de onderdelen met behulp van metalen plaatjes genummerd. Een verslag van de toestand van de molen v\u00f3\u00f3r demontage en een diagnosenota werden opgesteld. Architect Paul Gevers maakte in maart 2004 in opdracht van de toenmalige eigenaar ook een ontwerp met tekeningen, bestek en prijs-raming op.<\/span><\/p>\n<p>In 2006-2008 vroeg Dieter Borngr\u00e4ber, met hulp van de Vrienden van de Geelse Molens, onder\u00adhoudspremies aan voor werken aan de vier wegen (10), herstel van de molenkast en de standaard, en het opmetselen van de teerlingen (11). In mei 2008 kreeg de eigenaar een bouwvergunning om de molen te restaureren en te verplaatsen naar de Mannestraat in Kievermont Heikant in Geel, maar dit project ging om financi\u00eble redenen niet door. In 2008 werd de Gansakkermolen te koop aangeboden. Onderhandelingen met Kempens Landschap om de molen in de Kempen herop te richten liepen op niets uit. In 2012 werd de molen door de KVNS aangekocht.<\/p>\n<\/div><div class=\"fusion-text fusion-text-12\"><p>Uiteindelijk heeft het tot 2014 geduurd alvorens alle betrokkenen in Geel ook akkoord gingen met de verkoop en verplaatsing van de molen naar Puurs-Sint-Amands. Het agentschap Onroerend Erfgoed ging principieel akkoord met de verplaatsing, maar toch duurde het nog tot 2023 vooraleer dit ook juridisch en administratief geregeld was.<\/p>\n<\/div><\/div><\/div><\/div><\/div><div class=\"fusion-fullwidth fullwidth-box fusion-builder-row-3 fusion-flex-container has-pattern-background has-mask-background nonhundred-percent-fullwidth non-hundred-percent-height-scrolling\" style=\"--awb-border-radius-top-left:0px;--awb-border-radius-top-right:0px;--awb-border-radius-bottom-right:0px;--awb-border-radius-bottom-left:0px;--awb-flex-wrap:wrap;\" ><div class=\"fusion-builder-row fusion-row fusion-flex-align-items-center fusion-flex-content-wrap\" style=\"max-width:1216.8px;margin-left: calc(-4% \/ 2 );margin-right: calc(-4% \/ 2 );\"><div class=\"fusion-layout-column fusion_builder_column fusion-builder-column-12 fusion_builder_column_2_5 2_5 fusion-flex-column\" style=\"--awb-bg-size:cover;--awb-width-large:40%;--awb-margin-top-large:30px;--awb-spacing-right-large:4.8%;--awb-margin-bottom-large:20px;--awb-spacing-left-large:4.8%;--awb-width-medium:100%;--awb-order-medium:0;--awb-spacing-right-medium:1.92%;--awb-spacing-left-medium:1.92%;--awb-width-small:100%;--awb-order-small:0;--awb-spacing-right-small:1.92%;--awb-spacing-left-small:1.92%;\"><div class=\"fusion-column-wrapper fusion-column-has-shadow fusion-flex-justify-content-flex-start fusion-content-layout-column\"><div class=\"fusion-title title fusion-title-5 sep-underline sep-solid fusion-title-text fusion-title-size-two\" style=\"--awb-margin-top-small:0px;--awb-margin-right-small:0px;--awb-margin-bottom-small:20px;--awb-margin-left-small:0px;\"><h2 class=\"fusion-title-heading title-heading-left fusion-responsive-typography-calculated\" style=\"margin:0;--fontSize:22;--minFontSize:22;line-height:1.36;\">Een nieuwe plek voor de Gansakkermolen<\/h2><\/div><div class=\"fusion-text fusion-text-13\"><p><span style=\"background-color: rgba(0, 0, 0, 0);\">De heropbouw van de molen kadert in het herstel van het historische kouter- en meersen-landschap, waar de KVNS aan bijdraagt. De locatie van de heroprichting bevindt zich aan de Molendreef, op ongeveer honderd meter ten zuidwesten van de plaats waar tot 1903 de gelijkaardige Scheldemolen stond. Ondertussen werden daar evenwel een waterzuiverings\u00adstation en een woning gebouwd. <\/span><\/p>\n<p><span style=\"background-color: rgba(0, 0, 0, 0);\">De Molendreef is historisch gezien het verlengde van De Dam en verbindt het centrum van Sint-Amands met de historische locatie De Steenoven waar tot de Franse revolutie ook de oversteek op de Schelde was, richting Castel. Dit historische landschap tussen de Winter- en Zomerdijk langs de oever van de Schelde is ontstaan in de 16de eeuw bij de indijking van de polder door de toenmalige heer van Sint-Amands, Diederik Van Liesvelt, ook eigenaar van de Koutermolen en De Steenoven.<\/span><\/p>\n<p><span style=\"background-color: rgba(0, 0, 0, 0);\">De nieuwe locatie van de Gansakkermolen bevindt zich dus in dit historische landschap, in de onmiddellijke omgeving waar oorspronkelijk de Koutermolen heeft gestaan, waarvan de oudste vermelding teruggaat tot 1473 (12). Deze houten staakmolen op een aarden molenberg stond aan de Molendreef. Oorspronkelijk werd hij de Scheldemolen genoemd, later de Kouter-molen, om verwarring met de industri\u00eble Scheldemolens te vermijden. <\/span><\/p>\n<p><span style=\"background-color: rgba(0, 0, 0, 0);\">Op de aquarel met de cartouche van La Rivi\u00e8re Lescault van rond 1609, dat in de Albums de Cro verscheen, zien we langs de Schelde, v\u00f3\u00f3r het dorpscentrum van Sint-Amands, een mooie afbeelding van deze houten staakmolen (13). De laatst bekende eigenaar was Jan Baptiste Van Steen. Sinds 1899 was de molen niet meer in gebruik en in 1903 werd hij gesloopt (14). De plek bleef lange tijd ongebruikt, totdat er een veertigtal jaar geleden enkele woningen en een waterzuiveringsstation gebouwd werden, waardoor de oorspronkelijke plaats van de Koutermolen niet meer beschikbaar was. <\/span><\/p>\n<p><span style=\"background-color: rgba(0, 0, 0, 0);\">Om die reden werd de Gansakkermolen op <\/span>een gelijkaardige inplantingsplaats iets verder aan diezelfde dreef heropgericht.<\/p>\n<\/div><div class=\"fusion-title title fusion-title-6 sep-underline sep-solid fusion-title-text fusion-title-size-two\" style=\"--awb-margin-top-small:0px;--awb-margin-right-small:0px;--awb-margin-bottom-small:20px;--awb-margin-left-small:0px;\"><h2 class=\"fusion-title-heading title-heading-left fusion-responsive-typography-calculated\" style=\"margin:0;--fontSize:22;--minFontSize:22;line-height:1.36;\">De heroprichting van de Gansakkermolen in Puurs-Sint-Amands<\/h2><\/div><div class=\"fusion-text fusion-text-14\"><p>De KVNS kocht ten zuiden van het waterzuiveringsstation, tegen de huidige Scheldedijk, een aantal bos- en landbouwgronden om de molenbelt en molen te kunnen oprichten en de windvang te vrijwaren. Op 15 december 2014 diende de vereniging hiervoor een bouwaanvraag in (15). Nadat die verleend was, werd gestart met de bouw van een molenberg. Omdat naast de molen geen bijkomende bebouwing mogelijk was in deze landbouwzone, werd beslist om de ruimte voor bergingen, sanitair en een molino-logisch museum in deze molenberg onder te brengen. <\/p>\n<\/div><\/div><\/div><div class=\"fusion-layout-column fusion_builder_column fusion-builder-column-13 fusion_builder_column_3_5 3_5 fusion-flex-column\" style=\"--awb-bg-size:cover;--awb-width-large:60%;--awb-margin-top-large:30px;--awb-spacing-right-large:3.2%;--awb-margin-bottom-large:20px;--awb-spacing-left-large:3.2%;--awb-width-medium:100%;--awb-order-medium:0;--awb-spacing-right-medium:1.92%;--awb-spacing-left-medium:1.92%;--awb-width-small:100%;--awb-order-small:0;--awb-spacing-right-small:1.92%;--awb-spacing-left-small:1.92%;\"><div class=\"fusion-column-wrapper fusion-column-has-shadow fusion-flex-justify-content-flex-start fusion-content-layout-column\"><div class=\"fusion-image-element \" style=\"text-align:center;--awb-caption-title-font-family:var(--h2_typography-font-family);--awb-caption-title-font-weight:var(--h2_typography-font-weight);--awb-caption-title-font-style:var(--h2_typography-font-style);--awb-caption-title-size:var(--h2_typography-font-size);--awb-caption-title-transform:var(--h2_typography-text-transform);--awb-caption-title-line-height:var(--h2_typography-line-height);--awb-caption-title-letter-spacing:var(--h2_typography-letter-spacing);\"><span class=\" fusion-imageframe imageframe-none imageframe-6 hover-type-none\" style=\"border:1px solid #b5b5b5;\"><img decoding=\"async\" width=\"702\" height=\"503\" title=\"Inplanting van de Schelde-molen\" src=\"https:\/\/kvns.be\/wp-content\/uploads\/2026\/01\/Inplanting-van-de-Schelde-molen-.jpg\" data-orig-src=\"https:\/\/kvns.be\/wp-content\/uploads\/2026\/01\/Inplanting-van-de-Schelde-molen-.jpg\" alt class=\"lazyload img-responsive wp-image-2280\" srcset=\"data:image\/svg+xml,%3Csvg%20xmlns%3D%27http%3A%2F%2Fwww.w3.org%2F2000%2Fsvg%27%20width%3D%27702%27%20height%3D%27503%27%20viewBox%3D%270%200%20702%20503%27%3E%3Crect%20width%3D%27702%27%20height%3D%27503%27%20fill-opacity%3D%220%22%2F%3E%3C%2Fsvg%3E\" data-srcset=\"https:\/\/kvns.be\/wp-content\/uploads\/2026\/01\/Inplanting-van-de-Schelde-molen--200x143.jpg 200w, https:\/\/kvns.be\/wp-content\/uploads\/2026\/01\/Inplanting-van-de-Schelde-molen--400x287.jpg 400w, https:\/\/kvns.be\/wp-content\/uploads\/2026\/01\/Inplanting-van-de-Schelde-molen--600x430.jpg 600w, https:\/\/kvns.be\/wp-content\/uploads\/2026\/01\/Inplanting-van-de-Schelde-molen-.jpg 702w\" data-sizes=\"auto\" data-orig-sizes=\"(max-width: 1024px) 100vw, (max-width: 640px) 100vw, 702px\" \/><\/span><\/div><div class=\"fusion-text fusion-text-15\" style=\"--awb-content-alignment:center;--awb-font-size:12px;--awb-margin-top:10px;\"><p><em>&#8220;De inplanting van de Schelde-molen of Schele Meulen (sic), later bekend als Koutermolen, op een aftakking van de Molendreef in Puurs-Sint-Amands op de Villaretkaart (1745-1748). De huidige locatie van de Gansakker\u00admolen, iets meer naar links, is aangeduid met een rode stip. <\/em><em>(Geopunt Vlaanderen)&#8221;<\/em><\/p>\n<\/div><div class=\"fusion-image-element \" style=\"text-align:center;--awb-caption-title-font-family:var(--h2_typography-font-family);--awb-caption-title-font-weight:var(--h2_typography-font-weight);--awb-caption-title-font-style:var(--h2_typography-font-style);--awb-caption-title-size:var(--h2_typography-font-size);--awb-caption-title-transform:var(--h2_typography-text-transform);--awb-caption-title-line-height:var(--h2_typography-line-height);--awb-caption-title-letter-spacing:var(--h2_typography-letter-spacing);\"><span class=\" fusion-imageframe imageframe-none imageframe-7 hover-type-none\" style=\"border:1px solid #b5b5b5;\"><img decoding=\"async\" width=\"703\" height=\"543\" title=\"Albums de Cro, Valleien van Schelde en Scarpe\" src=\"https:\/\/kvns.be\/wp-content\/uploads\/2026\/01\/Albums-de-Cro-Valleien-van-Schelde-en-Scarpe.jpg\" data-orig-src=\"https:\/\/kvns.be\/wp-content\/uploads\/2026\/01\/Albums-de-Cro-Valleien-van-Schelde-en-Scarpe.jpg\" alt class=\"lazyload img-responsive wp-image-2285\" srcset=\"data:image\/svg+xml,%3Csvg%20xmlns%3D%27http%3A%2F%2Fwww.w3.org%2F2000%2Fsvg%27%20width%3D%27703%27%20height%3D%27543%27%20viewBox%3D%270%200%20703%20543%27%3E%3Crect%20width%3D%27703%27%20height%3D%27543%27%20fill-opacity%3D%220%22%2F%3E%3C%2Fsvg%3E\" data-srcset=\"https:\/\/kvns.be\/wp-content\/uploads\/2026\/01\/Albums-de-Cro-Valleien-van-Schelde-en-Scarpe-200x154.jpg 200w, https:\/\/kvns.be\/wp-content\/uploads\/2026\/01\/Albums-de-Cro-Valleien-van-Schelde-en-Scarpe-400x309.jpg 400w, https:\/\/kvns.be\/wp-content\/uploads\/2026\/01\/Albums-de-Cro-Valleien-van-Schelde-en-Scarpe-600x463.jpg 600w, https:\/\/kvns.be\/wp-content\/uploads\/2026\/01\/Albums-de-Cro-Valleien-van-Schelde-en-Scarpe.jpg 703w\" data-sizes=\"auto\" data-orig-sizes=\"(max-width: 1024px) 100vw, (max-width: 640px) 100vw, 703px\" \/><\/span><\/div><div class=\"fusion-text fusion-text-16\" style=\"--awb-content-alignment:center;--awb-font-size:12px;--awb-margin-top:10px;\"><p><em>&#8220;Albums de Cro , Valleien van Schelde en Scarpe. Cartouche La Rivi\u00e8re de Lescaut met de dorpskern van Sint-Amands rechts onderaan <\/em><em>(\u00a9 Gemeentekrediet van Belgi\u00eb)&#8221;<\/em><\/p>\n<\/div><div class=\"fusion-image-element \" style=\"text-align:center;--awb-caption-title-font-family:var(--h2_typography-font-family);--awb-caption-title-font-weight:var(--h2_typography-font-weight);--awb-caption-title-font-style:var(--h2_typography-font-style);--awb-caption-title-size:var(--h2_typography-font-size);--awb-caption-title-transform:var(--h2_typography-text-transform);--awb-caption-title-line-height:var(--h2_typography-line-height);--awb-caption-title-letter-spacing:var(--h2_typography-letter-spacing);\"><span class=\" fusion-imageframe imageframe-none imageframe-8 hover-type-none\" style=\"border:1px solid #b5b5b5;\"><img decoding=\"async\" width=\"560\" height=\"375\" title=\"La Rivi\u00e8re de Lescaut met de Scheldemolen\" src=\"https:\/\/kvns.be\/wp-content\/uploads\/2026\/01\/La-Riviere-de-Lescaut-met-de-Scheldemolen-.jpg\" data-orig-src=\"https:\/\/kvns.be\/wp-content\/uploads\/2026\/01\/La-Riviere-de-Lescaut-met-de-Scheldemolen-.jpg\" alt class=\"lazyload img-responsive wp-image-2288\" srcset=\"data:image\/svg+xml,%3Csvg%20xmlns%3D%27http%3A%2F%2Fwww.w3.org%2F2000%2Fsvg%27%20width%3D%27560%27%20height%3D%27375%27%20viewBox%3D%270%200%20560%20375%27%3E%3Crect%20width%3D%27560%27%20height%3D%27375%27%20fill-opacity%3D%220%22%2F%3E%3C%2Fsvg%3E\" data-srcset=\"https:\/\/kvns.be\/wp-content\/uploads\/2026\/01\/La-Riviere-de-Lescaut-met-de-Scheldemolen--200x134.jpg 200w, https:\/\/kvns.be\/wp-content\/uploads\/2026\/01\/La-Riviere-de-Lescaut-met-de-Scheldemolen--400x268.jpg 400w, https:\/\/kvns.be\/wp-content\/uploads\/2026\/01\/La-Riviere-de-Lescaut-met-de-Scheldemolen-.jpg 560w\" data-sizes=\"auto\" data-orig-sizes=\"(max-width: 1024px) 100vw, (max-width: 640px) 100vw, 560px\" \/><\/span><\/div><div class=\"fusion-text fusion-text-17\" style=\"--awb-content-alignment:center;--awb-font-size:12px;--awb-margin-top:10px;\"><p><em>&#8220;Detail uit de afbeelding La Rivi\u00e8re de Lescaut met de Scheldemolen (midden onderaan) (\u00a9 Gemeentekrediet van Belgi\u00eb)&#8221;<\/em><\/p>\n<\/div><\/div><\/div><\/div><\/div><div class=\"fusion-fullwidth fullwidth-box fusion-builder-row-4 fusion-flex-container has-pattern-background has-mask-background nonhundred-percent-fullwidth non-hundred-percent-height-scrolling\" style=\"--awb-border-radius-top-left:0px;--awb-border-radius-top-right:0px;--awb-border-radius-bottom-right:0px;--awb-border-radius-bottom-left:0px;--awb-flex-wrap:wrap;\" ><div class=\"fusion-builder-row fusion-row fusion-flex-align-items-center fusion-flex-content-wrap\" style=\"max-width:1216.8px;margin-left: calc(-4% \/ 2 );margin-right: calc(-4% \/ 2 );\"><div class=\"fusion-layout-column fusion_builder_column fusion-builder-column-14 fusion_builder_column_1_1 1_1 fusion-flex-column\" style=\"--awb-bg-size:cover;--awb-width-large:100%;--awb-margin-top-large:0px;--awb-spacing-right-large:1.92%;--awb-margin-bottom-large:20px;--awb-spacing-left-large:1.92%;--awb-width-medium:100%;--awb-order-medium:0;--awb-spacing-right-medium:1.92%;--awb-spacing-left-medium:1.92%;--awb-width-small:100%;--awb-order-small:0;--awb-spacing-right-small:1.92%;--awb-spacing-left-small:1.92%;\"><div class=\"fusion-column-wrapper fusion-column-has-shadow fusion-flex-justify-content-flex-start fusion-content-layout-column\"><div class=\"fusion-text fusion-text-18\"><p>De berg bestaat dus in feite uit een ondergronds gebouw en een betonconstructie, die de molen draagt, het geheel afgedekt met aarde. Dit project werd gerealiseerd onder leiding van ingenieur-architect Bruno Callaert en met Sven Vekemans als hoofdaannemer. Op 11 juni 2016 werd het Vlaams Centrum voor Molinologie officieel geopend. De tentoonstelling werd samengesteld door Karel Van den Bossche, bezieler van het molenmuseum in het centrum van Sint-Amands, dat evenwel op 15 december 2015 zijn deuren moest sluiten. Later werden er nog zeven maquettes van molens aan toegevoegd, afkomstig uit een schenking van de erfgenamen van Georges Pauwels in Beersel (16).<\/p>\n<\/div><\/div><\/div><div class=\"fusion-layout-column fusion_builder_column fusion-builder-column-15 fusion_builder_column_1_2 1_2 fusion-flex-column\" style=\"--awb-bg-size:cover;--awb-width-large:50%;--awb-margin-top-large:0px;--awb-spacing-right-large:3.84%;--awb-margin-bottom-large:20px;--awb-spacing-left-large:3.84%;--awb-width-medium:100%;--awb-order-medium:0;--awb-spacing-right-medium:1.92%;--awb-spacing-left-medium:1.92%;--awb-width-small:100%;--awb-order-small:0;--awb-spacing-right-small:1.92%;--awb-spacing-left-small:1.92%;\"><div class=\"fusion-column-wrapper fusion-column-has-shadow fusion-flex-justify-content-flex-start fusion-content-layout-column\"><div class=\"fusion-image-element \" style=\"text-align:center;--awb-caption-title-font-family:var(--h2_typography-font-family);--awb-caption-title-font-weight:var(--h2_typography-font-weight);--awb-caption-title-font-style:var(--h2_typography-font-style);--awb-caption-title-size:var(--h2_typography-font-size);--awb-caption-title-transform:var(--h2_typography-text-transform);--awb-caption-title-line-height:var(--h2_typography-line-height);--awb-caption-title-letter-spacing:var(--h2_typography-letter-spacing);\"><span class=\" fusion-imageframe imageframe-none imageframe-9 hover-type-none\" style=\"border:1px solid #b5b5b5;\"><img decoding=\"async\" width=\"416\" height=\"287\" title=\"De molenberg\" src=\"https:\/\/kvns.be\/wp-content\/uploads\/2026\/01\/De-molenberg.png\" data-orig-src=\"https:\/\/kvns.be\/wp-content\/uploads\/2026\/01\/De-molenberg.png\" alt class=\"lazyload img-responsive wp-image-2293\" srcset=\"data:image\/svg+xml,%3Csvg%20xmlns%3D%27http%3A%2F%2Fwww.w3.org%2F2000%2Fsvg%27%20width%3D%27416%27%20height%3D%27287%27%20viewBox%3D%270%200%20416%20287%27%3E%3Crect%20width%3D%27416%27%20height%3D%27287%27%20fill-opacity%3D%220%22%2F%3E%3C%2Fsvg%3E\" data-srcset=\"https:\/\/kvns.be\/wp-content\/uploads\/2026\/01\/De-molenberg-200x138.png 200w, https:\/\/kvns.be\/wp-content\/uploads\/2026\/01\/De-molenberg-400x276.png 400w, https:\/\/kvns.be\/wp-content\/uploads\/2026\/01\/De-molenberg.png 416w\" data-sizes=\"auto\" data-orig-sizes=\"(max-width: 1024px) 100vw, (max-width: 640px) 100vw, 416px\" \/><\/span><\/div><div class=\"fusion-text fusion-text-19\" style=\"--awb-content-alignment:center;--awb-font-size:12px;--awb-margin-top:10px;\"><p><em>&#8220;Het Vlaams Centrum voor Molinologie vond in 2016 een onderkomen in de beton-constructie in de molenberg (\u00a9 Patrick Goossens)&#8221;<\/em><\/p>\n<\/div><\/div><\/div><div class=\"fusion-layout-column fusion_builder_column fusion-builder-column-16 fusion_builder_column_1_2 1_2 fusion-flex-column\" style=\"--awb-bg-size:cover;--awb-width-large:50%;--awb-margin-top-large:0px;--awb-spacing-right-large:3.84%;--awb-margin-bottom-large:20px;--awb-spacing-left-large:3.84%;--awb-width-medium:100%;--awb-order-medium:0;--awb-spacing-right-medium:1.92%;--awb-spacing-left-medium:1.92%;--awb-width-small:100%;--awb-order-small:0;--awb-spacing-right-small:1.92%;--awb-spacing-left-small:1.92%;\"><div class=\"fusion-column-wrapper fusion-column-has-shadow fusion-flex-justify-content-center fusion-content-layout-column\"><div class=\"fusion-text fusion-text-20\"><p><span style=\"background-color: rgba(0, 0, 0, 0);\">Op 4 maart 2016 gaf het agentschap Onroerend Erfgoed de tussentijdse toelating om de molenkast te verplaatsen naar de nieuwe locatie (17). De molen werd gedemonteerd en alle onderdelen, ongeacht hun fysieke toestand, werden naar Puurs-Sint-Amands overgebracht, inclusief later toegevoegde metalen versterkingen. Naar aanleiding van deze verplaatsing werden foto\u2019s voor, tijdens en na de demontage en het transport gemaakt en werd de molenkast opgemeten, genummerd en gestockeerd in een container op het nieuwe perceel. <\/span><span style=\"background-color: rgba(0, 0, 0, 0);\">De onderbouw, kap en wieken lagen op dat ogenblik nog altijd in het depot van Defensie in Geel.<\/span><\/p>\n<\/div><\/div><\/div><div class=\"fusion-layout-column fusion_builder_column fusion-builder-column-17 fusion_builder_column_1_1 1_1 fusion-flex-column\" style=\"--awb-bg-size:cover;--awb-width-large:100%;--awb-margin-top-large:0px;--awb-spacing-right-large:1.92%;--awb-margin-bottom-large:20px;--awb-spacing-left-large:1.92%;--awb-width-medium:100%;--awb-order-medium:0;--awb-spacing-right-medium:1.92%;--awb-spacing-left-medium:1.92%;--awb-width-small:100%;--awb-order-small:0;--awb-spacing-right-small:1.92%;--awb-spacing-left-small:1.92%;\"><div class=\"fusion-column-wrapper fusion-column-has-shadow fusion-flex-justify-content-flex-start fusion-content-layout-column\"><div class=\"fusion-image-element \" style=\"text-align:center;--awb-caption-title-font-family:var(--h2_typography-font-family);--awb-caption-title-font-weight:var(--h2_typography-font-weight);--awb-caption-title-font-style:var(--h2_typography-font-style);--awb-caption-title-size:var(--h2_typography-font-size);--awb-caption-title-transform:var(--h2_typography-text-transform);--awb-caption-title-line-height:var(--h2_typography-line-height);--awb-caption-title-letter-spacing:var(--h2_typography-letter-spacing);\"><span class=\" fusion-imageframe imageframe-none imageframe-10 hover-type-none\" style=\"border:1px solid #b5b5b5;\"><img decoding=\"async\" width=\"1000\" height=\"571\" title=\"De Gansakkermolen langsheen de Scheldeboorden\" src=\"https:\/\/kvns.be\/wp-content\/uploads\/2026\/01\/De-Gansakkermolen-langsheen-de-Scheldeboorden-1.jpg\" data-orig-src=\"https:\/\/kvns.be\/wp-content\/uploads\/2026\/01\/De-Gansakkermolen-langsheen-de-Scheldeboorden-1.jpg\" alt class=\"lazyload img-responsive wp-image-2297\" srcset=\"data:image\/svg+xml,%3Csvg%20xmlns%3D%27http%3A%2F%2Fwww.w3.org%2F2000%2Fsvg%27%20width%3D%271000%27%20height%3D%27571%27%20viewBox%3D%270%200%201000%20571%27%3E%3Crect%20width%3D%271000%27%20height%3D%27571%27%20fill-opacity%3D%220%22%2F%3E%3C%2Fsvg%3E\" data-srcset=\"https:\/\/kvns.be\/wp-content\/uploads\/2026\/01\/De-Gansakkermolen-langsheen-de-Scheldeboorden-1-200x114.jpg 200w, https:\/\/kvns.be\/wp-content\/uploads\/2026\/01\/De-Gansakkermolen-langsheen-de-Scheldeboorden-1-400x228.jpg 400w, https:\/\/kvns.be\/wp-content\/uploads\/2026\/01\/De-Gansakkermolen-langsheen-de-Scheldeboorden-1-600x343.jpg 600w, https:\/\/kvns.be\/wp-content\/uploads\/2026\/01\/De-Gansakkermolen-langsheen-de-Scheldeboorden-1-800x457.jpg 800w, https:\/\/kvns.be\/wp-content\/uploads\/2026\/01\/De-Gansakkermolen-langsheen-de-Scheldeboorden-1.jpg 1000w\" data-sizes=\"auto\" data-orig-sizes=\"(max-width: 1024px) 100vw, (max-width: 640px) 100vw, 1000px\" \/><\/span><\/div><div class=\"fusion-text fusion-text-21\" style=\"--awb-content-alignment:center;--awb-font-size:12px;--awb-margin-top:10px;\"><p><em>&#8220;De locatie van de Gansakker\u00admolen langsheen de Scheldeboorden. De bruin omrande percelen zijn vastgesteld erfgoed<br \/>\n(\u00a9 Geoportaal agentschap Onroerend Erfgoed)&#8221;<\/em><\/p>\n<\/div><\/div><\/div><\/div><\/div><div class=\"fusion-fullwidth fullwidth-box fusion-builder-row-5 fusion-flex-container has-pattern-background has-mask-background nonhundred-percent-fullwidth non-hundred-percent-height-scrolling\" style=\"--awb-border-radius-top-left:0px;--awb-border-radius-top-right:0px;--awb-border-radius-bottom-right:0px;--awb-border-radius-bottom-left:0px;--awb-flex-wrap:wrap;\" ><div class=\"fusion-builder-row fusion-row fusion-flex-align-items-flex-start fusion-flex-content-wrap\" style=\"max-width:1216.8px;margin-left: calc(-4% \/ 2 );margin-right: calc(-4% \/ 2 );\"><div class=\"fusion-layout-column fusion_builder_column fusion-builder-column-18 fusion_builder_column_1_1 1_1 fusion-flex-column\" style=\"--awb-bg-size:cover;--awb-width-large:100%;--awb-margin-top-large:0px;--awb-spacing-right-large:1.92%;--awb-margin-bottom-large:20px;--awb-spacing-left-large:1.92%;--awb-width-medium:100%;--awb-order-medium:0;--awb-spacing-right-medium:1.92%;--awb-spacing-left-medium:1.92%;--awb-width-small:100%;--awb-order-small:0;--awb-spacing-right-small:1.92%;--awb-spacing-left-small:1.92%;\"><div class=\"fusion-column-wrapper fusion-column-has-shadow fusion-flex-justify-content-flex-start fusion-content-layout-column\"><div class=\"fusion-image-element \" style=\"text-align:center;--awb-caption-title-font-family:var(--h2_typography-font-family);--awb-caption-title-font-weight:var(--h2_typography-font-weight);--awb-caption-title-font-style:var(--h2_typography-font-style);--awb-caption-title-size:var(--h2_typography-font-size);--awb-caption-title-transform:var(--h2_typography-text-transform);--awb-caption-title-line-height:var(--h2_typography-line-height);--awb-caption-title-letter-spacing:var(--h2_typography-letter-spacing);\"><span class=\" fusion-imageframe imageframe-none imageframe-11 hover-type-none\" style=\"border:1px solid #b5b5b5;\"><img decoding=\"async\" width=\"724\" height=\"1024\" title=\"Aanzicht binnenzijde zijweeg rechts\" src=\"https:\/\/kvns.be\/wp-content\/uploads\/2026\/01\/Aanzicht-binnenzijde-zijweeg-rechts.png\" data-orig-src=\"https:\/\/kvns.be\/wp-content\/uploads\/2026\/01\/Aanzicht-binnenzijde-zijweeg-rechts.png\" alt class=\"lazyload img-responsive wp-image-2301\" srcset=\"data:image\/svg+xml,%3Csvg%20xmlns%3D%27http%3A%2F%2Fwww.w3.org%2F2000%2Fsvg%27%20width%3D%27724%27%20height%3D%271024%27%20viewBox%3D%270%200%20724%201024%27%3E%3Crect%20width%3D%27724%27%20height%3D%271024%27%20fill-opacity%3D%220%22%2F%3E%3C%2Fsvg%3E\" data-srcset=\"https:\/\/kvns.be\/wp-content\/uploads\/2026\/01\/Aanzicht-binnenzijde-zijweeg-rechts-200x283.png 200w, https:\/\/kvns.be\/wp-content\/uploads\/2026\/01\/Aanzicht-binnenzijde-zijweeg-rechts-400x566.png 400w, https:\/\/kvns.be\/wp-content\/uploads\/2026\/01\/Aanzicht-binnenzijde-zijweeg-rechts-600x849.png 600w, https:\/\/kvns.be\/wp-content\/uploads\/2026\/01\/Aanzicht-binnenzijde-zijweeg-rechts.png 724w\" data-sizes=\"auto\" data-orig-sizes=\"(max-width: 1024px) 100vw, (max-width: 640px) 100vw, 724px\" \/><\/span><\/div><div class=\"fusion-text fusion-text-22\" style=\"--awb-content-alignment:center;--awb-font-size:14px;--awb-margin-top:10px;\"><p><em>&#8220;Aanzicht van de binnenzijde van de zijweeg rechts met aanduiding van de molentermen.<br \/>\n(tekening \u00a9 architect Paul Gevers)&#8221;<\/em><\/p>\n<\/div><\/div><\/div><\/div><\/div><div class=\"fusion-fullwidth fullwidth-box fusion-builder-row-6 fusion-flex-container has-pattern-background has-mask-background nonhundred-percent-fullwidth non-hundred-percent-height-scrolling\" style=\"--awb-border-radius-top-left:0px;--awb-border-radius-top-right:0px;--awb-border-radius-bottom-right:0px;--awb-border-radius-bottom-left:0px;--awb-flex-wrap:wrap;\" ><div class=\"fusion-builder-row fusion-row fusion-flex-align-items-flex-start fusion-flex-content-wrap\" style=\"max-width:1216.8px;margin-left: calc(-4% \/ 2 );margin-right: calc(-4% \/ 2 );\"><div class=\"fusion-layout-column fusion_builder_column fusion-builder-column-19 fusion_builder_column_1_1 1_1 fusion-flex-column\" style=\"--awb-bg-size:cover;--awb-width-large:100%;--awb-margin-top-large:0px;--awb-spacing-right-large:1.92%;--awb-margin-bottom-large:20px;--awb-spacing-left-large:1.92%;--awb-width-medium:100%;--awb-order-medium:0;--awb-spacing-right-medium:1.92%;--awb-spacing-left-medium:1.92%;--awb-width-small:100%;--awb-order-small:0;--awb-spacing-right-small:1.92%;--awb-spacing-left-small:1.92%;\"><div class=\"fusion-column-wrapper fusion-column-has-shadow fusion-flex-justify-content-flex-start fusion-content-layout-column\"><div class=\"fusion-text fusion-text-23\"><p>Zoals decretaal bepaald, werd door de betrokken eigenaars van de toenmalige en toekomstige locatie, in Geel en in Puurs-Sint-Amands, eveneens in 2016, een gezamenlijk verzoek ingediend om de windmolen van Geel naar Puurs\u00ad-Sint-Amands te verplaatsen. Dit akkoord kwam er in 2023 na het opmaken van een beheersplan en een restauratiedossier en na aanstelling van de architect die de restauratie van de molen zou opvolgen (18). In overleg met de gemeente Puurs-Sint-Amands, de KVNS en de Stichting Kempens Landschap werd door laatstgenoemde vereniging architect Patrick Vanroy bv aange\u00adsteld als ontwerper voor de heroprichting van de molen. Molenbouw de Jongh bv in Veldhoven (NL) voerde als onderaannemer een aantal werken uit. Hoofdaannemer Adriaens Molenbouw bv is in de molenwereld geen onbekende. Het bedrijf werd halverwege de 18de eeuw opgericht en is inmiddels met Wim Adriaens aan de zevende generatie toe. De hoofdwerkzaamheden zijn nog steeds molenbouw, maar zij zijn ook in vakwerk en traditionele houtconstructies gespecialiseerd (19).<\/p>\n<p>Op 27 november 2023 startten de werken, met een uitvoeringstermijn van 200 werkdagen. Concreet betekende dit een voltooiing rond eind 2024, wat ook gehaald werd. Het ligt voor de hand dat bij de restauratie van een belangrijke historische molen de erfgoedwaarden gevrijwaard moeten worden. Die vormden ook de basis van de bescherming als monument. Maar bovendien gaat het hier om een machine die in alle omstandigheden op een veilige manier moet kunnen functioneren en bediend worden. Daarenboven wordt er voedsel verwerkt, zodat ook het hygi\u00ebnische aspect een belang\u00adrijke rol speelt. Molens zoals deze hebben in het verleden hun dienst bewezen. De Gansakker\u00admolen heeft bijna tweehonderd jaar lang gefunc\u00adtioneerd vanaf zijn oprichting in 1797 tot hij in 1990 ten gevolge van een storm definitief werd stilgelegd. Er zijn weinig machines die zo duurzaam zijn.<\/p>\n<p>Het is daarom belangrijk om zoveel mogelijk met dezelfde materialen en constructies te werken als de oorspronkelijke. Vrijwel alle onderdelen waren nog aanwezig, maar door jarenlange verwaarlozing en achterstallig onderhoud, vooral tijdens de stilstand, werd het houtwerk door vocht, schimmel en houtworm aangetast. Met het oog op het heroprichten van een degelijke molen, werd elk onderdeel ge\u00ebvalueerd en zo mogelijk hergebruikt. Als bijvoorbeeld een balkkop of een deel van de houten constructie te veel aangetast was, werd er in de mate van het mogelijke voor geopteerd om alleen dat gedeelte te vervangen. Plaatselijk te vervangen hout werd vervangen door hout van dezelfde soort of met eenzelfde hardheid, of indien niet anders mogelijk, met gewapend epoxyhars aangewerkt. Inscripties en telmerken werden uiteraard behouden. Ze werden gedocumenteerd en gefotografeerd en opgenomen in het restauratierapport. Alle te behouden en nieuwe houtwerk werd behandeld tegen aantasting door houtworm en schimmel.<\/p>\n<\/div><\/div><\/div><\/div><\/div><div class=\"fusion-fullwidth fullwidth-box fusion-builder-row-7 fusion-flex-container has-pattern-background has-mask-background nonhundred-percent-fullwidth non-hundred-percent-height-scrolling\" style=\"--awb-border-radius-top-left:0px;--awb-border-radius-top-right:0px;--awb-border-radius-bottom-right:0px;--awb-border-radius-bottom-left:0px;--awb-flex-wrap:wrap;\" ><div class=\"fusion-builder-row fusion-row fusion-flex-align-items-flex-start fusion-flex-content-wrap\" style=\"max-width:1216.8px;margin-left: calc(-4% \/ 2 );margin-right: calc(-4% \/ 2 );\"><div class=\"fusion-layout-column fusion_builder_column fusion-builder-column-20 fusion_builder_column_1_2 1_2 fusion-flex-column\" style=\"--awb-bg-size:cover;--awb-width-large:50%;--awb-margin-top-large:0px;--awb-spacing-right-large:3.84%;--awb-margin-bottom-large:20px;--awb-spacing-left-large:3.84%;--awb-width-medium:100%;--awb-order-medium:0;--awb-spacing-right-medium:1.92%;--awb-spacing-left-medium:1.92%;--awb-width-small:100%;--awb-order-small:0;--awb-spacing-right-small:1.92%;--awb-spacing-left-small:1.92%;\"><div class=\"fusion-column-wrapper fusion-column-has-shadow fusion-flex-justify-content-flex-start fusion-content-layout-column\"><div class=\"fusion-image-element \" style=\"text-align:center;--awb-caption-title-font-family:var(--h2_typography-font-family);--awb-caption-title-font-weight:var(--h2_typography-font-weight);--awb-caption-title-font-style:var(--h2_typography-font-style);--awb-caption-title-size:var(--h2_typography-font-size);--awb-caption-title-transform:var(--h2_typography-text-transform);--awb-caption-title-line-height:var(--h2_typography-line-height);--awb-caption-title-letter-spacing:var(--h2_typography-letter-spacing);\"><span class=\" fusion-imageframe imageframe-none imageframe-12 hover-type-none\" style=\"border:1px solid #b5b5b5;\"><img decoding=\"async\" width=\"579\" height=\"386\" title=\"Steenbalk met brasem\" src=\"https:\/\/kvns.be\/wp-content\/uploads\/2026\/01\/Steenbalk-met-brasem-.jpg\" data-orig-src=\"https:\/\/kvns.be\/wp-content\/uploads\/2026\/01\/Steenbalk-met-brasem-.jpg\" alt class=\"lazyload img-responsive wp-image-2304\" srcset=\"data:image\/svg+xml,%3Csvg%20xmlns%3D%27http%3A%2F%2Fwww.w3.org%2F2000%2Fsvg%27%20width%3D%27579%27%20height%3D%27386%27%20viewBox%3D%270%200%20579%20386%27%3E%3Crect%20width%3D%27579%27%20height%3D%27386%27%20fill-opacity%3D%220%22%2F%3E%3C%2Fsvg%3E\" data-srcset=\"https:\/\/kvns.be\/wp-content\/uploads\/2026\/01\/Steenbalk-met-brasem--200x133.jpg 200w, https:\/\/kvns.be\/wp-content\/uploads\/2026\/01\/Steenbalk-met-brasem--400x267.jpg 400w, https:\/\/kvns.be\/wp-content\/uploads\/2026\/01\/Steenbalk-met-brasem-.jpg 579w\" data-sizes=\"auto\" data-orig-sizes=\"(max-width: 1024px) 100vw, (max-width: 640px) 100vw, 579px\" \/><\/span><\/div><div class=\"fusion-text fusion-text-24\" style=\"--awb-content-alignment:center;--awb-font-size:12px;--awb-margin-top:10px;\"><p><em>&#8220;De 4,50 m lange steenbalk met brasem wordt op de top van de standaard geplaatst.<br \/>(\u00a9 Patrick Goossens)&#8221;<\/em><\/p>\n<\/div><\/div><\/div><div class=\"fusion-layout-column fusion_builder_column fusion-builder-column-21 fusion_builder_column_1_2 1_2 fusion-flex-column\" style=\"--awb-bg-size:cover;--awb-width-large:50%;--awb-margin-top-large:0px;--awb-spacing-right-large:3.84%;--awb-margin-bottom-large:20px;--awb-spacing-left-large:3.84%;--awb-width-medium:100%;--awb-order-medium:0;--awb-spacing-right-medium:1.92%;--awb-spacing-left-medium:1.92%;--awb-width-small:100%;--awb-order-small:0;--awb-spacing-right-small:1.92%;--awb-spacing-left-small:1.92%;\"><div class=\"fusion-column-wrapper fusion-column-has-shadow fusion-flex-justify-content-flex-start fusion-content-layout-column\"><div class=\"fusion-image-element \" style=\"text-align:center;--awb-caption-title-font-family:var(--h2_typography-font-family);--awb-caption-title-font-weight:var(--h2_typography-font-weight);--awb-caption-title-font-style:var(--h2_typography-font-style);--awb-caption-title-size:var(--h2_typography-font-size);--awb-caption-title-transform:var(--h2_typography-text-transform);--awb-caption-title-line-height:var(--h2_typography-line-height);--awb-caption-title-letter-spacing:var(--h2_typography-letter-spacing);\"><span class=\" fusion-imageframe imageframe-none imageframe-13 hover-type-none\" style=\"border:1px solid #b5b5b5;\"><img decoding=\"async\" width=\"567\" height=\"390\" title=\"Voorgevel en zijwegen\" src=\"https:\/\/kvns.be\/wp-content\/uploads\/2026\/01\/Voorgevel-en-zijwegen-.jpg\" data-orig-src=\"https:\/\/kvns.be\/wp-content\/uploads\/2026\/01\/Voorgevel-en-zijwegen-.jpg\" alt class=\"lazyload img-responsive wp-image-2305\" srcset=\"data:image\/svg+xml,%3Csvg%20xmlns%3D%27http%3A%2F%2Fwww.w3.org%2F2000%2Fsvg%27%20width%3D%27567%27%20height%3D%27390%27%20viewBox%3D%270%200%20567%20390%27%3E%3Crect%20width%3D%27567%27%20height%3D%27390%27%20fill-opacity%3D%220%22%2F%3E%3C%2Fsvg%3E\" data-srcset=\"https:\/\/kvns.be\/wp-content\/uploads\/2026\/01\/Voorgevel-en-zijwegen--200x138.jpg 200w, https:\/\/kvns.be\/wp-content\/uploads\/2026\/01\/Voorgevel-en-zijwegen--400x275.jpg 400w, https:\/\/kvns.be\/wp-content\/uploads\/2026\/01\/Voorgevel-en-zijwegen-.jpg 567w\" data-sizes=\"auto\" data-orig-sizes=\"(max-width: 1024px) 100vw, (max-width: 640px) 100vw, 567px\" \/><\/span><\/div><div class=\"fusion-text fusion-text-25\" style=\"--awb-content-alignment:center;--awb-font-size:12px;--awb-margin-top:10px;\"><p><em>&#8220;De voorgevel en zijwegen zijn geplaatst. (\u00a9 Patrick Goossens)&#8221;<\/em><\/p>\n<\/div><\/div><\/div><\/div><\/div><div class=\"fusion-fullwidth fullwidth-box fusion-builder-row-8 fusion-flex-container has-pattern-background has-mask-background nonhundred-percent-fullwidth non-hundred-percent-height-scrolling\" style=\"--awb-border-radius-top-left:0px;--awb-border-radius-top-right:0px;--awb-border-radius-bottom-right:0px;--awb-border-radius-bottom-left:0px;--awb-flex-wrap:wrap;\" ><div class=\"fusion-builder-row fusion-row fusion-flex-align-items-flex-start fusion-flex-content-wrap\" style=\"max-width:1216.8px;margin-left: calc(-4% \/ 2 );margin-right: calc(-4% \/ 2 );\"><div class=\"fusion-layout-column fusion_builder_column fusion-builder-column-22 fusion_builder_column_1_2 1_2 fusion-flex-column\" style=\"--awb-bg-size:cover;--awb-width-large:50%;--awb-margin-top-large:0px;--awb-spacing-right-large:3.84%;--awb-margin-bottom-large:20px;--awb-spacing-left-large:3.84%;--awb-width-medium:100%;--awb-order-medium:0;--awb-spacing-right-medium:1.92%;--awb-spacing-left-medium:1.92%;--awb-width-small:100%;--awb-order-small:0;--awb-spacing-right-small:1.92%;--awb-spacing-left-small:1.92%;\"><div class=\"fusion-column-wrapper fusion-column-has-shadow fusion-flex-justify-content-flex-start fusion-content-layout-column\"><div class=\"fusion-image-element \" style=\"text-align:center;--awb-caption-title-font-family:var(--h2_typography-font-family);--awb-caption-title-font-weight:var(--h2_typography-font-weight);--awb-caption-title-font-style:var(--h2_typography-font-style);--awb-caption-title-size:var(--h2_typography-font-size);--awb-caption-title-transform:var(--h2_typography-text-transform);--awb-caption-title-line-height:var(--h2_typography-line-height);--awb-caption-title-letter-spacing:var(--h2_typography-letter-spacing);\"><span class=\" fusion-imageframe imageframe-none imageframe-14 hover-type-none\" style=\"border:1px solid #b5b5b5;\"><img decoding=\"async\" width=\"585\" height=\"390\" title=\"Molenas met de beide wielen en gietijzeren askop\" src=\"https:\/\/kvns.be\/wp-content\/uploads\/2026\/01\/Molenas-met-de-beide-wielen-en-gietijzeren-askop-.jpg\" data-orig-src=\"https:\/\/kvns.be\/wp-content\/uploads\/2026\/01\/Molenas-met-de-beide-wielen-en-gietijzeren-askop-.jpg\" alt class=\"lazyload img-responsive wp-image-2307\" srcset=\"data:image\/svg+xml,%3Csvg%20xmlns%3D%27http%3A%2F%2Fwww.w3.org%2F2000%2Fsvg%27%20width%3D%27585%27%20height%3D%27390%27%20viewBox%3D%270%200%20585%20390%27%3E%3Crect%20width%3D%27585%27%20height%3D%27390%27%20fill-opacity%3D%220%22%2F%3E%3C%2Fsvg%3E\" data-srcset=\"https:\/\/kvns.be\/wp-content\/uploads\/2026\/01\/Molenas-met-de-beide-wielen-en-gietijzeren-askop--200x133.jpg 200w, https:\/\/kvns.be\/wp-content\/uploads\/2026\/01\/Molenas-met-de-beide-wielen-en-gietijzeren-askop--400x267.jpg 400w, https:\/\/kvns.be\/wp-content\/uploads\/2026\/01\/Molenas-met-de-beide-wielen-en-gietijzeren-askop-.jpg 585w\" data-sizes=\"auto\" data-orig-sizes=\"(max-width: 1024px) 100vw, (max-width: 640px) 100vw, 585px\" \/><\/span><\/div><div class=\"fusion-text fusion-text-26\" style=\"--awb-content-alignment:center;--awb-font-size:12px;--awb-margin-top:10px;\"><p><em>&#8220;De molenas met de beide wielen en gietijzeren askop wordt getakeld.<br \/>\n(\u00a9 Patrick Goossens)&#8221;<\/em><\/p>\n<\/div><\/div><\/div><div class=\"fusion-layout-column fusion_builder_column fusion-builder-column-23 fusion_builder_column_1_2 1_2 fusion-flex-column\" style=\"--awb-bg-size:cover;--awb-width-large:50%;--awb-margin-top-large:0px;--awb-spacing-right-large:3.84%;--awb-margin-bottom-large:20px;--awb-spacing-left-large:3.84%;--awb-width-medium:100%;--awb-order-medium:0;--awb-spacing-right-medium:1.92%;--awb-spacing-left-medium:1.92%;--awb-width-small:100%;--awb-order-small:0;--awb-spacing-right-small:1.92%;--awb-spacing-left-small:1.92%;\"><div class=\"fusion-column-wrapper fusion-column-has-shadow fusion-flex-justify-content-flex-start fusion-content-layout-column\"><div class=\"fusion-image-element \" style=\"text-align:center;--awb-caption-title-font-family:var(--h2_typography-font-family);--awb-caption-title-font-weight:var(--h2_typography-font-weight);--awb-caption-title-font-style:var(--h2_typography-font-style);--awb-caption-title-size:var(--h2_typography-font-size);--awb-caption-title-transform:var(--h2_typography-text-transform);--awb-caption-title-line-height:var(--h2_typography-line-height);--awb-caption-title-letter-spacing:var(--h2_typography-letter-spacing);\"><span class=\" fusion-imageframe imageframe-none imageframe-15 hover-type-none\" style=\"border:1px solid #b5b5b5;\"><img decoding=\"async\" width=\"566\" height=\"390\" title=\"Montage van de luias\" src=\"https:\/\/kvns.be\/wp-content\/uploads\/2026\/01\/Montage-van-de-luias.jpg\" data-orig-src=\"https:\/\/kvns.be\/wp-content\/uploads\/2026\/01\/Montage-van-de-luias.jpg\" alt class=\"lazyload img-responsive wp-image-2308\" srcset=\"data:image\/svg+xml,%3Csvg%20xmlns%3D%27http%3A%2F%2Fwww.w3.org%2F2000%2Fsvg%27%20width%3D%27566%27%20height%3D%27390%27%20viewBox%3D%270%200%20566%20390%27%3E%3Crect%20width%3D%27566%27%20height%3D%27390%27%20fill-opacity%3D%220%22%2F%3E%3C%2Fsvg%3E\" data-srcset=\"https:\/\/kvns.be\/wp-content\/uploads\/2026\/01\/Montage-van-de-luias-200x138.jpg 200w, https:\/\/kvns.be\/wp-content\/uploads\/2026\/01\/Montage-van-de-luias-400x276.jpg 400w, https:\/\/kvns.be\/wp-content\/uploads\/2026\/01\/Montage-van-de-luias.jpg 566w\" data-sizes=\"auto\" data-orig-sizes=\"(max-width: 1024px) 100vw, (max-width: 640px) 100vw, 566px\" \/><\/span><\/div><div class=\"fusion-text fusion-text-27\" style=\"--awb-content-alignment:center;--awb-font-size:12px;--awb-margin-top:10px;\"><p><em>&#8220;Montage van de luias, met op de voorgrond het gaffelwiel met ijzeren klauwen.<br \/>\n(\u00a9 Patrick Goossens)&#8221;<\/em><\/p>\n<\/div><\/div><\/div><\/div><\/div><div class=\"fusion-fullwidth fullwidth-box fusion-builder-row-9 fusion-flex-container has-pattern-background has-mask-background nonhundred-percent-fullwidth non-hundred-percent-height-scrolling\" style=\"--awb-border-radius-top-left:0px;--awb-border-radius-top-right:0px;--awb-border-radius-bottom-right:0px;--awb-border-radius-bottom-left:0px;--awb-flex-wrap:wrap;\" ><div class=\"fusion-builder-row fusion-row fusion-flex-align-items-center fusion-flex-content-wrap\" style=\"max-width:1216.8px;margin-left: calc(-4% \/ 2 );margin-right: calc(-4% \/ 2 );\"><div class=\"fusion-layout-column fusion_builder_column fusion-builder-column-24 fusion_builder_column_2_5 2_5 fusion-flex-column\" style=\"--awb-bg-size:cover;--awb-width-large:40%;--awb-margin-top-large:0px;--awb-spacing-right-large:4.8%;--awb-margin-bottom-large:20px;--awb-spacing-left-large:4.8%;--awb-width-medium:100%;--awb-order-medium:0;--awb-spacing-right-medium:1.92%;--awb-spacing-left-medium:1.92%;--awb-width-small:100%;--awb-order-small:0;--awb-spacing-right-small:1.92%;--awb-spacing-left-small:1.92%;\"><div class=\"fusion-column-wrapper fusion-column-has-shadow fusion-flex-justify-content-flex-start fusion-content-layout-column\"><div class=\"fusion-image-element \" style=\"text-align:center;--awb-caption-title-font-family:var(--h2_typography-font-family);--awb-caption-title-font-weight:var(--h2_typography-font-weight);--awb-caption-title-font-style:var(--h2_typography-font-style);--awb-caption-title-size:var(--h2_typography-font-size);--awb-caption-title-transform:var(--h2_typography-text-transform);--awb-caption-title-line-height:var(--h2_typography-line-height);--awb-caption-title-letter-spacing:var(--h2_typography-letter-spacing);\"><span class=\" fusion-imageframe imageframe-none imageframe-16 hover-type-none\" style=\"border:1px solid #b5b5b5;\"><img decoding=\"async\" width=\"416\" height=\"285\" title=\"Molenstenen op hun plaats\" src=\"https:\/\/kvns.be\/wp-content\/uploads\/2026\/01\/Molenstenen-op-hun-plaats.jpg\" data-orig-src=\"https:\/\/kvns.be\/wp-content\/uploads\/2026\/01\/Molenstenen-op-hun-plaats.jpg\" alt class=\"lazyload img-responsive wp-image-2311\" srcset=\"data:image\/svg+xml,%3Csvg%20xmlns%3D%27http%3A%2F%2Fwww.w3.org%2F2000%2Fsvg%27%20width%3D%27416%27%20height%3D%27285%27%20viewBox%3D%270%200%20416%20285%27%3E%3Crect%20width%3D%27416%27%20height%3D%27285%27%20fill-opacity%3D%220%22%2F%3E%3C%2Fsvg%3E\" data-srcset=\"https:\/\/kvns.be\/wp-content\/uploads\/2026\/01\/Molenstenen-op-hun-plaats-200x137.jpg 200w, https:\/\/kvns.be\/wp-content\/uploads\/2026\/01\/Molenstenen-op-hun-plaats-400x274.jpg 400w, https:\/\/kvns.be\/wp-content\/uploads\/2026\/01\/Molenstenen-op-hun-plaats.jpg 416w\" data-sizes=\"auto\" data-orig-sizes=\"(max-width: 1024px) 100vw, (max-width: 640px) 100vw, 416px\" \/><\/span><\/div><div class=\"fusion-text fusion-text-28\" style=\"--awb-content-alignment:center;--awb-font-size:12px;--awb-margin-top:10px;\"><p><em>&#8220;De molenstenen worden op hun plaats getakeld.<br \/>\n(\u00a9 Patrick Goossens)&#8221;<\/em><\/p>\n<\/div><div class=\"fusion-image-element \" style=\"text-align:center;--awb-caption-title-font-family:var(--h2_typography-font-family);--awb-caption-title-font-weight:var(--h2_typography-font-weight);--awb-caption-title-font-style:var(--h2_typography-font-style);--awb-caption-title-size:var(--h2_typography-font-size);--awb-caption-title-transform:var(--h2_typography-text-transform);--awb-caption-title-line-height:var(--h2_typography-line-height);--awb-caption-title-letter-spacing:var(--h2_typography-letter-spacing);\"><span class=\" fusion-imageframe imageframe-none imageframe-17 hover-type-none\" style=\"border:1px solid #b5b5b5;\"><img decoding=\"async\" width=\"416\" height=\"285\" title=\"De steenzolder\" src=\"https:\/\/kvns.be\/wp-content\/uploads\/2026\/01\/De-steenzolder.jpg\" data-orig-src=\"https:\/\/kvns.be\/wp-content\/uploads\/2026\/01\/De-steenzolder.jpg\" alt class=\"lazyload img-responsive wp-image-2312\" srcset=\"data:image\/svg+xml,%3Csvg%20xmlns%3D%27http%3A%2F%2Fwww.w3.org%2F2000%2Fsvg%27%20width%3D%27416%27%20height%3D%27285%27%20viewBox%3D%270%200%20416%20285%27%3E%3Crect%20width%3D%27416%27%20height%3D%27285%27%20fill-opacity%3D%220%22%2F%3E%3C%2Fsvg%3E\" data-srcset=\"https:\/\/kvns.be\/wp-content\/uploads\/2026\/01\/De-steenzolder-200x137.jpg 200w, https:\/\/kvns.be\/wp-content\/uploads\/2026\/01\/De-steenzolder-400x274.jpg 400w, https:\/\/kvns.be\/wp-content\/uploads\/2026\/01\/De-steenzolder.jpg 416w\" data-sizes=\"auto\" data-orig-sizes=\"(max-width: 1024px) 100vw, (max-width: 640px) 100vw, 416px\" \/><\/span><\/div><div class=\"fusion-text fusion-text-29\" style=\"--awb-content-alignment:center;--awb-font-size:12px;--awb-margin-top:10px;\"><p><em>&#8220;De steenzolder.<br \/>\n(\u00a9 Patrick Goossens)&#8221;<\/em><\/p>\n<\/div><\/div><\/div><div class=\"fusion-layout-column fusion_builder_column fusion-builder-column-25 fusion_builder_column_3_5 3_5 fusion-flex-column\" style=\"--awb-bg-size:cover;--awb-width-large:60%;--awb-margin-top-large:0px;--awb-spacing-right-large:3.2%;--awb-margin-bottom-large:20px;--awb-spacing-left-large:3.2%;--awb-width-medium:100%;--awb-order-medium:0;--awb-spacing-right-medium:1.92%;--awb-spacing-left-medium:1.92%;--awb-width-small:100%;--awb-order-small:0;--awb-spacing-right-small:1.92%;--awb-spacing-left-small:1.92%;\"><div class=\"fusion-column-wrapper fusion-column-has-shadow fusion-flex-justify-content-flex-start fusion-content-layout-column\"><div class=\"fusion-text fusion-text-30\"><p>De staak kon worden behouden, mits herstelling van de klauwen en de nok, en werd voorzien van nieuwe kruisplaten en buitenbanden. De degelijkheid van de staak werd met een resis\u00adtograaf onderzocht. De binnenbanden konden behouden blijven. De 5 m lange eiken molenas moest vervangen worden, zij het met herge\u00adbruik van de gietijzeren askop, die eertijds werd vervaardigd door Van Aerschot in Herentals. De stalen roeden werden vervangen en opnieuw met klinknagels samengesteld zoals de originele en voorzien van nieuw hekwerk en nieuwe windborden. De lengte van de roeden bedraagt circa 24,80 m en zijn van het type Verhaeghe. Aan de toppen bedraagt de sectie 12,5 x 16 cm, aan de askop 30 x 40 cm. De wielen werden groten\u00addeels vernieuwd. Het vangwiel heeft een diameter van 3,20 m en telt 68 kammen. Het voorwiel heeft een diameter van 2,62 m en telt 59 kammen. De rondsels zijn voorzien van pokhouten en haagbeuken spillen. Pokhout is een duurzame maar ook zeer dure houtsoort. De eiken schijven van de rondsels en een deel van de spillen in haagbeuk werden wel vervangen.<\/p>\n<p>Typisch aan dit model van molen is het molenkot dat \u00e9\u00e9n geheel vormt met de teerlingen, volledig in baksteen opgebouwd. Dit geheel was al in maart 2024 voltooid, om voldoende te drogen vooraleer drie maanden later de molen op de teerlingen werd opgebouwd. Achtereenvolgens werden de teerlingblokken, de kruisplaten, de staak of standaard met de zetel en de steekbanden geplaatst.&nbsp;<\/p>\n<\/div><\/div><\/div><\/div><\/div><div class=\"fusion-fullwidth fullwidth-box fusion-builder-row-10 fusion-flex-container has-pattern-background has-mask-background nonhundred-percent-fullwidth non-hundred-percent-height-scrolling\" style=\"--awb-border-radius-top-left:0px;--awb-border-radius-top-right:0px;--awb-border-radius-bottom-right:0px;--awb-border-radius-bottom-left:0px;--awb-flex-wrap:wrap;\" ><div class=\"fusion-builder-row fusion-row fusion-flex-align-items-flex-start fusion-flex-content-wrap\" style=\"max-width:1216.8px;margin-left: calc(-4% \/ 2 );margin-right: calc(-4% \/ 2 );\"><div class=\"fusion-layout-column fusion_builder_column fusion-builder-column-26 fusion_builder_column_1_2 1_2 fusion-flex-column\" style=\"--awb-bg-size:cover;--awb-width-large:50%;--awb-margin-top-large:0px;--awb-spacing-right-large:3.84%;--awb-margin-bottom-large:20px;--awb-spacing-left-large:3.84%;--awb-width-medium:100%;--awb-order-medium:0;--awb-spacing-right-medium:1.92%;--awb-spacing-left-medium:1.92%;--awb-width-small:100%;--awb-order-small:0;--awb-spacing-right-small:1.92%;--awb-spacing-left-small:1.92%;\"><div class=\"fusion-column-wrapper fusion-column-has-shadow fusion-flex-justify-content-flex-start fusion-content-layout-column\"><div class=\"fusion-image-element \" style=\"text-align:center;--awb-caption-title-font-family:var(--h2_typography-font-family);--awb-caption-title-font-weight:var(--h2_typography-font-weight);--awb-caption-title-font-style:var(--h2_typography-font-style);--awb-caption-title-size:var(--h2_typography-font-size);--awb-caption-title-transform:var(--h2_typography-text-transform);--awb-caption-title-line-height:var(--h2_typography-line-height);--awb-caption-title-letter-spacing:var(--h2_typography-letter-spacing);\"><span class=\" fusion-imageframe imageframe-none imageframe-18 hover-type-none\" style=\"border:1px solid #b5b5b5;\"><img decoding=\"async\" width=\"516\" height=\"354\" title=\"Gebogen dak en het luikapje,\" src=\"https:\/\/kvns.be\/wp-content\/uploads\/2026\/01\/Gebogen-dak-en-het-luikapje.jpg\" data-orig-src=\"https:\/\/kvns.be\/wp-content\/uploads\/2026\/01\/Gebogen-dak-en-het-luikapje.jpg\" alt class=\"lazyload img-responsive wp-image-2315\" srcset=\"data:image\/svg+xml,%3Csvg%20xmlns%3D%27http%3A%2F%2Fwww.w3.org%2F2000%2Fsvg%27%20width%3D%27516%27%20height%3D%27354%27%20viewBox%3D%270%200%20516%20354%27%3E%3Crect%20width%3D%27516%27%20height%3D%27354%27%20fill-opacity%3D%220%22%2F%3E%3C%2Fsvg%3E\" data-srcset=\"https:\/\/kvns.be\/wp-content\/uploads\/2026\/01\/Gebogen-dak-en-het-luikapje-200x137.jpg 200w, https:\/\/kvns.be\/wp-content\/uploads\/2026\/01\/Gebogen-dak-en-het-luikapje-400x274.jpg 400w, https:\/\/kvns.be\/wp-content\/uploads\/2026\/01\/Gebogen-dak-en-het-luikapje.jpg 516w\" data-sizes=\"auto\" data-orig-sizes=\"(max-width: 1024px) 100vw, (max-width: 640px) 100vw, 516px\" \/><\/span><\/div><div class=\"fusion-text fusion-text-31\" style=\"--awb-content-alignment:center;--awb-font-size:12px;--awb-margin-top:10px;\"><p><em>&#8220;Het gebogen dak en het luikapje, bedekt met eiken leien, en de windvaan<br \/>\nmet datum van voltooiing: 2024 (\u00a9 Patrick Goossens)&#8221;<\/em><\/p>\n<\/div><\/div><\/div><div class=\"fusion-layout-column fusion_builder_column fusion-builder-column-27 fusion_builder_column_1_2 1_2 fusion-flex-column\" style=\"--awb-bg-size:cover;--awb-width-large:50%;--awb-margin-top-large:0px;--awb-spacing-right-large:3.84%;--awb-margin-bottom-large:20px;--awb-spacing-left-large:3.84%;--awb-width-medium:100%;--awb-order-medium:0;--awb-spacing-right-medium:1.92%;--awb-spacing-left-medium:1.92%;--awb-width-small:100%;--awb-order-small:0;--awb-spacing-right-small:1.92%;--awb-spacing-left-small:1.92%;\"><div class=\"fusion-column-wrapper fusion-column-has-shadow fusion-flex-justify-content-flex-start fusion-content-layout-column\"><div class=\"fusion-image-element \" style=\"text-align:center;--awb-caption-title-font-family:var(--h2_typography-font-family);--awb-caption-title-font-weight:var(--h2_typography-font-weight);--awb-caption-title-font-style:var(--h2_typography-font-style);--awb-caption-title-size:var(--h2_typography-font-size);--awb-caption-title-transform:var(--h2_typography-text-transform);--awb-caption-title-line-height:var(--h2_typography-line-height);--awb-caption-title-letter-spacing:var(--h2_typography-letter-spacing);\"><span class=\" fusion-imageframe imageframe-none imageframe-19 hover-type-none\" style=\"border:1px solid #b5b5b5;\"><img decoding=\"async\" width=\"393\" height=\"355\" title=\"Staak met oplegstuk\" src=\"https:\/\/kvns.be\/wp-content\/uploads\/2026\/01\/Staak-met-oplegstuk.jpg\" data-orig-src=\"https:\/\/kvns.be\/wp-content\/uploads\/2026\/01\/Staak-met-oplegstuk.jpg\" alt class=\"lazyload img-responsive wp-image-2316\" srcset=\"data:image\/svg+xml,%3Csvg%20xmlns%3D%27http%3A%2F%2Fwww.w3.org%2F2000%2Fsvg%27%20width%3D%27393%27%20height%3D%27355%27%20viewBox%3D%270%200%20393%20355%27%3E%3Crect%20width%3D%27393%27%20height%3D%27355%27%20fill-opacity%3D%220%22%2F%3E%3C%2Fsvg%3E\" data-srcset=\"https:\/\/kvns.be\/wp-content\/uploads\/2026\/01\/Staak-met-oplegstuk-200x181.jpg 200w, https:\/\/kvns.be\/wp-content\/uploads\/2026\/01\/Staak-met-oplegstuk.jpg 393w\" data-sizes=\"auto\" data-orig-sizes=\"(max-width: 1024px) 100vw, (max-width: 640px) 100vw, 393px\" \/><\/span><\/div><div class=\"fusion-text fusion-text-32\" style=\"--awb-content-alignment:center;--awb-font-size:12px;--awb-margin-top:10px;\"><p><em>&#8220;Het plaatsen van de staak met oplegstuk, doorheen de trap<br \/>\n(\u00a9 Patrick Goossens)&#8221;<\/em><\/p>\n<\/div><\/div><\/div><\/div><\/div><div class=\"fusion-fullwidth fullwidth-box fusion-builder-row-11 fusion-flex-container has-pattern-background has-mask-background nonhundred-percent-fullwidth non-hundred-percent-height-scrolling\" style=\"--awb-border-radius-top-left:0px;--awb-border-radius-top-right:0px;--awb-border-radius-bottom-right:0px;--awb-border-radius-bottom-left:0px;--awb-flex-wrap:wrap;\" ><div class=\"fusion-builder-row fusion-row fusion-flex-align-items-flex-start fusion-flex-content-wrap\" style=\"max-width:1216.8px;margin-left: calc(-4% \/ 2 );margin-right: calc(-4% \/ 2 );\"><div class=\"fusion-layout-column fusion_builder_column fusion-builder-column-28 fusion_builder_column_1_1 1_1 fusion-flex-column\" style=\"--awb-bg-size:cover;--awb-width-large:100%;--awb-margin-top-large:0px;--awb-spacing-right-large:1.92%;--awb-margin-bottom-large:20px;--awb-spacing-left-large:1.92%;--awb-width-medium:100%;--awb-order-medium:0;--awb-spacing-right-medium:1.92%;--awb-spacing-left-medium:1.92%;--awb-width-small:100%;--awb-order-small:0;--awb-spacing-right-small:1.92%;--awb-spacing-left-small:1.92%;\"><div class=\"fusion-column-wrapper fusion-column-has-shadow fusion-flex-justify-content-flex-start fusion-content-layout-column\"><div class=\"fusion-text fusion-text-33\"><p>Na het aanbrengen van de lange en korte berriebalken en de 4,50 m lange steenbalk met brasem (boezem) op de top van de standaard, richtte de aannemer de molenkast op, met opeen\u00advolgend de linkerzijweeg, de rechterzijweeg, de voorgevel (trapgevel) en de windveeg met de baard of voorschoot. De hoekstijlen, daklijsten, de stefelbalk en de bovenbalk werden met trekbalk\u00adverbindingen aan elkaar verbonden. Het is een zogenaamde kortgerokte molenkast. De afmetingen ervan bedragen 4,27 x 5,95 x 6,20 m. De wanden zijn aan de buitenzijde afgewerkt met een beplanking in lariks en vervolgens geschilderd. Het voordeel van lariks is dat het heel weerbestendig is en zelfs zonder afwer\u00adkingsslagen nog lange tijd aan regen en wind kan weerstaan. Alvorens de kast aan de boven\u00adzijde werd gesloten, werden de molenstenen op hun plaats gebracht. Die zijn bekapt volgens een waaiervormig motief, hetgeen het malen bevorderd. Daarna volgde het nieuwe achterkeu\u00adveleinde op de nieuwe windpeluw, om vervolgens de nieuwe molenas, de nieuwe aswielen (vangwiel en voorwiel) en de behouden gietijzeren askop tot op hun plaats te takelen. Het vangwiel was volledig aan vervanging toe, met inbegrip van de decora\u00adtieve hoekstukken. Op basis van oude foto\u2019s en nog \u00e9\u00e9n overgebleven, beschadigd exemplaar werden ook de hoekstukken gereconstrueerd. Het oude vangwiel wordt als getuige bewaard.<\/p>\n<p>Het molendak bestaat uit fraaie, gebogen dakspanten en een voor-en achterkeuveleinde, een beplanking en een eikenhouten schalie-bedekking. Tussenin werd de nieuwe luias met het luiwiel en het oude gaffelwiel, met ijzeren klauwen, aangebracht. Ten slotte werd het luikapje, eveneens met schaliebedekking, gemonteerd. De trap en de staart werden volledig vervangen.<\/p>\n<p>De haverpletter werd weer operationeel gemaakt en voorzien van een uitschakelbare aandrijving op de steenzolder. De wanmolen, die eveneens in het beheersplan wordt beschreven, stond in het molenkot en werd er opnieuw opgesteld. De plaatsing en het uitbalanceren van de ijzeren roeden was eveneens een delicaat werk.<\/p>\n<p>De zeilen bestaan uit 100% polyacryl, om uv-bestendig en zeer duurzaam te zijn. Ze zijn roodkleurig. Dit brengt ons op de kleuren van het schilderwerk: de roeden zijn glanzend zwart geschilderd, de askop is rood met een witte omranding, de trekkers, de windwijzer, de knuppelbanden, enzovoort zijn zwart. De kasbe\u00adplanking is lichtgrijs met een witte omranding. De deuren zijn lichtgrijs, evenals de beplanking rond&nbsp;de askop.&nbsp;<\/p>\n<\/div><\/div><\/div><div class=\"fusion-layout-column fusion_builder_column fusion-builder-column-29 fusion_builder_column_1_3 1_3 fusion-flex-column\" style=\"--awb-bg-size:cover;--awb-width-large:33.333333333333%;--awb-margin-top-large:0px;--awb-spacing-right-large:5.76%;--awb-margin-bottom-large:20px;--awb-spacing-left-large:5.76%;--awb-width-medium:100%;--awb-order-medium:0;--awb-spacing-right-medium:1.92%;--awb-spacing-left-medium:1.92%;--awb-width-small:100%;--awb-order-small:0;--awb-spacing-right-small:1.92%;--awb-spacing-left-small:1.92%;\"><div class=\"fusion-column-wrapper fusion-column-has-shadow fusion-flex-justify-content-flex-start fusion-content-layout-column\"><div class=\"fusion-image-element \" style=\"--awb-caption-title-font-family:var(--h2_typography-font-family);--awb-caption-title-font-weight:var(--h2_typography-font-weight);--awb-caption-title-font-style:var(--h2_typography-font-style);--awb-caption-title-size:var(--h2_typography-font-size);--awb-caption-title-transform:var(--h2_typography-text-transform);--awb-caption-title-line-height:var(--h2_typography-line-height);--awb-caption-title-letter-spacing:var(--h2_typography-letter-spacing);\"><span class=\" fusion-imageframe imageframe-none imageframe-20 hover-type-none\" style=\"border:1px solid #b5b5b5;\"><img decoding=\"async\" width=\"417\" height=\"278\" title=\"Vlaams Centrum voor Molinologie in de molenberg\" src=\"https:\/\/kvns.be\/wp-content\/uploads\/2026\/01\/Vlaams-Centrum-voor-Molinologie-in-de-molenberg.jpg\" data-orig-src=\"https:\/\/kvns.be\/wp-content\/uploads\/2026\/01\/Vlaams-Centrum-voor-Molinologie-in-de-molenberg.jpg\" alt class=\"lazyload img-responsive wp-image-2340\" srcset=\"data:image\/svg+xml,%3Csvg%20xmlns%3D%27http%3A%2F%2Fwww.w3.org%2F2000%2Fsvg%27%20width%3D%27417%27%20height%3D%27278%27%20viewBox%3D%270%200%20417%20278%27%3E%3Crect%20width%3D%27417%27%20height%3D%27278%27%20fill-opacity%3D%220%22%2F%3E%3C%2Fsvg%3E\" data-srcset=\"https:\/\/kvns.be\/wp-content\/uploads\/2026\/01\/Vlaams-Centrum-voor-Molinologie-in-de-molenberg-200x133.jpg 200w, https:\/\/kvns.be\/wp-content\/uploads\/2026\/01\/Vlaams-Centrum-voor-Molinologie-in-de-molenberg-400x267.jpg 400w, https:\/\/kvns.be\/wp-content\/uploads\/2026\/01\/Vlaams-Centrum-voor-Molinologie-in-de-molenberg.jpg 417w\" data-sizes=\"auto\" data-orig-sizes=\"(max-width: 1024px) 100vw, (max-width: 640px) 100vw, 400px\" \/><\/span><\/div><div class=\"fusion-text fusion-text-34\" style=\"--awb-content-alignment:center;--awb-font-size:12px;--awb-margin-top:10px;\"><p><em>&#8220;Overzichtsfoto van de werf met op de voorgrond de ramen van het Vlaams Centrum voor Molinologie in de molenberg. (\u00a9 Patrick Goossens)&#8221;<\/em><\/p>\n<\/div><\/div><\/div><div class=\"fusion-layout-column fusion_builder_column fusion-builder-column-30 fusion_builder_column_1_3 1_3 fusion-flex-column\" style=\"--awb-bg-size:cover;--awb-width-large:33.333333333333%;--awb-margin-top-large:0px;--awb-spacing-right-large:5.76%;--awb-margin-bottom-large:20px;--awb-spacing-left-large:5.76%;--awb-width-medium:100%;--awb-order-medium:0;--awb-spacing-right-medium:1.92%;--awb-spacing-left-medium:1.92%;--awb-width-small:100%;--awb-order-small:0;--awb-spacing-right-small:1.92%;--awb-spacing-left-small:1.92%;\"><div class=\"fusion-column-wrapper fusion-column-has-shadow fusion-flex-justify-content-flex-start fusion-content-layout-column\"><div class=\"fusion-image-element \" style=\"--awb-caption-title-font-family:var(--h2_typography-font-family);--awb-caption-title-font-weight:var(--h2_typography-font-weight);--awb-caption-title-font-style:var(--h2_typography-font-style);--awb-caption-title-size:var(--h2_typography-font-size);--awb-caption-title-transform:var(--h2_typography-text-transform);--awb-caption-title-line-height:var(--h2_typography-line-height);--awb-caption-title-letter-spacing:var(--h2_typography-letter-spacing);\"><span class=\" fusion-imageframe imageframe-none imageframe-21 hover-type-none\" style=\"border:1px solid #b5b5b5;\"><img decoding=\"async\" width=\"416\" height=\"278\" title=\"Het atelier van Molenbouw Adriaens 1\" src=\"https:\/\/kvns.be\/wp-content\/uploads\/2026\/01\/Het-atelier-van-Molenbouw-Adriaens-1.jpg\" data-orig-src=\"https:\/\/kvns.be\/wp-content\/uploads\/2026\/01\/Het-atelier-van-Molenbouw-Adriaens-1.jpg\" alt class=\"lazyload img-responsive wp-image-2341\" srcset=\"data:image\/svg+xml,%3Csvg%20xmlns%3D%27http%3A%2F%2Fwww.w3.org%2F2000%2Fsvg%27%20width%3D%27416%27%20height%3D%27278%27%20viewBox%3D%270%200%20416%20278%27%3E%3Crect%20width%3D%27416%27%20height%3D%27278%27%20fill-opacity%3D%220%22%2F%3E%3C%2Fsvg%3E\" data-srcset=\"https:\/\/kvns.be\/wp-content\/uploads\/2026\/01\/Het-atelier-van-Molenbouw-Adriaens-1-200x134.jpg 200w, https:\/\/kvns.be\/wp-content\/uploads\/2026\/01\/Het-atelier-van-Molenbouw-Adriaens-1-400x267.jpg 400w, https:\/\/kvns.be\/wp-content\/uploads\/2026\/01\/Het-atelier-van-Molenbouw-Adriaens-1.jpg 416w\" data-sizes=\"auto\" data-orig-sizes=\"(max-width: 1024px) 100vw, (max-width: 640px) 100vw, 400px\" \/><\/span><\/div><div class=\"fusion-text fusion-text-35\" style=\"--awb-content-alignment:center;--awb-font-size:12px;--awb-margin-top:10px;\"><p><em>&#8220;Het atelier van Molenbouw Adriaens bv in Weert met op de voorgrond het oude vangwiel en rechts de molenas met de nieuwe voor- en vangwielen. (\u00a9 Patrick Goossens)&#8221;<\/em><\/p>\n<\/div><\/div><\/div><div class=\"fusion-layout-column fusion_builder_column fusion-builder-column-31 fusion_builder_column_1_3 1_3 fusion-flex-column\" style=\"--awb-bg-size:cover;--awb-width-large:33.333333333333%;--awb-margin-top-large:0px;--awb-spacing-right-large:5.76%;--awb-margin-bottom-large:20px;--awb-spacing-left-large:5.76%;--awb-width-medium:100%;--awb-order-medium:0;--awb-spacing-right-medium:1.92%;--awb-spacing-left-medium:1.92%;--awb-width-small:100%;--awb-order-small:0;--awb-spacing-right-small:1.92%;--awb-spacing-left-small:1.92%;\"><div class=\"fusion-column-wrapper fusion-column-has-shadow fusion-flex-justify-content-flex-start fusion-content-layout-column\"><div class=\"fusion-image-element \" style=\"--awb-caption-title-font-family:var(--h2_typography-font-family);--awb-caption-title-font-weight:var(--h2_typography-font-weight);--awb-caption-title-font-style:var(--h2_typography-font-style);--awb-caption-title-size:var(--h2_typography-font-size);--awb-caption-title-transform:var(--h2_typography-text-transform);--awb-caption-title-line-height:var(--h2_typography-line-height);--awb-caption-title-letter-spacing:var(--h2_typography-letter-spacing);\"><span class=\" fusion-imageframe imageframe-none imageframe-22 hover-type-none\" style=\"border:1px solid #b5b5b5;\"><img decoding=\"async\" width=\"416\" height=\"278\" title=\"Het atelier van Molenbouw Adriaens 2\" src=\"https:\/\/kvns.be\/wp-content\/uploads\/2026\/01\/Het-atelier-van-Molenbouw-Adriaens-2.jpg\" data-orig-src=\"https:\/\/kvns.be\/wp-content\/uploads\/2026\/01\/Het-atelier-van-Molenbouw-Adriaens-2.jpg\" alt class=\"lazyload img-responsive wp-image-2342\" srcset=\"data:image\/svg+xml,%3Csvg%20xmlns%3D%27http%3A%2F%2Fwww.w3.org%2F2000%2Fsvg%27%20width%3D%27416%27%20height%3D%27278%27%20viewBox%3D%270%200%20416%20278%27%3E%3Crect%20width%3D%27416%27%20height%3D%27278%27%20fill-opacity%3D%220%22%2F%3E%3C%2Fsvg%3E\" data-srcset=\"https:\/\/kvns.be\/wp-content\/uploads\/2026\/01\/Het-atelier-van-Molenbouw-Adriaens-2-200x134.jpg 200w, https:\/\/kvns.be\/wp-content\/uploads\/2026\/01\/Het-atelier-van-Molenbouw-Adriaens-2-400x267.jpg 400w, https:\/\/kvns.be\/wp-content\/uploads\/2026\/01\/Het-atelier-van-Molenbouw-Adriaens-2.jpg 416w\" data-sizes=\"auto\" data-orig-sizes=\"(max-width: 1024px) 100vw, (max-width: 640px) 100vw, 400px\" \/><\/span><\/div><div class=\"fusion-text fusion-text-36\" style=\"--awb-content-alignment:center;--awb-font-size:12px;--awb-margin-top:10px;\"><p><em>&#8220;De werkzaamheden in het atelier van Molenbouw Adriaens bv met op de voorgrond het nieuwe voorwiel en nieuwe vangwiel. Eronder ligt het oude vangwiel, dat moest worden vernieuwd. (\u00a9 Patrick Goossens)&#8221;<\/em><\/p>\n<\/div><\/div><\/div><\/div><\/div><div class=\"fusion-fullwidth fullwidth-box fusion-builder-row-12 fusion-flex-container has-pattern-background has-mask-background nonhundred-percent-fullwidth non-hundred-percent-height-scrolling\" style=\"--awb-border-radius-top-left:0px;--awb-border-radius-top-right:0px;--awb-border-radius-bottom-right:0px;--awb-border-radius-bottom-left:0px;--awb-flex-wrap:wrap;\" ><div class=\"fusion-builder-row fusion-row fusion-flex-align-items-flex-start fusion-flex-content-wrap\" style=\"max-width:1216.8px;margin-left: calc(-4% \/ 2 );margin-right: calc(-4% \/ 2 );\"><div class=\"fusion-layout-column fusion_builder_column fusion-builder-column-32 fusion_builder_column_1_1 1_1 fusion-flex-column\" style=\"--awb-bg-size:cover;--awb-width-large:100%;--awb-margin-top-large:0px;--awb-spacing-right-large:1.92%;--awb-margin-bottom-large:20px;--awb-spacing-left-large:1.92%;--awb-width-medium:100%;--awb-order-medium:0;--awb-spacing-right-medium:1.92%;--awb-spacing-left-medium:1.92%;--awb-width-small:100%;--awb-order-small:0;--awb-spacing-right-small:1.92%;--awb-spacing-left-small:1.92%;\"><div class=\"fusion-column-wrapper fusion-column-has-shadow fusion-flex-justify-content-flex-start fusion-content-layout-column\"><div class=\"fusion-text fusion-text-37\"><p>De waterdeuren zijn donkergrijs. De luiasoverkapping is grijs met een witte omranding, de balustrades en de windplanken zijn wit en de buitenzomen donkergrijs. <span style=\"background-color: rgba(0, 0, 0, 0);\">De eikenhouten schalies werden gedrenkt tegen schimmel en houtworm en kregen geen bijko\u00admende afwerking zodat ze op natuurlijke wijze vergrijzen. <\/span><span style=\"background-color: rgba(0, 0, 0, 0);\">De werkzaamheden begonnen vooral met atelierwerk. In december 2024 werd de voorlopige oplevering aangevraagd. Intussen heeft de KVNS de Gansakkermolen overgedragen aan de Stichting Kempens Landschap vzw, die sinds eind februari 2025 eigenaar\/beheerder is. Drie erkende molenaars staan in voor de werking. Acht zijn in opleiding. De molen zou tegen eind mei opnieuw maalvaardig zijn.<\/span><\/p>\n<\/div><div class=\"fusion-image-element \" style=\"text-align:center;--awb-caption-title-font-family:var(--h2_typography-font-family);--awb-caption-title-font-weight:var(--h2_typography-font-weight);--awb-caption-title-font-style:var(--h2_typography-font-style);--awb-caption-title-size:var(--h2_typography-font-size);--awb-caption-title-transform:var(--h2_typography-text-transform);--awb-caption-title-line-height:var(--h2_typography-line-height);--awb-caption-title-letter-spacing:var(--h2_typography-letter-spacing);\"><span class=\" fusion-imageframe imageframe-none imageframe-23 hover-type-none\" style=\"border:1px solid #b5b5b5;\"><img decoding=\"async\" width=\"703\" height=\"1024\" title=\"De Gansakkermolen na restauratie\" src=\"https:\/\/kvns.be\/wp-content\/uploads\/2026\/01\/De-Gansakkermolen-na-restauratie.jpg\" data-orig-src=\"https:\/\/kvns.be\/wp-content\/uploads\/2026\/01\/De-Gansakkermolen-na-restauratie.jpg\" alt class=\"lazyload img-responsive wp-image-2322\" srcset=\"data:image\/svg+xml,%3Csvg%20xmlns%3D%27http%3A%2F%2Fwww.w3.org%2F2000%2Fsvg%27%20width%3D%27703%27%20height%3D%271024%27%20viewBox%3D%270%200%20703%201024%27%3E%3Crect%20width%3D%27703%27%20height%3D%271024%27%20fill-opacity%3D%220%22%2F%3E%3C%2Fsvg%3E\" data-srcset=\"https:\/\/kvns.be\/wp-content\/uploads\/2026\/01\/De-Gansakkermolen-na-restauratie-200x291.jpg 200w, https:\/\/kvns.be\/wp-content\/uploads\/2026\/01\/De-Gansakkermolen-na-restauratie-400x583.jpg 400w, https:\/\/kvns.be\/wp-content\/uploads\/2026\/01\/De-Gansakkermolen-na-restauratie-600x874.jpg 600w, https:\/\/kvns.be\/wp-content\/uploads\/2026\/01\/De-Gansakkermolen-na-restauratie.jpg 703w\" data-sizes=\"auto\" data-orig-sizes=\"(max-width: 1024px) 100vw, (max-width: 640px) 100vw, 703px\" \/><\/span><\/div><div class=\"fusion-text fusion-text-38\" style=\"--awb-content-alignment:center;--awb-font-size:12px;--awb-margin-top:10px;\"><p><em>&#8220;De Gansakkermolen na restauratie en heel binnenkort maalvaardig! (\u00a9 Patrick Goossens)&#8221;<\/em><\/p>\n<\/div><\/div><\/div><\/div><\/div><div class=\"fusion-fullwidth fullwidth-box fusion-builder-row-13 fusion-flex-container has-pattern-background has-mask-background nonhundred-percent-fullwidth non-hundred-percent-height-scrolling\" style=\"--awb-border-radius-top-left:0px;--awb-border-radius-top-right:0px;--awb-border-radius-bottom-right:0px;--awb-border-radius-bottom-left:0px;--awb-flex-wrap:wrap;\" ><div class=\"fusion-builder-row fusion-row fusion-flex-align-items-flex-start fusion-flex-content-wrap\" style=\"max-width:1216.8px;margin-left: calc(-4% \/ 2 );margin-right: calc(-4% \/ 2 );\"><div class=\"fusion-layout-column fusion_builder_column fusion-builder-column-33 fusion_builder_column_1_1 1_1 fusion-flex-column\" style=\"--awb-padding-top:20px;--awb-padding-right:20px;--awb-padding-bottom:20px;--awb-padding-left:20px;--awb-bg-color:var(--awb-custom_color_1);--awb-bg-color-hover:var(--awb-custom_color_1);--awb-bg-size:cover;--awb-border-color:var(--awb-custom_color_1);--awb-border-style:solid;--awb-width-large:100%;--awb-margin-top-large:0px;--awb-spacing-right-large:1.92%;--awb-margin-bottom-large:20px;--awb-spacing-left-large:1.92%;--awb-width-medium:100%;--awb-order-medium:0;--awb-spacing-right-medium:1.92%;--awb-spacing-left-medium:1.92%;--awb-width-small:100%;--awb-order-small:0;--awb-spacing-right-small:1.92%;--awb-spacing-left-small:1.92%;\"><div class=\"fusion-column-wrapper fusion-column-has-shadow fusion-flex-justify-content-center fusion-content-layout-column\"><div class=\"fusion-title title fusion-title-7 sep-underline sep-solid fusion-title-text fusion-title-size-two\" style=\"--awb-margin-bottom:0px;--awb-margin-top-small:0px;--awb-margin-right-small:0px;--awb-margin-bottom-small:20px;--awb-margin-left-small:0px;\"><h2 class=\"fusion-title-heading title-heading-left fusion-responsive-typography-calculated\" style=\"margin:0;--fontSize:22;--minFontSize:22;line-height:1.36;\">Pilootproject windmolens van het agentschap Onroerend Erfgoed<\/h2><\/div><div class=\"fusion-text fusion-text-39\" style=\"--awb-content-alignment:left;\"><p>Vlaanderen telt vandaag ruim 300 volledig of deels bewaarde traditionele windmolens, waarvan er 196 een beschermde status hebben (1). Deze laatste groep is uitgebreid met elf niet-beschermde windmolens, die de molenverenigingen voorstelden voor verder onderzoek tot bescherming. Het pakket is nadien in betekenisvolle groepen per regio en type opgedeeld. De beschermingen zijn per groep ge\u00ebvalueerd op basis van de erfgoedcriteria zeldzaamheid, representativiteit, ensemble, context en herkenbaarheid en een aantal bijkomende criteria die het perspectief inzake behoud beoordelen, namelijk de bouwfysische toestand, beleving, toekomst en eventueel ook maal- of draaivaardigheid en windvang. Gezien de onlosma\u00adkelijke band tussen windmolens en hun ruimere omgeving, zijn ook de traditionele landschapskenmerken, zichtrelaties en windvang in overweging genomen. Eerst herwerkte het agentschap een 300-tal molenfiches in de Inventaris Onroerend Erfgoed (2). Daarna volgde het onder\u00adzoeksrapport Tussen hemel en aarde. Een herwaardering van het windmolenerfgoed in Vlaanderen (3). Daarin komen de methodologie van de thematische evaluatie, de erfgoedwaarde van windmolens in Vlaanderen en de visie van het agentschap op de erkenning van en de omgang met dit erfgoed aan bod. Het onderzoek kwam tot stand in regelmatig overleg met de erfgoedverenigingen, in het bijzonder het Molenforum Vlaanderen en de vzw Levende Molens, de regionale landschappen, de lokale overheden en een bevraging van het brede publiek, onder andere via een online-enqu\u00eate. Het onderzoek leidde op korte termijn tot drie acties. Ten eerste het (gedeeltelijk) opheffen van de bescherming van acht windmolens en \u00e9\u00e9n molen-omgeving, het opstarten van het onderzoek in functie van de bescherming van twee molens. Ten tweede het veiligstellen van de windvang in elf molenlandschappen rond maalvaardige molens. En ten derde de verplaatsingsprocedures voor een vijftal windmolens, waaronder de Gansakkermolen, afgestemd op hun restauratie (4).<\/p>\n<\/div><div class=\"fusion-text fusion-text-40\" style=\"--awb-content-alignment:left;--awb-font-size:14px;\"><p><em>(1)&nbsp;Fotograaf Patrick Goossens brengt al vele jaren het molenerfgoed van Vlaanderen uitvoerig in beeld. Zie: [https:\/\/pbase.com\/libelletje\/molens_belgie].<\/em><br \/><em>(2)&nbsp;[https:\/\/inventaris.onroerenderfgoed.be\/].<\/em><br \/><em>(3)&nbsp;[www.onroerenderfgoed.be\/publicaties\/tussen-hemel-en-aarde-een-herwaardering-van-het-windmolenerfgoed-vlaanderen].<\/em><br \/><em>(4)&nbsp;[www.onroerenderfgoed.be\/pilootproject-windmolens]. Zie ook: THIRY Steven, Het windmolenerfgoed in Vlaanderen doorgelicht, in M&amp;L, jg. 41, nr. 4, 2022, p. 62-63, [https:\/\/menl.be\/api\/content\/downloads\/menl\/pdf\/ML2022-04-E.pdf].<\/em><\/p>\n<\/div><\/div><\/div><div class=\"fusion-layout-column fusion_builder_column fusion-builder-column-34 fusion_builder_column_1_1 1_1 fusion-flex-column\" style=\"--awb-padding-top:20px;--awb-padding-right:20px;--awb-padding-bottom:20px;--awb-padding-left:20px;--awb-bg-color:var(--awb-custom_color_1);--awb-bg-color-hover:var(--awb-custom_color_1);--awb-bg-size:cover;--awb-border-color:var(--awb-custom_color_1);--awb-border-style:solid;--awb-width-large:100%;--awb-margin-top-large:0px;--awb-spacing-right-large:1.92%;--awb-margin-bottom-large:50px;--awb-spacing-left-large:1.92%;--awb-width-medium:100%;--awb-order-medium:0;--awb-spacing-right-medium:1.92%;--awb-spacing-left-medium:1.92%;--awb-width-small:100%;--awb-order-small:0;--awb-spacing-right-small:1.92%;--awb-spacing-left-small:1.92%;\"><div class=\"fusion-column-wrapper fusion-column-has-shadow fusion-flex-justify-content-center fusion-content-layout-column\"><div class=\"fusion-title title fusion-title-8 sep-underline sep-solid fusion-title-text fusion-title-size-two\" style=\"--awb-margin-bottom:0px;--awb-margin-top-small:0px;--awb-margin-right-small:0px;--awb-margin-bottom-small:20px;--awb-margin-left-small:0px;\"><h2 class=\"fusion-title-heading title-heading-left fusion-responsive-typography-calculated\" style=\"margin:0;--fontSize:22;--minFontSize:22;line-height:1.36;\">Restauratiefiche<\/h2><\/div><div class=\"fusion-text fusion-text-41\" style=\"--awb-content-alignment:left;\"><p>Opdrachtgevers\/bouwheren van de Gansakkermolen, Molendreef 45, 2890 Puurs-Sint-Amands: Koninklijke Vereniging voor Natuur- en<br \/>Stedenschoon vzw en Stichting Kempens landschap vzw<br \/>Ontwerper: architect Patrick Vanroy bv<br \/>Hoofdaannemer: Molenbouw Adriaens Molenbouw bv, Weert (NL)<br \/>Onderaannemer: Molenbouw de Jongh bv, Veldhoven (NL)<br \/>Adviesverlenende instantie: agentschap Onroerend Erfgoed, erfgoedconsulent Leni Thiers<br \/>Datum van uitvoering: november 2023-december 2024<br \/>Totale kostprijs van de werken: \u20ac 935.774,35 euro incl. btw<br \/>Premies Vlaamse overheid: \u20ac 350.000 euro incl. btw<\/p>\n<blockquote>\n<p>Marc Peelman is ondervoorzitter en penningmeester van de KVNS en ondervoorzitter van de Vereniging voor Heemkunde in Klein-Brabant.<br \/>Hij leidde het molenproject van de KVNS van bij de aanvang.<br \/>Rutger Steenmeijer is restauratiearchitect en voorzitter van de KVNS. Hij richtte Steenmeijer architecten in Antwerpen op, dat zich vanaf 1985 volledig aan de restauratie van bouwkundig erfgoed wijdt.<\/p>\n<\/blockquote>\n<\/div><\/div><\/div><div class=\"fusion-layout-column fusion_builder_column fusion-builder-column-35 fusion_builder_column_1_2 1_2 fusion-flex-column\" style=\"--awb-padding-top:20px;--awb-padding-right:20px;--awb-padding-bottom:20px;--awb-padding-left:20px;--awb-bg-size:cover;--awb-border-color:var(--awb-custom12);--awb-border-top:1px;--awb-border-right:1px;--awb-border-bottom:1px;--awb-border-left:1px;--awb-border-style:solid;--awb-width-large:50%;--awb-margin-top-large:0px;--awb-spacing-right-large:3.84%;--awb-margin-bottom-large:20px;--awb-spacing-left-large:3.84%;--awb-width-medium:100%;--awb-order-medium:0;--awb-spacing-right-medium:1.92%;--awb-spacing-left-medium:1.92%;--awb-width-small:100%;--awb-order-small:0;--awb-spacing-right-small:1.92%;--awb-spacing-left-small:1.92%;\"><div class=\"fusion-column-wrapper fusion-column-has-shadow fusion-flex-justify-content-flex-start fusion-content-layout-column\"><div class=\"fusion-text fusion-text-42\"><p><b>Eindnoten<\/b><\/p>\n<p>(1) Gebaseerd op: Stadsarchief Geel, knipselmap Gansakker\u00admolen en De Molen van de Gansakker, Inventaris Onroerend Erfgoed, [<a href=\"https:\/\/id.erfgoed.net\/aanduidingsobjec\u00adten\/7137\" rel=\"noopener\" target=\"_blank\">https:\/\/id.erfgoed.net\/aanduidingsobjec\u00adten\/7137<\/a>].<br \/>(2) DE BONDT M., De molens van Geel, Geel, 1981, p. 25.<br \/>(3) Voor een uitgebreide beschrijving: De Molen van de Gansakker, Inventaris Onroerend Erfgoed, op. cit.<br \/>(4) IC: afkorting van Jesu (Iesu) Christi.<br \/>(5) Archief KVNS, fotorapportage B\u00f6rngraber 2003, foto 39.<br \/>(6) Frans Bakelants (1920-1991).<br \/>(7) Ruwheidscategorie: gesloten.<br \/>(8) Deze molen werd in 2007 doorverkocht aan een plaatse\u00adlijke stichting.<br \/>(9) Perceel 810C, zie: Archief KVNS, fotorapportage B\u00f6rngraber 2003.<br \/>(10) Wanden van de molenkast.<br \/>(11) VAN DEN BERGH Willy, Molen Gansakker herleeft, in Gazet van Antwerpen, 22 augustus 2007, p. 40.<br \/>(12) HOOGHE Filip, PEELMAN Marc en ROCHTUS Luc, Een nieuwe bijdrage tot de geschiedenis van de steenovens van Sint\u00adAmands-aan-de-Schelde, in Vereniging voor Heemkunde in Klein-Brabant, p. 84 e.v.<br \/>(13) Detail uit La Rivi\u00e8re Lescault van circa 1609 door hofschil\u00adder Adriaan De Montigny. Zie: OPSOMER Rik, Baasrode, Sint-Amands, Moerzeke en Hamme, in DUVOSQUEL Jean-Marie (ed.), Albums de Croij. Deel valleien van Schelde en Scarpe, Brussel, 1990, p. 212-213.<\/p>\n<\/div><\/div><\/div><div class=\"fusion-layout-column fusion_builder_column fusion-builder-column-36 fusion_builder_column_1_2 1_2 fusion-flex-column\" style=\"--awb-padding-top:20px;--awb-padding-right:20px;--awb-padding-bottom:20px;--awb-padding-left:20px;--awb-bg-size:cover;--awb-border-color:var(--awb-custom12);--awb-border-top:1px;--awb-border-right:1px;--awb-border-bottom:1px;--awb-border-left:1px;--awb-border-style:solid;--awb-width-large:50%;--awb-margin-top-large:0px;--awb-spacing-right-large:3.84%;--awb-margin-bottom-large:20px;--awb-spacing-left-large:3.84%;--awb-width-medium:100%;--awb-order-medium:0;--awb-spacing-right-medium:1.92%;--awb-spacing-left-medium:1.92%;--awb-width-small:100%;--awb-order-small:0;--awb-spacing-right-small:1.92%;--awb-spacing-left-small:1.92%;\"><div class=\"fusion-column-wrapper fusion-column-has-shadow fusion-flex-justify-content-flex-start fusion-content-layout-column\"><div class=\"fusion-text fusion-text-43\"><p>(14) Gemeentearchief Sint-Amands, resolutieboek Schepen\u00adcollege 1874-1903, zitting van 8 februari 1900; Resolutieboek Schepencollege 1903-1926, zitting van 4 februari 1904.<br \/>(15) Bouwaanvraag Bruno Callaert: zie Beheersplan Gansakkermolen, [<a href=\"https:\/\/plannen.onroerenderfgoed.be\/ plannen\/1361\" target=\"_blank\" rel=\"noopener\" data-wplink-url-error=\"true\">https:\/\/plannen.onroerenderfgoed.be\/ plannen\/1361<\/a>], goedgekeurd op 24 maart 2021, bijlage 4.<br \/><span style=\"background-color: rgba(0, 0, 0, 0);\">(16) De molen van Appelterre, de Poelbergmolen in Tielt, de Buulmolen van Olen, de Heidemolen van Malderen, de Galgenmolen in Bokrijk, een watermolen en een molen-wagen.<br \/><\/span><span style=\"background-color: rgba(0, 0, 0, 0);\">(17) Zie Beheersplan Gansakkermolen, [<a href=\"https:\/\/plannen.on\u00adroerenderfgoed.be\/plannen\/1361\" target=\"_blank\" rel=\"noopener\">https:\/\/plannen.on\u00adroerenderfgoed.be\/plannen\/1361<\/a>], goedgekeurd op 24 maart 2021, bijlage 2.<\/span><span style=\"background-color: rgba(0, 0, 0, 0);\">(18) De eerste raming bedroeg in 2020 circa \u20ac 600.000 incl. 21% btw. Het bestek was in december 2022 voltooid. Op dat ogenblik bedroeg de prijsraming \u20ac 814.104,64. Er werden twee standaardpremies toegekend, in 2022 en in 2023, voor een totaalbedrag van \u20ac 350.000. Op 21 april 2023 werd na een openbare aanbesteding \u00e9\u00e9n offerte ingediend, namelijk van Adriaens Molenbouw bv uit Weert (NL), voor een bedrag van \u20ac 773.365,50 + 21% btw. Na enkele verbeteringen aan de offerte stelde de ontwerper in het verslag van aanbesteding van 24 april 2023 voor om de opdracht aan voornoemde aannemer toe te wijzen voor een bedrag van \u20ac 935.774,35 incl. btw, hetgeen ge\u00adbeurde.<br \/><\/span><span style=\"background-color: rgba(0, 0, 0, 0);\">(19) [<a href=\"http:\/\/www.adriaensmolenbouw.nl\" target=\"_blank\" rel=\"noopener\">http:\/\/www.adriaensmolenbouw.nl<\/a>].<\/span><\/p>\n<\/div><\/div><\/div><\/div><\/div><div class=\"fusion-fullwidth fullwidth-box fusion-builder-row-14 fusion-flex-container has-pattern-background has-mask-background nonhundred-percent-fullwidth non-hundred-percent-height-scrolling\" style=\"--awb-border-radius-top-left:0px;--awb-border-radius-top-right:0px;--awb-border-radius-bottom-right:0px;--awb-border-radius-bottom-left:0px;--awb-flex-wrap:wrap;\" ><div class=\"fusion-builder-row fusion-row fusion-flex-align-items-flex-start fusion-flex-justify-content-center fusion-flex-content-wrap\" style=\"max-width:1216.8px;margin-left: calc(-4% \/ 2 );margin-right: calc(-4% \/ 2 );\"><div class=\"fusion-layout-column fusion_builder_column fusion-builder-column-37 fusion_builder_column_5_6 5_6 fusion-flex-column\" style=\"--awb-bg-size:cover;--awb-width-large:83.333333333333%;--awb-margin-top-large:0px;--awb-spacing-right-large:2.304%;--awb-margin-bottom-large:20px;--awb-spacing-left-large:2.304%;--awb-width-medium:100%;--awb-order-medium:0;--awb-spacing-right-medium:1.92%;--awb-spacing-left-medium:1.92%;--awb-width-small:100%;--awb-order-small:0;--awb-spacing-right-small:1.92%;--awb-spacing-left-small:1.92%;\"><div class=\"fusion-column-wrapper fusion-column-has-shadow fusion-flex-justify-content-flex-start fusion-content-layout-column\"><div class=\"fusion-image-element \" style=\"--awb-caption-title-font-family:var(--h2_typography-font-family);--awb-caption-title-font-weight:var(--h2_typography-font-weight);--awb-caption-title-font-style:var(--h2_typography-font-style);--awb-caption-title-size:var(--h2_typography-font-size);--awb-caption-title-transform:var(--h2_typography-text-transform);--awb-caption-title-line-height:var(--h2_typography-line-height);--awb-caption-title-letter-spacing:var(--h2_typography-letter-spacing);\"><span class=\" fusion-imageframe imageframe-none imageframe-24 hover-type-none\" style=\"border:1px solid #b5b5b5;\"><img decoding=\"async\" width=\"1200\" height=\"800\" title=\"Het Vlaams Centrum voor Molinologie ingebouwd in de molenberg\" src=\"https:\/\/kvns.be\/wp-content\/uploads\/2026\/01\/Het-Vlaams-Centrum-voor-Molinologie-ingebouwd-in-de-molenberg.jpg\" data-orig-src=\"https:\/\/kvns.be\/wp-content\/uploads\/2026\/01\/Het-Vlaams-Centrum-voor-Molinologie-ingebouwd-in-de-molenberg.jpg\" alt class=\"lazyload img-responsive wp-image-2336\" srcset=\"data:image\/svg+xml,%3Csvg%20xmlns%3D%27http%3A%2F%2Fwww.w3.org%2F2000%2Fsvg%27%20width%3D%271200%27%20height%3D%27800%27%20viewBox%3D%270%200%201200%20800%27%3E%3Crect%20width%3D%271200%27%20height%3D%27800%27%20fill-opacity%3D%220%22%2F%3E%3C%2Fsvg%3E\" data-srcset=\"https:\/\/kvns.be\/wp-content\/uploads\/2026\/01\/Het-Vlaams-Centrum-voor-Molinologie-ingebouwd-in-de-molenberg-200x133.jpg 200w, https:\/\/kvns.be\/wp-content\/uploads\/2026\/01\/Het-Vlaams-Centrum-voor-Molinologie-ingebouwd-in-de-molenberg-400x267.jpg 400w, https:\/\/kvns.be\/wp-content\/uploads\/2026\/01\/Het-Vlaams-Centrum-voor-Molinologie-ingebouwd-in-de-molenberg-600x400.jpg 600w, https:\/\/kvns.be\/wp-content\/uploads\/2026\/01\/Het-Vlaams-Centrum-voor-Molinologie-ingebouwd-in-de-molenberg-800x533.jpg 800w, https:\/\/kvns.be\/wp-content\/uploads\/2026\/01\/Het-Vlaams-Centrum-voor-Molinologie-ingebouwd-in-de-molenberg.jpg 1200w\" data-sizes=\"auto\" data-orig-sizes=\"(max-width: 1024px) 100vw, (max-width: 640px) 100vw, 1200px\" \/><\/span><\/div><div class=\"fusion-text fusion-text-44\" style=\"--awb-content-alignment:center;--awb-font-size:12px;--awb-margin-top:10px;\"><p><em>&#8220;Het Vlaams Centrum voor Molinologie ingebouwd in de molenberg, tijdens de heroprichting van de Gansakkermolen. (foto Patrick Goossens)&#8221;<\/em><\/p>\n<\/div><\/div><\/div><\/div><\/div><\/p>\n","protected":false},"excerpt":{"rendered":"","protected":false},"author":3590,"featured_media":0,"parent":576,"menu_order":0,"comment_status":"closed","ping_status":"closed","template":"100-width.php","meta":{"footnotes":""},"class_list":["post-2248","page","type-page","status-publish","hentry"],"yoast_head":"<!-- This site is optimized with the Yoast SEO plugin v27.5 - https:\/\/yoast.com\/product\/yoast-seo-wordpress\/ -->\n<title>Gansakkermolen | KVNS<\/title>\n<meta name=\"robots\" content=\"index, follow, max-snippet:-1, max-image-preview:large, max-video-preview:-1\" \/>\n<link rel=\"canonical\" href=\"https:\/\/kvns.be\/molenzorg\/gansakkermolen\/\" \/>\n<meta property=\"og:locale\" content=\"nl_NL\" \/>\n<meta property=\"og:type\" content=\"article\" \/>\n<meta property=\"og:title\" content=\"Gansakkermolen | KVNS\" \/>\n<meta property=\"og:url\" content=\"https:\/\/kvns.be\/molenzorg\/gansakkermolen\/\" \/>\n<meta property=\"og:site_name\" content=\"KVNS\" \/>\n<meta property=\"article:modified_time\" content=\"2026-01-29T13:30:09+00:00\" \/>\n<meta name=\"twitter:card\" content=\"summary_large_image\" \/>\n<meta name=\"twitter:label1\" content=\"Geschatte leestijd\" \/>\n\t<meta name=\"twitter:data1\" content=\"16 minuten\" \/>\n<script type=\"application\/ld+json\" class=\"yoast-schema-graph\">{\"@context\":\"https:\\\/\\\/schema.org\",\"@graph\":[{\"@type\":\"WebPage\",\"@id\":\"https:\\\/\\\/kvns.be\\\/molenzorg\\\/gansakkermolen\\\/\",\"url\":\"https:\\\/\\\/kvns.be\\\/molenzorg\\\/gansakkermolen\\\/\",\"name\":\"Gansakkermolen | KVNS\",\"isPartOf\":{\"@id\":\"https:\\\/\\\/kvns.be\\\/#website\"},\"datePublished\":\"2026-01-27T08:13:34+00:00\",\"dateModified\":\"2026-01-29T13:30:09+00:00\",\"breadcrumb\":{\"@id\":\"https:\\\/\\\/kvns.be\\\/molenzorg\\\/gansakkermolen\\\/#breadcrumb\"},\"inLanguage\":\"nl-NL\",\"potentialAction\":[{\"@type\":\"ReadAction\",\"target\":[\"https:\\\/\\\/kvns.be\\\/molenzorg\\\/gansakkermolen\\\/\"]}]},{\"@type\":\"BreadcrumbList\",\"@id\":\"https:\\\/\\\/kvns.be\\\/molenzorg\\\/gansakkermolen\\\/#breadcrumb\",\"itemListElement\":[{\"@type\":\"ListItem\",\"position\":1,\"name\":\"Molenzorg\",\"item\":\"https:\\\/\\\/kvns.be\\\/molenzorg\\\/\"},{\"@type\":\"ListItem\",\"position\":2,\"name\":\"Gansakkermolen\"}]},{\"@type\":\"WebSite\",\"@id\":\"https:\\\/\\\/kvns.be\\\/#website\",\"url\":\"https:\\\/\\\/kvns.be\\\/\",\"name\":\"KVNS\",\"description\":\"Koninklijke Vereniging voor Natuur- &amp; Stedenschoon\",\"publisher\":{\"@id\":\"https:\\\/\\\/kvns.be\\\/#organization\"},\"potentialAction\":[{\"@type\":\"SearchAction\",\"target\":{\"@type\":\"EntryPoint\",\"urlTemplate\":\"https:\\\/\\\/kvns.be\\\/?s={search_term_string}\"},\"query-input\":{\"@type\":\"PropertyValueSpecification\",\"valueRequired\":true,\"valueName\":\"search_term_string\"}}],\"inLanguage\":\"nl-NL\"},{\"@type\":\"Organization\",\"@id\":\"https:\\\/\\\/kvns.be\\\/#organization\",\"name\":\"KVNS\",\"url\":\"https:\\\/\\\/kvns.be\\\/\",\"logo\":{\"@type\":\"ImageObject\",\"inLanguage\":\"nl-NL\",\"@id\":\"https:\\\/\\\/kvns.be\\\/#\\\/schema\\\/logo\\\/image\\\/\",\"url\":\"https:\\\/\\\/kvns.be\\\/wp-content\\\/uploads\\\/2019\\\/07\\\/kvns_logo.jpg\",\"contentUrl\":\"https:\\\/\\\/kvns.be\\\/wp-content\\\/uploads\\\/2019\\\/07\\\/kvns_logo.jpg\",\"width\":160,\"height\":120,\"caption\":\"KVNS\"},\"image\":{\"@id\":\"https:\\\/\\\/kvns.be\\\/#\\\/schema\\\/logo\\\/image\\\/\"}}]}<\/script>\n<!-- \/ Yoast SEO plugin. -->","yoast_head_json":{"title":"Gansakkermolen | KVNS","robots":{"index":"index","follow":"follow","max-snippet":"max-snippet:-1","max-image-preview":"max-image-preview:large","max-video-preview":"max-video-preview:-1"},"canonical":"https:\/\/kvns.be\/molenzorg\/gansakkermolen\/","og_locale":"nl_NL","og_type":"article","og_title":"Gansakkermolen | KVNS","og_url":"https:\/\/kvns.be\/molenzorg\/gansakkermolen\/","og_site_name":"KVNS","article_modified_time":"2026-01-29T13:30:09+00:00","twitter_card":"summary_large_image","twitter_misc":{"Geschatte leestijd":"16 minuten"},"schema":{"@context":"https:\/\/schema.org","@graph":[{"@type":"WebPage","@id":"https:\/\/kvns.be\/molenzorg\/gansakkermolen\/","url":"https:\/\/kvns.be\/molenzorg\/gansakkermolen\/","name":"Gansakkermolen | KVNS","isPartOf":{"@id":"https:\/\/kvns.be\/#website"},"datePublished":"2026-01-27T08:13:34+00:00","dateModified":"2026-01-29T13:30:09+00:00","breadcrumb":{"@id":"https:\/\/kvns.be\/molenzorg\/gansakkermolen\/#breadcrumb"},"inLanguage":"nl-NL","potentialAction":[{"@type":"ReadAction","target":["https:\/\/kvns.be\/molenzorg\/gansakkermolen\/"]}]},{"@type":"BreadcrumbList","@id":"https:\/\/kvns.be\/molenzorg\/gansakkermolen\/#breadcrumb","itemListElement":[{"@type":"ListItem","position":1,"name":"Molenzorg","item":"https:\/\/kvns.be\/molenzorg\/"},{"@type":"ListItem","position":2,"name":"Gansakkermolen"}]},{"@type":"WebSite","@id":"https:\/\/kvns.be\/#website","url":"https:\/\/kvns.be\/","name":"KVNS","description":"Koninklijke Vereniging voor Natuur- &amp; Stedenschoon","publisher":{"@id":"https:\/\/kvns.be\/#organization"},"potentialAction":[{"@type":"SearchAction","target":{"@type":"EntryPoint","urlTemplate":"https:\/\/kvns.be\/?s={search_term_string}"},"query-input":{"@type":"PropertyValueSpecification","valueRequired":true,"valueName":"search_term_string"}}],"inLanguage":"nl-NL"},{"@type":"Organization","@id":"https:\/\/kvns.be\/#organization","name":"KVNS","url":"https:\/\/kvns.be\/","logo":{"@type":"ImageObject","inLanguage":"nl-NL","@id":"https:\/\/kvns.be\/#\/schema\/logo\/image\/","url":"https:\/\/kvns.be\/wp-content\/uploads\/2019\/07\/kvns_logo.jpg","contentUrl":"https:\/\/kvns.be\/wp-content\/uploads\/2019\/07\/kvns_logo.jpg","width":160,"height":120,"caption":"KVNS"},"image":{"@id":"https:\/\/kvns.be\/#\/schema\/logo\/image\/"}}]}},"_links":{"self":[{"href":"https:\/\/kvns.be\/wp-json\/wp\/v2\/pages\/2248","targetHints":{"allow":["GET"]}}],"collection":[{"href":"https:\/\/kvns.be\/wp-json\/wp\/v2\/pages"}],"about":[{"href":"https:\/\/kvns.be\/wp-json\/wp\/v2\/types\/page"}],"author":[{"embeddable":true,"href":"https:\/\/kvns.be\/wp-json\/wp\/v2\/users\/3590"}],"replies":[{"embeddable":true,"href":"https:\/\/kvns.be\/wp-json\/wp\/v2\/comments?post=2248"}],"version-history":[{"count":0,"href":"https:\/\/kvns.be\/wp-json\/wp\/v2\/pages\/2248\/revisions"}],"up":[{"embeddable":true,"href":"https:\/\/kvns.be\/wp-json\/wp\/v2\/pages\/576"}],"wp:attachment":[{"href":"https:\/\/kvns.be\/wp-json\/wp\/v2\/media?parent=2248"}],"curies":[{"name":"wp","href":"https:\/\/api.w.org\/{rel}","templated":true}]}}